{"id":5106,"date":"2019-11-23T10:49:31","date_gmt":"2019-11-23T10:49:31","guid":{"rendered":"https:\/\/www.monterosaportugal.com\/atividades\/yoga-e-meditacao\/"},"modified":"2022-01-18T14:25:26","modified_gmt":"2022-01-18T14:25:26","slug":"yoga-e-meditacao","status":"publish","type":"page","link":"https:\/\/www.monterosaportugal.com\/pt-pt\/atividades\/yoga-e-meditacao\/","title":{"rendered":"Yoga e Medita\u00e7\u00e3o"},"content":{"rendered":"<p>[et_pb_section fb_built=&#8221;1&#8243; fullwidth=&#8221;on&#8221; _builder_version=&#8221;3.22.3&#8243; custom_padding=&#8221;0|0px|0|0px|false|false&#8221; global_colors_info=&#8221;{}&#8221;][et_pb_fullwidth_image src=&#8221;https:\/\/www.monterosaportugal.com\/wp-content\/uploads\/2020\/01\/Yoga_breed_poes.jpg&#8221; _builder_version=&#8221;4.0.11&#8243; global_colors_info=&#8221;{}&#8221;][\/et_pb_fullwidth_image][\/et_pb_section][et_pb_section fb_built=&#8221;1&#8243; module_class=&#8221;mr-s-title c1&#8243; _builder_version=&#8221;3.22.3&#8243; z_index_tablet=&#8221;500&#8243; global_colors_info=&#8221;{}&#8221;][et_pb_row _builder_version=&#8221;3.25&#8243; z_index_tablet=&#8221;500&#8243; global_colors_info=&#8221;{}&#8221;][et_pb_column type=&#8221;4_4&#8243; _builder_version=&#8221;3.25&#8243; custom_padding=&#8221;|||&#8221; global_colors_info=&#8221;{}&#8221; custom_padding__hover=&#8221;|||&#8221;][et_pb_text admin_label=&#8221;Title&#8221; module_class=&#8221;mr-title&#8221; _builder_version=&#8221;3.27.4&#8243; text_letter_spacing=&#8221;1px&#8221; z_index_tablet=&#8221;500&#8243; inline_fonts=&#8221;Merriweather&#8221; global_colors_info=&#8221;{}&#8221;]<\/p>\n<h1>Yoga &amp; Medita\u00e7\u00e3o<\/h1>\n<p>[\/et_pb_text][et_pb_divider divider_position=&#8221;center&#8221; divider_weight=&#8221;3px&#8221; module_class=&#8221;mr-divider2&#8243; _builder_version=&#8221;3.23.4&#8243; max_width=&#8221;10%&#8221; module_alignment=&#8221;center&#8221; height=&#8221;0px&#8221; z_index_tablet=&#8221;500&#8243; global_colors_info=&#8221;{}&#8221;][\/et_pb_divider][\/et_pb_column][\/et_pb_row][\/et_pb_section][et_pb_section fb_built=&#8221;1&#8243; module_class=&#8221;mr-s-content c1&#8243; _builder_version=&#8221;3.22.4&#8243; inner_width_tablet=&#8221;50px&#8221; inner_max_width_tablet=&#8221;50px&#8221; z_index_tablet=&#8221;500&#8243; global_colors_info=&#8221;{}&#8221;][et_pb_row _builder_version=&#8221;3.25&#8243; z_index_tablet=&#8221;500&#8243; custom_width_px=&#8221;750px&#8221; global_colors_info=&#8221;{}&#8221;][et_pb_column type=&#8221;4_4&#8243; _builder_version=&#8221;3.25&#8243; custom_padding=&#8221;|||&#8221; global_colors_info=&#8221;{}&#8221; custom_padding__hover=&#8221;|||&#8221;][et_pb_team_member name=&#8221;Yoga na Casa Redonda&#8221; image_url=&#8221;https:\/\/www.monterosaportugal.com\/wp-content\/uploads\/2020\/01\/RR-voor-site-1.jpg&#8221; _builder_version=&#8221;4.0.11&#8243; header_font_size=&#8221;26px&#8221; custom_margin=&#8221;||60px|&#8221; z_index_tablet=&#8221;500&#8243; global_colors_info=&#8221;{}&#8221;]<\/p>\n<p class=\"p1\">No Monte Rosa, pode participar de v\u00e1rias aulas de ioga. As aulas semanais de ioga na Casa Redonda s\u00e3o ministradas por professores <span lang=\"pt\">experientes, incluindo <\/span>Igor, Steffie e Natacha.<\/p>\n<p class=\"p1\"><span lang=\"pt\"><\/span>Como h\u00f3spede, tamb\u00e9m pode usar a Casa Redonda para sua pr\u00f3pria pr\u00e1tica. Est\u00e3o dispon\u00edveis tapetes, almofadas, blocos, correias e cobertores para ioga. <a href=\"https:\/\/www.monterosaportugal.com\/pt-pt\/atividades\/a-casa-redonda\/\">Aqui encontrar\u00e1 o calend\u00e1rio de aulas e workshops na The Round House. \u00bb<\/a><\/p>\n<p>[\/et_pb_team_member][et_pb_video src=&#8221;https:\/\/youtu.be\/mvjefw-JHtE&#8221; image_src=&#8221;https:\/\/www.monterosaportugal.com\/wp-content\/uploads\/2020\/01\/Yogavideo.jpg&#8221; thumbnail_overlay_color=&#8221;rgba(0,0,0,0.6)&#8221; _builder_version=&#8221;4.0.11&#8243; max_width=&#8221;80%&#8221; module_alignment=&#8221;center&#8221; z_index_tablet=&#8221;500&#8243; global_colors_info=&#8221;{}&#8221;][\/et_pb_video][et_pb_text admin_label=&#8221;Video description&#8221; _builder_version=&#8221;4.0.11&#8243; text_font=&#8221;Merriweather||||||||&#8221; text_text_color=&#8221;#0a0000&#8243; header_font=&#8221;Merriweather||||||||&#8221; text_orientation=&#8221;center&#8221; custom_margin=&#8221;||60px|&#8221; z_index_tablet=&#8221;500&#8243; global_colors_info=&#8221;{}&#8221;]<\/p>\n<p style=\"text-align: center;\"><em>Sunset Yoga com Natacha e <span lang=\"pt\">M\u00fasica ao Vivo <\/span>de <a href=\"https:\/\/youtu.be\/mvjefw-JHtE\" target=\"_blank\" rel=\"noopener noreferrer\">Momo &amp; the Bhakti\u2019s<\/a> na Casa Redonda.<\/em><span style=\"font-size: small;\"><\/span><\/p>\n<p>[\/et_pb_text][et_pb_team_member name=&#8221;Pacote de Yoga e Massagens&#8221; image_url=&#8221;https:\/\/www.monterosaportugal.com\/wp-content\/uploads\/2020\/01\/handen.jpg&#8221; _builder_version=&#8221;4.14.4&#8243; header_font_size=&#8221;26px&#8221; custom_margin=&#8221;||60px|&#8221; hover_enabled=&#8221;0&#8243; z_index_tablet=&#8221;500&#8243; global_colors_info=&#8221;{}&#8221; sticky_enabled=&#8221;0&#8243;]<\/p>\n<p><span>\u00c0s vezes \u00e9 \u00f3timo -e muito necess\u00e1rio- darmos um passo para tr\u00e1s das preocupa\u00e7\u00f5es di\u00e1rias e apenas concentrmo-nos no bem-estar interior. \u00c9 por isso que oferecemos o nosso \u2018Pacote de Yoga &amp; Massagem\u2019 durante todo o ano. Passar\u00e1 uma semana no Monte Rosa e desfrutar\u00e1 de tr\u00eas aulas de yoga, duas massagens de corpo inteiro, um pequeno almo\u00e7o di\u00e1rio saud\u00e1vel e dois jantares vegetarianos preparados no dia, de 3 pratos. Pre\u00e7o a partir de:<\/span> \u20ac465.<\/p>\n<p><a href=\"https:\/\/www.monterosaportugal.com\/pt-pt\/monte-rosa\/ofertas-e-pacotes\/\"><span style=\"color: #006ddb;\">Mais informa<span>\u00e7oes<\/span>\u00a0\u00bb<\/span><\/a><\/p>\n<p>[\/et_pb_team_member][et_pb_team_member name=&#8221;Medita\u00e7\u00e3o&#8221; image_url=&#8221;https:\/\/www.monterosaportugal.com\/wp-content\/uploads\/2020\/01\/S-en-T-meditatie.jpg&#8221; _builder_version=&#8221;4.0.11&#8243; header_font_size=&#8221;26px&#8221; custom_margin=&#8221;||60px|&#8221; z_index_tablet=&#8221;500&#8243; global_colors_info=&#8221;{}&#8221;]<\/p>\n<p><span>A medita\u00e7\u00e3o \u00e9 uma t\u00e9cnica poderosa para promover a sa\u00fade, o bem-estar e reduzir o stress. Entre num estado de tranquilidade, aceite o que est\u00e1 a acontecer, escolha um momento para descansar, entre em contato com quem realmente \u00e9 e ou\u00e7a-se a si mesmo com aten\u00e7\u00e3o.\u00a0<\/span><span>Definitivamente n\u00e3o \u00e9 t\u00e3o f\u00e1cil quanto parece. Come\u00e7a com a tomada de uma decis\u00e3o consciente para criar mais tempo para si mesmo.\u00a0<\/span><span>No Monte Rosa pode come\u00e7ar a planear esses momentos durante as suas f\u00e9rias. Para a sua pr\u00f3pria medita\u00e7\u00e3o, pode usar nossa linda Casa Redonda. A porta est\u00e1 sempre aberta.<\/span><\/p>\n<p>[\/et_pb_team_member][et_pb_team_member name=&#8221;Zen Dojo Taikuan&#8221; image_url=&#8221;https:\/\/www.monterosaportugal.com\/wp-content\/uploads\/2019\/01\/Zazen.jpg&#8221; disabled_on=&#8221;on|on|on&#8221; _builder_version=&#8221;3.21.1&#8243; header_font_size=&#8221;26px&#8221; custom_margin=&#8221;||60px|&#8221; z_index_tablet=&#8221;500&#8243; disabled=&#8221;on&#8221; global_colors_info=&#8221;{}&#8221;]<\/p>\n<p><em>&#8220;Estar imperturbado e presente no corpo e na mente cria uma atmosfera de clareza e alegria. Nossos pensamentos e emo\u00e7\u00f5es podem ser vistos como o que realmente s\u00e3o: nuvens se movendo nu c\u00e9u vasto sem fim, reflexos em um espelho.&#8221;<\/em><span><\/span><\/p>\n<p>Zazen \u00e9 uma medita\u00e7\u00e3o sentada com suas origens no budismo zen. A uma curta dist\u00e2ncia de Monte Rosa, encontrar\u00e1 o <a href=\"http:\/\/www.zendojotaikuan.org\/\" target=\"_blank\" rel=\"noopener noreferrer\">Zen Dojo Taikuan.<\/a> Aqui pode participar na medita\u00e7\u00e3o Zen liderada por Carl Zimmerling e a sua esposa Annette algumas vezes por semana.&nbsp;&nbsp;<span><\/span><\/p>\n<p><span><\/span><\/p>\n<p>[\/et_pb_team_member][et_pb_team_member name=&#8221;Yoga e Medita\u00e7\u00e3o na \u00c1rea&#8221; image_url=&#8221;https:\/\/www.monterosaportugal.com\/wp-content\/uploads\/2020\/01\/kinderyoga-rr-2.jpg&#8221; _builder_version=&#8221;4.0.11&#8243; header_font_size=&#8221;26px&#8221; custom_margin=&#8221;||60px|&#8221; z_index_tablet=&#8221;500&#8243; global_colors_info=&#8221;{}&#8221;]<\/p>\n<p>Na \u00e1rea ao redor de Monte Rosa pode encontrar muitas aulas diferentes de yoga <span lang=\"pt\">(incluindo hatha yoga, ashtanga, yoga nidra e acroyoga). E<\/span><span lang=\"pt\">m Lagos, por exemplo, no <a href=\"https:\/\/inlight.pt\/\" target=\"_blank\" rel=\"noopener noreferrer\">InLight Yoga &amp; Massage Studio<\/a>, <a href=\"https:\/\/agniway.com\/\" target=\"_blank\" rel=\"noopener noreferrer\">Agni Way<\/a> e <a href=\"https:\/\/www.lalitana.com\/en\/yoga-lagos\" target=\"_blank\" rel=\"noopener noreferrer\">Lalitana Yoga Center<\/a> e em Bar\u00e3o de S\u00e3o Jo\u00e3o h\u00e1 aulas na <a href=\"https:\/\/www.facebook.com\/Kultivarte.permacultura.arte\/\" target=\"_blank\" rel=\"noopener noreferrer\">Kultivarte<\/a>. <\/span><span lang=\"pt\">Perto de Monte Rosa (5 min.), pode praticar a medita\u00e7\u00e3o Zen no <a href=\"http:\/\/www.zendojotaikuan.org\/tag\/dojo-barao-s-joao\/\" target=\"_blank\" rel=\"noopener noreferrer\">Zen Dojo Taikuan<\/a> (<span style=\"color: #232020; font-family: Merriweather, Georgia, 'Times New Roman', serif; font-size: 13px; font-style: normal; font-variant-ligatures: normal; font-variant-caps: normal; font-weight: 500; letter-spacing: normal; orphans: 2; text-align: left; text-indent: 0px; text-transform: none; white-space: normal; widows: 2; word-spacing: 0px; -webkit-text-stroke-width: 0px; background-color: #ffffff; text-decoration-style: initial; text-decoration-color: initial; display: inline !important; float: none;\"><\/span><\/span>3a <span lang=\"pt\"><span style=\"color: #232020; font-family: Merriweather, Georgia, 'Times New Roman', serif; font-size: 13px; font-style: normal; font-variant-ligatures: normal; font-variant-caps: normal; font-weight: 500; letter-spacing: normal; orphans: 2; text-align: left; text-indent: 0px; text-transform: none; white-space: normal; widows: 2; word-spacing: 0px; -webkit-text-stroke-width: 0px; background-color: #ffffff; text-decoration-style: initial; text-decoration-color: initial; display: inline !important; float: none;\">e 5a: 07.30 \u2013 08.30, 4a: 7.30pm \u2013 8.30pm)<\/span>. O zazen \u00e9 uma medita\u00e7\u00e3o sentada com suas origens no zen-budismo. A medita\u00e7\u00e3o \u00e9 liderada por Carl Zimmerling. Todo primeiro domingo do m\u00eas, h\u00e1 um dia zazen das 09:00 \u00e0s 18:00.<\/span><\/p>\n<p><span lang=\"pt\">\u00a0<\/span><\/p>\n<p>&nbsp;<\/p>\n<p>[\/et_pb_team_member][\/et_pb_column][\/et_pb_row][\/et_pb_section]<\/p>\n","protected":false},"excerpt":{"rendered":"<p>Yoga &amp; Medita\u00e7\u00e3o No Monte Rosa, pode participar de v\u00e1rias aulas de ioga. As aulas semanais de ioga na Casa Redonda s\u00e3o ministradas por professores experientes, incluindo Igor, Steffie e Natacha. Como h\u00f3spede, tamb\u00e9m pode usar a Casa Redonda para sua pr\u00f3pria pr\u00e1tica. Est\u00e3o dispon\u00edveis tapetes, almofadas, blocos, correias e cobertores para ioga. Aqui encontrar\u00e1 [&hellip;]<\/p>\n","protected":false},"author":1,"featured_media":0,"parent":5051,"menu_order":0,"comment_status":"closed","ping_status":"closed","template":"","meta":{"_et_pb_use_builder":"on","_et_pb_old_content":"","_et_gb_content_width":"","ngg_post_thumbnail":0,"footnotes":""},"class_list":["post-5106","page","type-page","status-publish","hentry"],"yoast_head":"<!-- This site is optimized with the Yoast SEO plugin v27.5 - https:\/\/yoast.com\/product\/yoast-seo-wordpress\/ -->\n<title>Yoga e Medita\u00e7\u00e3o no Algarve Monte Rosa Portugal -<\/title>\n<meta name=\"description\" content=\"No Monte Rosa pode participar de v\u00e1rias aulas de yoga. As aulas semanais de yoga na Casa Redonda s\u00e3o dadas por talentosos yogis.\" \/>\n<meta name=\"robots\" content=\"index, follow, max-snippet:-1, max-image-preview:large, max-video-preview:-1\" \/>\n<link rel=\"canonical\" href=\"https:\/\/www.monterosaportugal.com\/pt-pt\/atividades\/yoga-e-meditacao\/\" \/>\n<meta property=\"og:locale\" content=\"pt_PT\" \/>\n<meta property=\"og:type\" content=\"article\" \/>\n<meta property=\"og:title\" content=\"Yoga e Medita\u00e7\u00e3o no Algarve Monte Rosa Portugal -\" \/>\n<meta property=\"og:description\" content=\"No Monte Rosa pode participar de v\u00e1rias aulas de yoga. As aulas semanais de yoga na Casa Redonda s\u00e3o dadas por talentosos yogis.\" \/>\n<meta property=\"og:url\" content=\"https:\/\/www.monterosaportugal.com\/pt-pt\/atividades\/yoga-e-meditacao\/\" \/>\n<meta property=\"og:site_name\" content=\"Monte Rosa Portugal\" \/>\n<meta property=\"article:modified_time\" content=\"2022-01-18T14:25:26+00:00\" \/>\n<meta name=\"twitter:card\" content=\"summary_large_image\" \/>\n<meta name=\"twitter:label1\" content=\"Tempo estimado de leitura\" \/>\n\t<meta name=\"twitter:data1\" content=\"5 minutos\" \/>\n<script type=\"application\/ld+json\" class=\"yoast-schema-graph\">{\"@context\":\"https:\\\/\\\/schema.org\",\"@graph\":[{\"@type\":\"WebPage\",\"@id\":\"https:\\\/\\\/www.monterosaportugal.com\\\/pt-pt\\\/atividades\\\/yoga-e-meditacao\\\/\",\"url\":\"https:\\\/\\\/www.monterosaportugal.com\\\/pt-pt\\\/atividades\\\/yoga-e-meditacao\\\/\",\"name\":\"Yoga e Medita\u00e7\u00e3o no Algarve Monte Rosa Portugal -\",\"isPartOf\":{\"@id\":\"https:\\\/\\\/www.monterosaportugal.com\\\/pt-pt\\\/#website\"},\"datePublished\":\"2019-11-23T10:49:31+00:00\",\"dateModified\":\"2022-01-18T14:25:26+00:00\",\"description\":\"No Monte Rosa pode participar de v\u00e1rias aulas de yoga. As aulas semanais de yoga na Casa Redonda s\u00e3o dadas por talentosos yogis.\",\"breadcrumb\":{\"@id\":\"https:\\\/\\\/www.monterosaportugal.com\\\/pt-pt\\\/atividades\\\/yoga-e-meditacao\\\/#breadcrumb\"},\"inLanguage\":\"pt-PT\",\"potentialAction\":[{\"@type\":\"ReadAction\",\"target\":[\"https:\\\/\\\/www.monterosaportugal.com\\\/pt-pt\\\/atividades\\\/yoga-e-meditacao\\\/\"]}]},{\"@type\":\"BreadcrumbList\",\"@id\":\"https:\\\/\\\/www.monterosaportugal.com\\\/pt-pt\\\/atividades\\\/yoga-e-meditacao\\\/#breadcrumb\",\"itemListElement\":[{\"@type\":\"ListItem\",\"position\":1,\"name\":\"Home\",\"item\":\"https:\\\/\\\/www.monterosaportugal.com\\\/pt-pt\\\/\"},{\"@type\":\"ListItem\",\"position\":2,\"name\":\"Atividades\",\"item\":\"https:\\\/\\\/www.monterosaportugal.com\\\/pt-pt\\\/atividades\\\/\"},{\"@type\":\"ListItem\",\"position\":3,\"name\":\"Yoga e Medita\u00e7\u00e3o\"}]},{\"@type\":\"WebSite\",\"@id\":\"https:\\\/\\\/www.monterosaportugal.com\\\/pt-pt\\\/#website\",\"url\":\"https:\\\/\\\/www.monterosaportugal.com\\\/pt-pt\\\/\",\"name\":\"Monte Rosa Portugal\",\"description\":\"Landelijk gelegen gastenaccommodatie met cursusruimte in Portugal\",\"potentialAction\":[{\"@type\":\"SearchAction\",\"target\":{\"@type\":\"EntryPoint\",\"urlTemplate\":\"https:\\\/\\\/www.monterosaportugal.com\\\/pt-pt\\\/?s={search_term_string}\"},\"query-input\":{\"@type\":\"PropertyValueSpecification\",\"valueRequired\":true,\"valueName\":\"search_term_string\"}}],\"inLanguage\":\"pt-PT\"}]}<\/script>\n<!-- \/ Yoast SEO plugin. -->","yoast_head_json":{"title":"Yoga e Medita\u00e7\u00e3o no Algarve Monte Rosa Portugal -","description":"No Monte Rosa pode participar de v\u00e1rias aulas de yoga. As aulas semanais de yoga na Casa Redonda s\u00e3o dadas por talentosos yogis.","robots":{"index":"index","follow":"follow","max-snippet":"max-snippet:-1","max-image-preview":"max-image-preview:large","max-video-preview":"max-video-preview:-1"},"canonical":"https:\/\/www.monterosaportugal.com\/pt-pt\/atividades\/yoga-e-meditacao\/","og_locale":"pt_PT","og_type":"article","og_title":"Yoga e Medita\u00e7\u00e3o no Algarve Monte Rosa Portugal -","og_description":"No Monte Rosa pode participar de v\u00e1rias aulas de yoga. As aulas semanais de yoga na Casa Redonda s\u00e3o dadas por talentosos yogis.","og_url":"https:\/\/www.monterosaportugal.com\/pt-pt\/atividades\/yoga-e-meditacao\/","og_site_name":"Monte Rosa Portugal","article_modified_time":"2022-01-18T14:25:26+00:00","twitter_card":"summary_large_image","twitter_misc":{"Tempo estimado de leitura":"5 minutos"},"schema":{"@context":"https:\/\/schema.org","@graph":[{"@type":"WebPage","@id":"https:\/\/www.monterosaportugal.com\/pt-pt\/atividades\/yoga-e-meditacao\/","url":"https:\/\/www.monterosaportugal.com\/pt-pt\/atividades\/yoga-e-meditacao\/","name":"Yoga e Medita\u00e7\u00e3o no Algarve Monte Rosa Portugal -","isPartOf":{"@id":"https:\/\/www.monterosaportugal.com\/pt-pt\/#website"},"datePublished":"2019-11-23T10:49:31+00:00","dateModified":"2022-01-18T14:25:26+00:00","description":"No Monte Rosa pode participar de v\u00e1rias aulas de yoga. As aulas semanais de yoga na Casa Redonda s\u00e3o dadas por talentosos yogis.","breadcrumb":{"@id":"https:\/\/www.monterosaportugal.com\/pt-pt\/atividades\/yoga-e-meditacao\/#breadcrumb"},"inLanguage":"pt-PT","potentialAction":[{"@type":"ReadAction","target":["https:\/\/www.monterosaportugal.com\/pt-pt\/atividades\/yoga-e-meditacao\/"]}]},{"@type":"BreadcrumbList","@id":"https:\/\/www.monterosaportugal.com\/pt-pt\/atividades\/yoga-e-meditacao\/#breadcrumb","itemListElement":[{"@type":"ListItem","position":1,"name":"Home","item":"https:\/\/www.monterosaportugal.com\/pt-pt\/"},{"@type":"ListItem","position":2,"name":"Atividades","item":"https:\/\/www.monterosaportugal.com\/pt-pt\/atividades\/"},{"@type":"ListItem","position":3,"name":"Yoga e Medita\u00e7\u00e3o"}]},{"@type":"WebSite","@id":"https:\/\/www.monterosaportugal.com\/pt-pt\/#website","url":"https:\/\/www.monterosaportugal.com\/pt-pt\/","name":"Monte Rosa Portugal","description":"Landelijk gelegen gastenaccommodatie met cursusruimte in Portugal","potentialAction":[{"@type":"SearchAction","target":{"@type":"EntryPoint","urlTemplate":"https:\/\/www.monterosaportugal.com\/pt-pt\/?s={search_term_string}"},"query-input":{"@type":"PropertyValueSpecification","valueRequired":true,"valueName":"search_term_string"}}],"inLanguage":"pt-PT"}]}},"jetpack_sharing_enabled":true,"jetpack-related-posts":[],"_links":{"self":[{"href":"https:\/\/www.monterosaportugal.com\/pt-pt\/wp-json\/wp\/v2\/pages\/5106","targetHints":{"allow":["GET"]}}],"collection":[{"href":"https:\/\/www.monterosaportugal.com\/pt-pt\/wp-json\/wp\/v2\/pages"}],"about":[{"href":"https:\/\/www.monterosaportugal.com\/pt-pt\/wp-json\/wp\/v2\/types\/page"}],"author":[{"embeddable":true,"href":"https:\/\/www.monterosaportugal.com\/pt-pt\/wp-json\/wp\/v2\/users\/1"}],"replies":[{"embeddable":true,"href":"https:\/\/www.monterosaportugal.com\/pt-pt\/wp-json\/wp\/v2\/comments?post=5106"}],"version-history":[{"count":0,"href":"https:\/\/www.monterosaportugal.com\/pt-pt\/wp-json\/wp\/v2\/pages\/5106\/revisions"}],"up":[{"embeddable":true,"href":"https:\/\/www.monterosaportugal.com\/pt-pt\/wp-json\/wp\/v2\/pages\/5051"}],"wp:attachment":[{"href":"https:\/\/www.monterosaportugal.com\/pt-pt\/wp-json\/wp\/v2\/media?parent=5106"}],"curies":[{"name":"wp","href":"https:\/\/api.w.org\/{rel}","templated":true}]}}