{"id":254,"date":"2018-06-15T13:31:58","date_gmt":"2018-06-15T13:31:58","guid":{"rendered":"https:\/\/www.monterosaportugal.com\/?page_id=254"},"modified":"2024-12-14T12:42:23","modified_gmt":"2024-12-14T12:42:23","slug":"gastenboek","status":"publish","type":"page","link":"https:\/\/www.monterosaportugal.com\/nl\/gastenboek\/","title":{"rendered":"Reviews"},"content":{"rendered":"<p>[et_pb_section fb_built=&#8221;1&#8243; fullwidth=&#8221;on&#8221; _builder_version=&#8221;4.16&#8243; custom_padding=&#8221;0|0px|0|0px|false|false&#8221; global_colors_info=&#8221;{}&#8221;][et_pb_fullwidth_image src=&#8221;https:\/\/www.monterosaportugal.com\/wp-content\/uploads\/2019\/06\/Reviews.jpg&#8221; _builder_version=&#8221;4.19.0&#8243; global_colors_info=&#8221;{}&#8221;][\/et_pb_fullwidth_image][\/et_pb_section][et_pb_section fb_built=&#8221;1&#8243; _builder_version=&#8221;4.19.0&#8243; _module_preset=&#8221;default&#8221; global_colors_info=&#8221;{}&#8221;][et_pb_row _builder_version=&#8221;4.19.0&#8243; _module_preset=&#8221;default&#8221; global_colors_info=&#8221;{}&#8221;][et_pb_column type=&#8221;4_4&#8243; _builder_version=&#8221;4.19.0&#8243; _module_preset=&#8221;default&#8221; global_colors_info=&#8221;{}&#8221;][et_pb_code _builder_version=&#8221;4.19.0&#8243; _module_preset=&#8221;default&#8221; global_colors_info=&#8221;{}&#8221;] [\/et_pb_code][et_pb_code _builder_version=&#8221;4.27.2&#8243; _module_preset=&#8221;default&#8221; global_colors_info=&#8221;{}&#8221;]<pre class=\"ti-widget\" style=\"display: none\"><template id=\"trustindex-airbnb-widget-html\"><div class=\" ti-widget  ti-airb ti-review-text-mode-readmore ti-text-align-left\" data-no-translation=\"true\" data-plugin-version=\"13.2.9\" data-layout-id=\"5\" data-layout-category=\"slider\" data-set-id=\"light-minimal\" data-pid=\"\" data-language=\"en\" data-close-locale=\"Close\" data-review-target-width=\"275\" data-css-version=\"2\" data-reply-by-locale=\"Owner's reply\" data-only-rating-locale=\"This user only left a rating.\" data-pager-autoplay-timeout=\"6\"> <div class=\"ti-widget-container ti-col-4\"> <div class=\"ti-footer ti-footer-grid source-Airbnb\"> <div class=\"ti-fade-container\"> <div class=\"ti-rating-text\"> <strong class=\"ti-rating ti-rating-large\"> EXCELLENT <\/strong> <\/div> <span class=\"ti-stars star-lg\"><trustindex-image class=\"ti-star\" data-imgurl=\"https:\/\/cdn.trustindex.io\/assets\/platform\/Airbnb\/star\/f.svg\" alt=\"Airbnb star 1\" width=\"17\" height=\"17\" loading=\"lazy\"><\/trustindex-image><trustindex-image class=\"ti-star\" data-imgurl=\"https:\/\/cdn.trustindex.io\/assets\/platform\/Airbnb\/star\/f.svg\" alt=\"Airbnb star 2\" width=\"17\" height=\"17\" loading=\"lazy\"><\/trustindex-image><trustindex-image class=\"ti-star\" data-imgurl=\"https:\/\/cdn.trustindex.io\/assets\/platform\/Airbnb\/star\/f.svg\" alt=\"Airbnb star 3\" width=\"17\" height=\"17\" loading=\"lazy\"><\/trustindex-image><trustindex-image class=\"ti-star\" data-imgurl=\"https:\/\/cdn.trustindex.io\/assets\/platform\/Airbnb\/star\/f.svg\" alt=\"Airbnb star 4\" width=\"17\" height=\"17\" loading=\"lazy\"><\/trustindex-image><trustindex-image class=\"ti-star\" data-imgurl=\"https:\/\/cdn.trustindex.io\/assets\/platform\/Airbnb\/star\/h.svg\" alt=\"Airbnb star 5.0.73\" width=\"17\" height=\"17\" loading=\"lazy\"><\/trustindex-image><\/span> <div class=\"ti-rating-text\"> <span class=\"nowrap\">Based on <strong>55 reviews<\/strong><\/span> <\/div> <div class=\"ti-large-logo\"> <div class=\"ti-v-center\"> <trustindex-image class=\"ti-logo-fb\" data-imgurl=\"https:\/\/cdn.trustindex.io\/assets\/platform\/Airbnb\/logo.svg\" width=\"150\" height=\"25\" loading=\"lazy\" alt=\"Airbnb\"><\/trustindex-image> <\/div> <\/div> <\/div> <\/div> <div class=\"ti-reviews-container\"> <div class=\"ti-controls\"> <div class=\"ti-next\" aria-label=\"Next review\" role=\"button\" tabindex=\"0\"><\/div> <div class=\"ti-prev\" aria-label=\"Previous review\" role=\"button\" tabindex=\"0\"><\/div> <\/div> <div class=\"ti-reviews-container-wrapper\">  <div data-empty=\"0\" class=\"ti-review-item source-Airbnb ti-image-layout-thumbnail\" data-id=\"cfcd208495d565ef66e7dff9f98764da\"> <div class=\"ti-inner\"> <div class=\"ti-review-header\"> <div class=\"ti-platform-icon ti-with-tooltip\"> <span class=\"ti-tooltip\">Posted on <\/span> <trustindex-image data-imgurl=\"https:\/\/cdn.trustindex.io\/assets\/platform\/Airbnb\/icon.svg\" alt=\"\" width=\"20\" height=\"20\" loading=\"lazy\"><\/trustindex-image> <\/div> <div class=\"ti-profile-img\"> <trustindex-image data-imgurl=\"https:\/\/a0.muscache.com\/im\/pictures\/user\/54d19863-1b83-491e-aaf3-660262be88d5.jpg\" alt=\"Larissa profile picture\" loading=\"lazy\"><\/trustindex-image> <\/div> <div class=\"ti-profile-details\"> <div class=\"ti-name\"> Larissa <\/div> <div class=\"ti-date\">11 October 2025<\/div> <\/div> <\/div> <span class=\"ti-stars\"><trustindex-image class=\"ti-star\" data-imgurl=\"https:\/\/cdn.trustindex.io\/assets\/platform\/Airbnb\/star\/f.svg\" alt=\"Airbnb star 1\" width=\"17\" height=\"17\" loading=\"lazy\"><\/trustindex-image><trustindex-image class=\"ti-star\" data-imgurl=\"https:\/\/cdn.trustindex.io\/assets\/platform\/Airbnb\/star\/f.svg\" alt=\"Airbnb star 2\" width=\"17\" height=\"17\" loading=\"lazy\"><\/trustindex-image><trustindex-image class=\"ti-star\" data-imgurl=\"https:\/\/cdn.trustindex.io\/assets\/platform\/Airbnb\/star\/f.svg\" alt=\"Airbnb star 3\" width=\"17\" height=\"17\" loading=\"lazy\"><\/trustindex-image><trustindex-image class=\"ti-star\" data-imgurl=\"https:\/\/cdn.trustindex.io\/assets\/platform\/Airbnb\/star\/f.svg\" alt=\"Airbnb star 4\" width=\"17\" height=\"17\" loading=\"lazy\"><\/trustindex-image><trustindex-image class=\"ti-star\" data-imgurl=\"https:\/\/cdn.trustindex.io\/assets\/platform\/Airbnb\/star\/f.svg\" alt=\"Airbnb star 5\" width=\"17\" height=\"17\" loading=\"lazy\"><\/trustindex-image><span class=\"ti-verified-review\"><span class=\"ti-verified-tooltip\">Verified<\/span><\/span><\/span> <div class=\"ti-review-text-container ti-review-content\"><!-- R-CONTENT -->Sehr sch\u00f6ne Unterkunft in der Mitte der Natur.Wir sind zufrieden geblieben.<!-- R-CONTENT --><\/div> <span class=\"ti-read-more\" data-container=\".ti-review-content\" data-collapse-text=\"Hide\" data-open-text=\"Read more\"><\/span> <\/div> <\/div>  <div data-empty=\"0\" class=\"ti-review-item source-Airbnb ti-image-layout-thumbnail\" data-id=\"cfcd208495d565ef66e7dff9f98764da\"> <div class=\"ti-inner\"> <div class=\"ti-review-header\"> <div class=\"ti-platform-icon ti-with-tooltip\"> <span class=\"ti-tooltip\">Posted on <\/span> <trustindex-image data-imgurl=\"https:\/\/cdn.trustindex.io\/assets\/platform\/Airbnb\/icon.svg\" alt=\"\" width=\"20\" height=\"20\" loading=\"lazy\"><\/trustindex-image> <\/div> <div class=\"ti-profile-img\"> <trustindex-image data-imgurl=\"https:\/\/a0.muscache.com\/im\/pictures\/user\/a412663d-9149-42a5-81c6-f8afc65ee750.jpg\" alt=\"Colin profile picture\" loading=\"lazy\"><\/trustindex-image> <\/div> <div class=\"ti-profile-details\"> <div class=\"ti-name\"> Colin <\/div> <div class=\"ti-date\">17 August 2025<\/div> <\/div> <\/div> <span class=\"ti-stars\"><trustindex-image class=\"ti-star\" data-imgurl=\"https:\/\/cdn.trustindex.io\/assets\/platform\/Airbnb\/star\/f.svg\" alt=\"Airbnb star 1\" width=\"17\" height=\"17\" loading=\"lazy\"><\/trustindex-image><trustindex-image class=\"ti-star\" data-imgurl=\"https:\/\/cdn.trustindex.io\/assets\/platform\/Airbnb\/star\/f.svg\" alt=\"Airbnb star 2\" width=\"17\" height=\"17\" loading=\"lazy\"><\/trustindex-image><trustindex-image class=\"ti-star\" data-imgurl=\"https:\/\/cdn.trustindex.io\/assets\/platform\/Airbnb\/star\/f.svg\" alt=\"Airbnb star 3\" width=\"17\" height=\"17\" loading=\"lazy\"><\/trustindex-image><trustindex-image class=\"ti-star\" data-imgurl=\"https:\/\/cdn.trustindex.io\/assets\/platform\/Airbnb\/star\/f.svg\" alt=\"Airbnb star 4\" width=\"17\" height=\"17\" loading=\"lazy\"><\/trustindex-image><trustindex-image class=\"ti-star\" data-imgurl=\"https:\/\/cdn.trustindex.io\/assets\/platform\/Airbnb\/star\/f.svg\" alt=\"Airbnb star 5\" width=\"17\" height=\"17\" loading=\"lazy\"><\/trustindex-image><span class=\"ti-verified-review\"><span class=\"ti-verified-tooltip\">Verified<\/span><\/span><\/span> <div class=\"ti-review-text-container ti-review-content\"><!-- R-CONTENT -->We really enjoyed our 5-day stay in this Airbnb. The place is set in a beautiful and peaceful environment, with a very pleasant swimming pool. The hosts were very welcoming and created a warm, friendly and family-like atmosphere. The bed on the first floor was a little small for two people, but apart from that everything was perfect. We would definitely recommend staying here!<!-- R-CONTENT --><\/div> <span class=\"ti-read-more\" data-container=\".ti-review-content\" data-collapse-text=\"Hide\" data-open-text=\"Read more\"><\/span> <\/div> <\/div>  <div data-empty=\"0\" class=\"ti-review-item source-Airbnb ti-image-layout-thumbnail\" data-id=\"cfcd208495d565ef66e7dff9f98764da\"> <div class=\"ti-inner\"> <div class=\"ti-review-header\"> <div class=\"ti-platform-icon ti-with-tooltip\"> <span class=\"ti-tooltip\">Posted on <\/span> <trustindex-image data-imgurl=\"https:\/\/cdn.trustindex.io\/assets\/platform\/Airbnb\/icon.svg\" alt=\"\" width=\"20\" height=\"20\" loading=\"lazy\"><\/trustindex-image> <\/div> <div class=\"ti-profile-img\"> <trustindex-image data-imgurl=\"https:\/\/a0.muscache.com\/im\/pictures\/user\/de6f858f-c0a5-4ed3-a0bd-097bd6e17653.jpg\" alt=\"Emmanuel profile picture\" loading=\"lazy\"><\/trustindex-image> <\/div> <div class=\"ti-profile-details\"> <div class=\"ti-name\"> Emmanuel <\/div> <div class=\"ti-date\">29 July 2025<\/div> <\/div> <\/div> <span class=\"ti-stars\"><trustindex-image class=\"ti-star\" data-imgurl=\"https:\/\/cdn.trustindex.io\/assets\/platform\/Airbnb\/star\/f.svg\" alt=\"Airbnb star 1\" width=\"17\" height=\"17\" loading=\"lazy\"><\/trustindex-image><trustindex-image class=\"ti-star\" data-imgurl=\"https:\/\/cdn.trustindex.io\/assets\/platform\/Airbnb\/star\/f.svg\" alt=\"Airbnb star 2\" width=\"17\" height=\"17\" loading=\"lazy\"><\/trustindex-image><trustindex-image class=\"ti-star\" data-imgurl=\"https:\/\/cdn.trustindex.io\/assets\/platform\/Airbnb\/star\/f.svg\" alt=\"Airbnb star 3\" width=\"17\" height=\"17\" loading=\"lazy\"><\/trustindex-image><trustindex-image class=\"ti-star\" data-imgurl=\"https:\/\/cdn.trustindex.io\/assets\/platform\/Airbnb\/star\/f.svg\" alt=\"Airbnb star 4\" width=\"17\" height=\"17\" loading=\"lazy\"><\/trustindex-image><trustindex-image class=\"ti-star\" data-imgurl=\"https:\/\/cdn.trustindex.io\/assets\/platform\/Airbnb\/star\/f.svg\" alt=\"Airbnb star 5\" width=\"17\" height=\"17\" loading=\"lazy\"><\/trustindex-image><span class=\"ti-verified-review\"><span class=\"ti-verified-tooltip\">Verified<\/span><\/span><\/span> <div class=\"ti-review-text-container ti-review-content\"><!-- R-CONTENT -->Un super s\u00e9jour \u00e0 Monte Rosa dans un cadre exceptionnel : une grande terrasse super agr\u00e9able qui permet de manger sur place gr\u00e2ce \u00e0 la cuisine d'ext\u00e9rieur, des espaces communs tr\u00e8s sympas dont une grande piscine tr\u00e8s agr\u00e9able dans un tr\u00e8s beau cadre. On a ador\u00e9 ! Beaucoup de flexibilit\u00e9 sur les horaires, arrivant en pleine nuit, nous avons re\u00e7u une vid\u00e9o d'explication pour nous diriger jusqu'\u00e0 notre logement.<!-- R-CONTENT --><\/div> <span class=\"ti-read-more\" data-container=\".ti-review-content\" data-collapse-text=\"Hide\" data-open-text=\"Read more\"><\/span> <\/div> <\/div>  <div data-empty=\"0\" class=\"ti-review-item source-Airbnb ti-image-layout-thumbnail\" data-id=\"cfcd208495d565ef66e7dff9f98764da\"> <div class=\"ti-inner\"> <div class=\"ti-review-header\"> <div class=\"ti-platform-icon ti-with-tooltip\"> <span class=\"ti-tooltip\">Posted on <\/span> <trustindex-image data-imgurl=\"https:\/\/cdn.trustindex.io\/assets\/platform\/Airbnb\/icon.svg\" alt=\"\" width=\"20\" height=\"20\" loading=\"lazy\"><\/trustindex-image> <\/div> <div class=\"ti-profile-img\"> <trustindex-image data-imgurl=\"https:\/\/a0.muscache.com\/im\/pictures\/user\/User-505914391\/original\/08b14d4f-ebca-4528-8ebc-2966a7114737.jpeg\" alt=\"Jenna profile picture\" loading=\"lazy\"><\/trustindex-image> <\/div> <div class=\"ti-profile-details\"> <div class=\"ti-name\"> Jenna <\/div> <div class=\"ti-date\">14 July 2025<\/div> <\/div> <\/div> <span class=\"ti-stars\"><trustindex-image class=\"ti-star\" data-imgurl=\"https:\/\/cdn.trustindex.io\/assets\/platform\/Airbnb\/star\/f.svg\" alt=\"Airbnb star 1\" width=\"17\" height=\"17\" loading=\"lazy\"><\/trustindex-image><trustindex-image class=\"ti-star\" data-imgurl=\"https:\/\/cdn.trustindex.io\/assets\/platform\/Airbnb\/star\/f.svg\" alt=\"Airbnb star 2\" width=\"17\" height=\"17\" loading=\"lazy\"><\/trustindex-image><trustindex-image class=\"ti-star\" data-imgurl=\"https:\/\/cdn.trustindex.io\/assets\/platform\/Airbnb\/star\/f.svg\" alt=\"Airbnb star 3\" width=\"17\" height=\"17\" loading=\"lazy\"><\/trustindex-image><trustindex-image class=\"ti-star\" data-imgurl=\"https:\/\/cdn.trustindex.io\/assets\/platform\/Airbnb\/star\/f.svg\" alt=\"Airbnb star 4\" width=\"17\" height=\"17\" loading=\"lazy\"><\/trustindex-image><trustindex-image class=\"ti-star\" data-imgurl=\"https:\/\/cdn.trustindex.io\/assets\/platform\/Airbnb\/star\/f.svg\" alt=\"Airbnb star 5\" width=\"17\" height=\"17\" loading=\"lazy\"><\/trustindex-image><span class=\"ti-verified-review\"><span class=\"ti-verified-tooltip\">Verified<\/span><\/span><\/span> <div class=\"ti-review-text-container ti-review-content\"><!-- R-CONTENT -->Le s\u00e9jour s\u2019est tr\u00e8s bien pass\u00e9, l\u2019environnement \u00e9tait calme et reposant. L\u2019h\u00f4te \u00e9tait tr\u00e8s accueillante, je recommande !<!-- R-CONTENT --><\/div> <span class=\"ti-read-more\" data-container=\".ti-review-content\" data-collapse-text=\"Hide\" data-open-text=\"Read more\"><\/span> <\/div> <\/div>  <div data-empty=\"0\" class=\"ti-review-item source-Airbnb ti-image-layout-thumbnail\" data-id=\"cfcd208495d565ef66e7dff9f98764da\"> <div class=\"ti-inner\"> <div class=\"ti-review-header\"> <div class=\"ti-platform-icon ti-with-tooltip\"> <span class=\"ti-tooltip\">Posted on <\/span> <trustindex-image data-imgurl=\"https:\/\/cdn.trustindex.io\/assets\/platform\/Airbnb\/icon.svg\" alt=\"\" width=\"20\" height=\"20\" loading=\"lazy\"><\/trustindex-image> <\/div> <div class=\"ti-profile-img\"> <trustindex-image data-imgurl=\"https:\/\/a0.muscache.com\/im\/pictures\/user\/1b86bb08-69d3-405b-bafe-5f1a5663d4b3.jpg\" alt=\"Thibaut profile picture\" loading=\"lazy\"><\/trustindex-image> <\/div> <div class=\"ti-profile-details\"> <div class=\"ti-name\"> Thibaut <\/div> <div class=\"ti-date\">16 February 2025<\/div> <\/div> <\/div> <span class=\"ti-stars\"><trustindex-image class=\"ti-star\" data-imgurl=\"https:\/\/cdn.trustindex.io\/assets\/platform\/Airbnb\/star\/f.svg\" alt=\"Airbnb star 1\" width=\"17\" height=\"17\" loading=\"lazy\"><\/trustindex-image><trustindex-image class=\"ti-star\" data-imgurl=\"https:\/\/cdn.trustindex.io\/assets\/platform\/Airbnb\/star\/f.svg\" alt=\"Airbnb star 2\" width=\"17\" height=\"17\" loading=\"lazy\"><\/trustindex-image><trustindex-image class=\"ti-star\" data-imgurl=\"https:\/\/cdn.trustindex.io\/assets\/platform\/Airbnb\/star\/f.svg\" alt=\"Airbnb star 3\" width=\"17\" height=\"17\" loading=\"lazy\"><\/trustindex-image><trustindex-image class=\"ti-star\" data-imgurl=\"https:\/\/cdn.trustindex.io\/assets\/platform\/Airbnb\/star\/f.svg\" alt=\"Airbnb star 4\" width=\"17\" height=\"17\" loading=\"lazy\"><\/trustindex-image><trustindex-image class=\"ti-star\" data-imgurl=\"https:\/\/cdn.trustindex.io\/assets\/platform\/Airbnb\/star\/f.svg\" alt=\"Airbnb star 5\" width=\"17\" height=\"17\" loading=\"lazy\"><\/trustindex-image><span class=\"ti-verified-review\"><span class=\"ti-verified-tooltip\">Verified<\/span><\/span><\/span> <div class=\"ti-review-text-container ti-review-content\"><!-- R-CONTENT -->Everything was perfect !<!-- R-CONTENT --><\/div> <span class=\"ti-read-more\" data-container=\".ti-review-content\" data-collapse-text=\"Hide\" data-open-text=\"Read more\"><\/span> <\/div> <\/div>  <div data-empty=\"0\" class=\"ti-review-item source-Airbnb ti-image-layout-thumbnail\" data-id=\"cfcd208495d565ef66e7dff9f98764da\"> <div class=\"ti-inner\"> <div class=\"ti-review-header\"> <div class=\"ti-platform-icon ti-with-tooltip\"> <span class=\"ti-tooltip\">Posted on <\/span> <trustindex-image data-imgurl=\"https:\/\/cdn.trustindex.io\/assets\/platform\/Airbnb\/icon.svg\" alt=\"\" width=\"20\" height=\"20\" loading=\"lazy\"><\/trustindex-image> <\/div> <div class=\"ti-profile-img\"> <trustindex-image data-imgurl=\"https:\/\/a0.muscache.com\/im\/pictures\/user\/User-147557641\/original\/de278340-7433-4810-8b82-15e38bb0c6ef.jpeg\" alt=\"Ani profile picture\" loading=\"lazy\"><\/trustindex-image> <\/div> <div class=\"ti-profile-details\"> <div class=\"ti-name\"> Ani <\/div> <div class=\"ti-date\">15 September 2024<\/div> <\/div> <\/div> <span class=\"ti-stars\"><trustindex-image class=\"ti-star\" data-imgurl=\"https:\/\/cdn.trustindex.io\/assets\/platform\/Airbnb\/star\/f.svg\" alt=\"Airbnb star 1\" width=\"17\" height=\"17\" loading=\"lazy\"><\/trustindex-image><trustindex-image class=\"ti-star\" data-imgurl=\"https:\/\/cdn.trustindex.io\/assets\/platform\/Airbnb\/star\/f.svg\" alt=\"Airbnb star 2\" width=\"17\" height=\"17\" loading=\"lazy\"><\/trustindex-image><trustindex-image class=\"ti-star\" data-imgurl=\"https:\/\/cdn.trustindex.io\/assets\/platform\/Airbnb\/star\/f.svg\" alt=\"Airbnb star 3\" width=\"17\" height=\"17\" loading=\"lazy\"><\/trustindex-image><trustindex-image class=\"ti-star\" data-imgurl=\"https:\/\/cdn.trustindex.io\/assets\/platform\/Airbnb\/star\/f.svg\" alt=\"Airbnb star 4\" width=\"17\" height=\"17\" loading=\"lazy\"><\/trustindex-image><trustindex-image class=\"ti-star\" data-imgurl=\"https:\/\/cdn.trustindex.io\/assets\/platform\/Airbnb\/star\/f.svg\" alt=\"Airbnb star 5\" width=\"17\" height=\"17\" loading=\"lazy\"><\/trustindex-image><span class=\"ti-verified-review\"><span class=\"ti-verified-tooltip\">Verified<\/span><\/span><\/span> <div class=\"ti-review-text-container ti-review-content\"><!-- R-CONTENT -->Monte Rosa e perfeito para relaxar, muito limpo, pessoas muitos simpaticos, tem um jardim enorme com piscina que pode relaxar e os animais correr livres! Com setreza vou voltar com minha familia.Obrigada por tudo!\ud83d\ude4f<!-- R-CONTENT --><\/div> <span class=\"ti-read-more\" data-container=\".ti-review-content\" data-collapse-text=\"Hide\" data-open-text=\"Read more\"><\/span> <\/div> <\/div>  <div data-empty=\"0\" class=\"ti-review-item source-Airbnb ti-image-layout-thumbnail\" data-id=\"cfcd208495d565ef66e7dff9f98764da\"> <div class=\"ti-inner\"> <div class=\"ti-review-header\"> <div class=\"ti-platform-icon ti-with-tooltip\"> <span class=\"ti-tooltip\">Posted on <\/span> <trustindex-image data-imgurl=\"https:\/\/cdn.trustindex.io\/assets\/platform\/Airbnb\/icon.svg\" alt=\"\" width=\"20\" height=\"20\" loading=\"lazy\"><\/trustindex-image> <\/div> <div class=\"ti-profile-img\"> <trustindex-image data-imgurl=\"https:\/\/a0.muscache.com\/im\/pictures\/user\/User\/original\/3f75a590-949f-4752-baf2-c92f239b2490.jpeg\" alt=\"Catarina profile picture\" loading=\"lazy\"><\/trustindex-image> <\/div> <div class=\"ti-profile-details\"> <div class=\"ti-name\"> Catarina <\/div> <div class=\"ti-date\">1 September 2024<\/div> <\/div> <\/div> <span class=\"ti-stars\"><trustindex-image class=\"ti-star\" data-imgurl=\"https:\/\/cdn.trustindex.io\/assets\/platform\/Airbnb\/star\/f.svg\" alt=\"Airbnb star 1\" width=\"17\" height=\"17\" loading=\"lazy\"><\/trustindex-image><trustindex-image class=\"ti-star\" data-imgurl=\"https:\/\/cdn.trustindex.io\/assets\/platform\/Airbnb\/star\/f.svg\" alt=\"Airbnb star 2\" width=\"17\" height=\"17\" loading=\"lazy\"><\/trustindex-image><trustindex-image class=\"ti-star\" data-imgurl=\"https:\/\/cdn.trustindex.io\/assets\/platform\/Airbnb\/star\/f.svg\" alt=\"Airbnb star 3\" width=\"17\" height=\"17\" loading=\"lazy\"><\/trustindex-image><trustindex-image class=\"ti-star\" data-imgurl=\"https:\/\/cdn.trustindex.io\/assets\/platform\/Airbnb\/star\/f.svg\" alt=\"Airbnb star 4\" width=\"17\" height=\"17\" loading=\"lazy\"><\/trustindex-image><trustindex-image class=\"ti-star\" data-imgurl=\"https:\/\/cdn.trustindex.io\/assets\/platform\/Airbnb\/star\/f.svg\" alt=\"Airbnb star 5\" width=\"17\" height=\"17\" loading=\"lazy\"><\/trustindex-image><span class=\"ti-verified-review\"><span class=\"ti-verified-tooltip\">Verified<\/span><\/span><\/span> <div class=\"ti-review-text-container ti-review-content\"><!-- R-CONTENT -->Espa\u00e7o magn\u00edfico para quem quer descansar relaxar apanhar sol e usufruir da natureza. adorei poder levar a minha cadela e poder estar em todos os sitios sem restri\u00e7\u00f5es. Obrigada por tudo!<!-- R-CONTENT --><\/div> <span class=\"ti-read-more\" data-container=\".ti-review-content\" data-collapse-text=\"Hide\" data-open-text=\"Read more\"><\/span> <\/div> <\/div>  <div data-empty=\"0\" class=\"ti-review-item source-Airbnb ti-image-layout-thumbnail\" data-id=\"cfcd208495d565ef66e7dff9f98764da\"> <div class=\"ti-inner\"> <div class=\"ti-review-header\"> <div class=\"ti-platform-icon ti-with-tooltip\"> <span class=\"ti-tooltip\">Posted on <\/span> <trustindex-image data-imgurl=\"https:\/\/cdn.trustindex.io\/assets\/platform\/Airbnb\/icon.svg\" alt=\"\" width=\"20\" height=\"20\" loading=\"lazy\"><\/trustindex-image> <\/div> <div class=\"ti-profile-img\"> <trustindex-image data-imgurl=\"https:\/\/a0.muscache.com\/im\/pictures\/user\/e7e540c1-7ad1-4f48-92cc-d62d11884eac.jpg\" alt=\"Flavie profile picture\" loading=\"lazy\"><\/trustindex-image> <\/div> <div class=\"ti-profile-details\"> <div class=\"ti-name\"> Flavie <\/div> <div class=\"ti-date\">26 August 2024<\/div> <\/div> <\/div> <span class=\"ti-stars\"><trustindex-image class=\"ti-star\" data-imgurl=\"https:\/\/cdn.trustindex.io\/assets\/platform\/Airbnb\/star\/f.svg\" alt=\"Airbnb star 1\" width=\"17\" height=\"17\" loading=\"lazy\"><\/trustindex-image><trustindex-image class=\"ti-star\" data-imgurl=\"https:\/\/cdn.trustindex.io\/assets\/platform\/Airbnb\/star\/f.svg\" alt=\"Airbnb star 2\" width=\"17\" height=\"17\" loading=\"lazy\"><\/trustindex-image><trustindex-image class=\"ti-star\" data-imgurl=\"https:\/\/cdn.trustindex.io\/assets\/platform\/Airbnb\/star\/f.svg\" alt=\"Airbnb star 3\" width=\"17\" height=\"17\" loading=\"lazy\"><\/trustindex-image><trustindex-image class=\"ti-star\" data-imgurl=\"https:\/\/cdn.trustindex.io\/assets\/platform\/Airbnb\/star\/f.svg\" alt=\"Airbnb star 4\" width=\"17\" height=\"17\" loading=\"lazy\"><\/trustindex-image><trustindex-image class=\"ti-star\" data-imgurl=\"https:\/\/cdn.trustindex.io\/assets\/platform\/Airbnb\/star\/f.svg\" alt=\"Airbnb star 5\" width=\"17\" height=\"17\" loading=\"lazy\"><\/trustindex-image><span class=\"ti-verified-review\"><span class=\"ti-verified-tooltip\">Verified<\/span><\/span><\/span> <div class=\"ti-review-text-container ti-review-content\"><!-- R-CONTENT -->Superbe endroit, nous y avons s\u00e9journ\u00e9 qu'une seule nuit car tout \u00e9tait complet mais nous aurions aim\u00e9 y rester plus ltps. Accueil parfait, logement impeccable, tr\u00e8s bon petit d\u00e9jeuner. Nature, calme, et les chiens sont accept\u00e9s ! Nous reviendrons \ud83d\ude09Merci \u00e0 Patricia et Stefanie pour leur accueil.<!-- R-CONTENT --><\/div> <span class=\"ti-read-more\" data-container=\".ti-review-content\" data-collapse-text=\"Hide\" data-open-text=\"Read more\"><\/span> <\/div> <\/div>  <\/div> <div class=\"ti-controls-line\"> <div class=\"dot\"><\/div> <\/div>   <\/div> <\/div> <\/div> <\/template><\/pre><div data-src=\"https:\/\/cdn.trustindex.io\/loader.js?wp-widget\" data-template-id=\"trustindex-airbnb-widget-html\" data-css-url=\"https:\/\/www.monterosaportugal.com\/wp-content\/uploads\/trustindex-airbnb-widget.css?1774440672\"><\/div>[\/et_pb_code][\/et_pb_column][\/et_pb_row][\/et_pb_section][et_pb_section fb_built=&#8221;1&#8243; module_class=&#8221;mr-s-title&#8221; _builder_version=&#8221;4.16&#8243; z_index_tablet=&#8221;500&#8243; global_colors_info=&#8221;{}&#8221;][et_pb_row _builder_version=&#8221;4.25.1&#8243; custom_padding=&#8221;||||false|false&#8221; z_index_tablet=&#8221;500&#8243; global_colors_info=&#8221;{}&#8221;][et_pb_column type=&#8221;4_4&#8243; _builder_version=&#8221;4.16&#8243; custom_padding=&#8221;|||&#8221; global_colors_info=&#8221;{}&#8221; custom_padding__hover=&#8221;|||&#8221;][et_pb_text admin_label=&#8221;Title&#8221; module_class=&#8221;mr-title&#8221; _builder_version=&#8221;4.18.0&#8243; text_letter_spacing=&#8221;1px&#8221; z_index_tablet=&#8221;500&#8243; inline_fonts=&#8221;Merriweather&#8221; global_colors_info=&#8221;{}&#8221;]<\/p>\n<h1>Reviews<\/h1>\n<p>[\/et_pb_text][et_pb_divider divider_position=&#8221;center&#8221; divider_weight=&#8221;3px&#8221; module_class=&#8221;mr-divider2&#8243; _builder_version=&#8221;4.16&#8243; max_width=&#8221;10%&#8221; module_alignment=&#8221;center&#8221; height=&#8221;0px&#8221; z_index_tablet=&#8221;500&#8243; global_colors_info=&#8221;{}&#8221;][\/et_pb_divider][et_pb_text admin_label=&#8221;Subtitle&#8221; module_class=&#8221;mr-title-desc&#8221; _builder_version=&#8221;4.18.0&#8243; text_font=&#8221;Merriweather||||||||&#8221; text_text_color=&#8221;#0a0000&#8243; header_font=&#8221;Merriweather||||||||&#8221; text_orientation=&#8221;center&#8221; z_index_tablet=&#8221;500&#8243; global_colors_info=&#8221;{}&#8221;]<\/p>\n<p>De reviews op deze website zijn Nederlandstalige berichten die onze gasten in het papieren gastenboek van Monte Rosa hebben achtergelaten. Engelstalige kunt u vinden op de Engelstalige pagina en Franstalige, Spaanstalige en Portugeestalige op de Portugese pagina.<\/p>\n<p>[\/et_pb_text][\/et_pb_column][\/et_pb_row][\/et_pb_section][et_pb_section fb_built=&#8221;1&#8243; module_class=&#8221;mr-s-content&#8221; _builder_version=&#8221;4.16&#8243; z_index_tablet=&#8221;500&#8243; global_colors_info=&#8221;{}&#8221;][et_pb_row _builder_version=&#8221;4.16.1&#8243; _module_preset=&#8221;default&#8221; global_colors_info=&#8221;{}&#8221;][et_pb_column type=&#8221;4_4&#8243; _builder_version=&#8221;4.16.1&#8243; _module_preset=&#8221;default&#8221; global_colors_info=&#8221;{}&#8221;][et_pb_testimonial _builder_version=&#8221;4.27.4&#8243; _module_preset=&#8221;default&#8221; custom_padding=&#8221;|41px||50px||&#8221; hover_enabled=&#8221;0&#8243; locked=&#8221;off&#8221; global_colors_info=&#8221;{}&#8221; sticky_enabled=&#8221;0&#8243;]<\/p>\n<p style=\"text-align: center;\"><i><span style=\"font-weight: 400;\">12 december 2024<\/span><\/i><\/p>\n<p style=\"text-align: center;\"><span style=\"font-weight: 400;\">Maar een weekje hier en ver weg van alle drukte thuis, best even stevig moeten wennen aan de rust al hier. Maar wat ben ik in de watten gelegd en heb ik hier fijn &#8220;gewerkt&#8221;.<\/span><span style=\"font-weight: 400;\"><br \/><\/span><span style=\"font-weight: 400;\">Mijn hart verloren aan de Algarve!<\/span><span style=\"font-weight: 400;\"><br \/><\/span><b><\/b><\/p>\n<p style=\"text-align: center;\"><b>Jorrit (Breathworkwork package)<\/b><b><br \/><\/b><b><i><\/i><\/b><\/p>\n<p style=\"text-align: center;\"><b><i>***<\/i><\/b><\/p>\n<p style=\"text-align: center;\"><i><span style=\"font-weight: 400;\">2 November 2024<\/span><\/i><\/p>\n<p style=\"text-align: center;\"><span style=\"font-weight: 400;\">Lieve vrienden van Monte Rosa,<\/span><\/p>\n<p style=\"text-align: center;\"><span style=\"font-weight: 400;\">Wat hebben wij een fijne tijd gehad. Heerlijk wandelen, zalig slapen en super ontbijten. Het naseizoen was voor jullie de laatste loodjes maar fijn dat wij zo vriendelijk ontvangen en geholpen zijn. Sterkte en geluk met wat nog gaat komen.<\/span><\/p>\n<p style=\"text-align: center;\"><span style=\"font-weight: 400;\">Obrigado!<\/span><\/p>\n<p style=\"text-align: center;\"><b>Caspar en Claudia<\/b><\/p>\n<p style=\"text-align: center;\"><b><i>***<\/i><\/b><i><span style=\"font-weight: 400;\"><\/span><\/i><\/p>\n<p style=\"text-align: center;\"><i><span style=\"font-weight: 400;\">27 Oktober 2024<\/span><\/i><\/p>\n<p style=\"text-align: center;\"><span style=\"font-weight: 400;\">Monte Rosa op de fiets. We maakten vele fietstochten, wat mooier dan de andere. We vinden Monte Rosa een knus, sympathiek park, zonder capsones ,liefdevol op orde gehouden door vele handen. Mooie planten, leuke details her en der. Erg leuk allemaal. En een paar heerlijke maaltijden genoten van de kok Vini.\u00a0<\/span><\/p>\n<p style=\"text-align: center;\"><span style=\"font-weight: 400;\">Thanks a lot.<\/span><\/p>\n<p style=\"text-align: center;\"><b>Odise en Willemijn.<\/b><\/p>\n<p style=\"text-align: center;\"><b><i>***<\/i><\/b><i><span style=\"font-weight: 400;\"><\/span><\/i><\/p>\n<p style=\"text-align: center;\"><i><span style=\"font-weight: 400;\">27 oktober 2024<\/span><\/i><\/p>\n<p style=\"text-align: center;\"><span style=\"font-weight: 400;\">Lieve mensen,<\/span><\/p>\n<p style=\"text-align: center;\"><span style=\"font-weight: 400;\">Wat hebben we genoten van jullie gastvrijheid, service, ontbijt en diner. Thank you for everything!<\/span><\/p>\n<p style=\"text-align: center;\"><b>Willemijn, Aktivatours.<\/b><\/p>\n<p style=\"text-align: center;\"><b><i>***<\/i><\/b><\/p>\n<p style=\"text-align: center;\"><i><span style=\"font-weight: 400;\">12 oktober 2024<\/span><\/i><\/p>\n<p style=\"text-align: center;\"><span style=\"font-weight: 400;\">Mooie tijd gehad op Monte Rosa. Super met de begeleiding. Beetje regen mocht niet deren. Prachtig hier!<\/span><\/p>\n<p style=\"text-align: center;\"><b>Karin A.<\/b><\/p>\n<p style=\"text-align: center;\"><b><i>***<\/i><\/b><i><span style=\"font-weight: 400;\"><\/span><\/i><\/p>\n<p style=\"text-align: center;\"><i><span style=\"font-weight: 400;\">12 oktober 2024<\/span><\/i><\/p>\n<p style=\"text-align: center;\"><span style=\"font-weight: 400;\">Een paradijsje op aarde. Heerlijk eten, fijne mensen die alles regelen.<\/span><\/p>\n<p style=\"text-align: center;\"><span style=\"font-weight: 400;\">Fantastisch!<\/span><\/p>\n<p style=\"text-align: center;\"><b>Jannie<\/b><\/p>\n<p style=\"text-align: center;\"><b><i>***<\/i><\/b><\/p>\n<p style=\"text-align: center;\"><i><span style=\"font-weight: 400;\">12 oktober 2024<\/span><\/i><\/p>\n<p style=\"text-align: center;\"><span style=\"font-weight: 400;\">Ik heb genoten van de vakantie en van het heerlijke eten. Bedankt voor alle goede zorgen.<\/span><\/p>\n<p style=\"text-align: center;\"><b>Pedro<\/b><\/p>\n<p style=\"text-align: center;\"><i><span style=\"font-weight: 400;\"><b>***<\/b><br \/><\/span><\/i><\/p>\n<p style=\"text-align: center;\"><i><span style=\"font-weight: 400;\">12 oktober 2024<\/span><\/i><i><span style=\"font-weight: 400;\"><\/span><\/i><\/p>\n<p style=\"text-align: center;\"><span style=\"font-weight: 400;\">Lieve mensen op Monte Rosa en Marieke en Stefanie. Super bedankt voor alles, super wandelingen. Soms pittig maar vooral mooi! Prachtig. En het eten in een woord fantastisch lekkere enorm genoten.<\/span><\/p>\n<p style=\"text-align: center;\"><b>\u00a0Tineke<\/b><\/p>\n<p style=\"text-align: center;\"><b><i>***<\/i><\/b><\/p>\n<p style=\"text-align: center;\"><i><span style=\"font-weight: 400;\">28 September 2024\u00a0<\/span><\/i><\/p>\n<p style=\"text-align: center;\"><span style=\"font-weight: 400;\">Wij hadden het super hier! Dank voor alle lieve medewerkers.\u00a0<\/span><\/p>\n<p style=\"text-align: center;\"><b>Peter en Dieneke\u00a0<\/b><\/p>\n<p style=\"text-align: center;\"><b><i>***<\/i><\/b><\/p>\n<p style=\"text-align: center;\"><i><span style=\"font-weight: 400;\">24 September 2024\u00a0\u00a0<\/span><\/i><\/p>\n<p style=\"text-align: center;\"><span style=\"font-weight: 400;\">Hallo, Wat een heerlijke locatie, zoveel rust! Heerlijk eten\u2026 Nice people.\u00a0\u00a0<\/span><\/p>\n<p style=\"text-align: center;\"><b>Tineke<\/b><\/p>\n<p style=\"text-align: center;\"><b><i>***<\/i><\/b><\/p>\n<p style=\"text-align: center;\"><i><span style=\"font-weight: 400;\">24 September 2024<\/span><\/i><\/p>\n<p style=\"text-align: center;\"><span style=\"font-weight: 400;\">Wat een prachtige plek! Ik heb genoten!\u00a0<\/span><\/p>\n<p style=\"text-align: center;\"><b>\u00a0Evelien<\/b><\/p>\n<p style=\"text-align: center;\"><b><i>***<\/i><\/b><\/p>\n<p style=\"text-align: center;\"><i><span style=\"font-weight: 400;\">24 September 2024\u00a0<\/span><\/i><\/p>\n<p style=\"text-align: center;\"><span style=\"font-weight: 400;\">Dank je voor de fijne plaats om te verblijven. Heel rustig, prachtig zwembad, gewoon fantastisch.\u00a0\u00a0<\/span><\/p>\n<p style=\"text-align: center;\"><b>Caroline en Winoc<\/b><\/p>\n<p style=\"text-align: center;\"><b><i>***<\/i><\/b><\/p>\n<p style=\"text-align: center;\"><em>15 September 2024<\/em><\/p>\n<p style=\"text-align: center;\">We loved the house, space is also magical and the service 5 stars. Surely we&#8217;ll be back again. Thank you very much for everything.<\/p>\n<p style=\"text-align: center;\"><strong>Ani, Victoria, Victoria Juliana<br \/><\/strong><\/p>\n<p style=\"text-align: center;\"><strong><em>***<\/em><\/strong><\/p>\n<p style=\"text-align: center;\"><i><span style=\"font-weight: 400;\">8 September 2024<\/span><\/i><\/p>\n<p style=\"text-align: center;\"><span style=\"font-weight: 400;\">Wat een ontzettend idylisch plekje, we hebben genoten en wat een leuke ploeg in de bediening, zo lief en behulpzaam. Heel veel lieve groetjes.\u00a0<\/span><\/p>\n<p style=\"text-align: center;\"><span style=\"font-weight: 400;\">\u00a0Paula en Astrid uit Amsterdam<\/span><\/p>\n<p style=\"text-align: center;\"><b><i>***<\/i><\/b><\/p>\n<p style=\"text-align: center;\"><i><span style=\"font-weight: 400;\">1 September 2024<\/span><\/i><\/p>\n<p style=\"text-align: center;\"><span style=\"font-weight: 400;\">Fijne plek, lekker en uitgebreid ontbijt. Vriendelijke mensen. We komen vast een keer terug. Dank jullie.\u00a0\u00a0<\/span><\/p>\n<p style=\"text-align: center;\"><b>Betsie, Dya<\/b><\/p>\n<p style=\"text-align: center;\"><b><i>***<\/i><\/b><\/p>\n<p style=\"text-align: center;\"><em>15 August 2024<\/em><\/p>\n<p style=\"text-align: center;\">Lovely place and super friendly staff. Thank you very much.<\/p>\n<p style=\"text-align: center;\"><strong>A&amp;M (Italy)<br \/><\/strong><\/p>\n<p style=\"text-align: center;\"><strong><em>***<\/em><\/strong><\/p>\n<p style=\"text-align: center;\"><em>9 August 2024<\/em><\/p>\n<p style=\"text-align: center;\">Thank you so much for such a lovely stay. this was the perfect place to relax and enjoy the Algarve.<\/p>\n<p style=\"text-align: center;\"><strong>Emily and Michelle<br \/><\/strong><\/p>\n<p style=\"text-align: center;\"><strong><em>***<\/em><\/strong><\/p>\n<p style=\"text-align: center;\"><em>1 August 2024<\/em><\/p>\n<p style=\"text-align: center;\">Top stay<\/p>\n<p style=\"text-align: center;\"><strong>Familia LF (belgium)<\/strong><strong><\/strong><\/p>\n<p style=\"text-align: center;\"><strong><em>***<\/em><\/strong><\/p>\n<p style=\"text-align: center;\"><em>31 July 2024<\/em><\/p>\n<p style=\"text-align: center;\">A marvelous place to relax and to start our holidays. Thanks again!<\/p>\n<p style=\"text-align: center;\"><strong>Isabelle, Emilie et Anais (france)<\/strong><\/p>\n<p style=\"text-align: center;\"><strong><em>***<\/em><\/strong><\/p>\n<p style=\"text-align: center;\"><em>27 July 2024<\/em><\/p>\n<p style=\"text-align: center;\">Dear Monte Rosa team, thank you so much for all your effort, taking care of our wishes so effortlessly, the super breakfast, all the helpful information \u2013 we reallyenjoyed our stay in this beautiful spot , the calm atmosphere nad easyness! Take care and wish a lot of nice guests \ud83d\ude42<\/p>\n<p style=\"text-align: center;\"><strong>Justine<\/strong><\/p>\n<p style=\"text-align: center;\"><strong><em>***<\/em><\/strong><\/p>\n<p style=\"text-align: center;\"><em>27 July 2024<\/em><\/p>\n<p style=\"text-align: center;\">Thanks again for a lovely week at Monte Rosa! We enjoyed it very much \u2013 and will come back again!<\/p>\n<p style=\"text-align: center;\"><strong>Marian, Gesa &amp; Jascha<\/strong><\/p>\n<p style=\"text-align: center;\"><strong><em>***<\/em><\/strong><\/p>\n<p style=\"font-weight: 400; text-align: center;\"><em>27 juni 2024<\/em><\/p>\n<p style=\"font-weight: 400; text-align: center;\">Wat was het fijn om hier te zijn. De rust. En de goede zorgen. Het heerlijke diner. En de ontbijtjes, alles is er. Als er iets was, werd het meteen opgelost. Bedankt voor de goede zorgen en gezelligheid.<\/p>\n<p style=\"font-weight: 400; text-align: center;\"><strong>Nico &amp; Annenieke<\/strong><\/p>\n<p style=\"font-weight: 400; text-align: center;\"><strong><em>***<\/em><\/strong><\/p>\n<p style=\"font-weight: 400; text-align: center;\"><em>17 juni 2024<\/em><\/p>\n<p style=\"font-weight: 400; text-align: center;\">Fijn om hier te zijn, we zijn \u201clekker bijgekomen\u201d, met name door de geweldige massages en oefeningen van Hugo &amp; de goede gesprekken. Heerlijk stil en relaxed, het zwembad (zout gefilterd !) en de tuin: geweldig. Dank, veel succes de komende tijd &amp; Hugo hopelijk tot ziens !<\/p>\n<p style=\"font-weight: 400; text-align: center;\"><strong>George en Cissy<\/strong><\/p>\n<p style=\"font-weight: 400; text-align: center;\"><strong><em>***<\/em><\/strong><\/p>\n<p style=\"text-align: center;\"><em>3 juni 2024<\/em><\/p>\n<p style=\"text-align: center;\">Super super naar ons zin gehad op dit geweldige adres. Tuinieren met Hugo ook enorm van genoten en hoop zeker voor meer nachten eens terug te komen. Groetjes<\/p>\n<p style=\"text-align: center;\"><strong>Roos en Jan<\/strong><\/p>\n<p style=\"text-align: center;\"><strong><em>***<\/em><\/strong><\/p>\n<p style=\"text-align: center;\"><em>29 mei 2024<\/em><\/p>\n<p style=\"text-align: center;\">Bedankt voor het heerlijke verblijf op Monte Rosa. Een klein paradijsje in the middle of nowhere. Vriendelijke mensen, heerlijk eten! Speciaal dank aan Hugo voor je heerlijke massage en fijne gesprekken!<\/p>\n<p style=\"text-align: center;\"><strong>Koen<\/strong><\/p>\n<p style=\"text-align: center;\"><strong><em>***<\/em><\/strong><\/p>\n<p style=\"text-align: center;\"><em>26 mei 2024<\/em><\/p>\n<p style=\"text-align: center;\">We hebben genoten van de rust en jullie gastvrijheid. In dit kleine paradijs voel je je groots. Bedankt voor de heerlijke maaltijden. We hebben deze week kunnen genieten van \u201cthe sound of silence\u201d.<\/p>\n<p style=\"text-align: center;\">p.s. BEDANKT AAN AMIE &amp; MAYATIETA VOOR DE RELAXERENDE, INSPIRERENDE &amp; LEUKE YOGA-SESSIES, ECHT EEN AANRADER.<\/p>\n<p style=\"text-align: center;\"><strong>Veel liefs Bram, Vicky + Colette<\/strong><\/p>\n<p style=\"text-align: center;\"><strong><em>***<\/em><\/strong><\/p>\n<p style=\"text-align: center;\"><em>25 mei 2024<\/em><\/p>\n<p style=\"text-align: center;\">Het is alweer onze 3<sup>e<\/sup> keer dat we genoten hebben van dit paradijselijk plekje. Het was weer top ! Nu zaten we in Studiokamer 9A met veel zon, wat heel fijn is in deze tijd van het jaar. Leuk om jou, Sandra, weer te zien en wat nader te leren kennen. Leuk om Hugo te leren kennen. Mochten we hem morgen vroeg als we wegrijden niet meer zien; de hartelijke groeten van Paul en Annelies. Tot de volgende keer Sandra e.a. en vooral ook Vinnie de kok.<\/p>\n<p style=\"text-align: center;\"><strong>Annoniem<\/strong><\/p>\n<p style=\"text-align: center;\"><strong><em>***<\/em><\/strong><\/p>\n<p style=\"text-align: center;\"><em>24 mei 2024<\/em><\/p>\n<p style=\"text-align: center;\">De week is omgevlogen. Het heerlijke weer, de prachtige tuin met zwembad (zout gefilterd water!) , de zorgzaamheid van alle personeel, de <u>heerlijke<\/u> massages van Hugo ( aanrader!), de wandelingen &amp; \u201cmijn\u201d prachtige Studio 2: tesamen goed voor volledige ontspanning. Dank en hopelijks tot ziens.<\/p>\n<p style=\"text-align: center;\"><strong>\u00a0Vanessa<\/strong><\/p>\n<p style=\"text-align: center;\"><strong><em>***<\/em><\/strong><\/p>\n<p style=\"text-align: center;\"><em>18 mei 2024<\/em><\/p>\n<p style=\"text-align: center;\">Een plek die voelt als thuis, wat een fantastische service, Monte Rosa is prachtig, but the people make it, feels like home away from home. Thank you so much, Sandra, Hugo, Helga, Vini and everyone I forgot to name. Yoga Vayu Retreat 2024.<\/p>\n<p style=\"text-align: center;\"><strong>Marcelia<\/strong><\/p>\n<p style=\"text-align: center;\"><strong><em>***<\/em><\/strong><\/p>\n<p style=\"text-align: center;\"><em>17 mei 2024<\/em><\/p>\n<p style=\"text-align: center;\">Wat heb ik genoten van de rust, de aardige mensen die ik ontmoet heb hier. Zo fijn dat ik tijdens mijn reis door heel Portugal met mijn VW campertje, hier ook een 4tal dagen heb mogen staan. Helemaal bijgekomen en klaar om weer fris door te gaan. Sandra, daarvoor mijn hartelijke dank.<\/p>\n<p style=\"text-align: center;\"><strong>Groetjes van Jeanette uit Utrecht.<\/strong><\/p>\n<p style=\"text-align: center;\"><strong><em>***<\/em><\/strong><\/p>\n<p style=\"text-align: center;\"><em>8 mei 2024<\/em><\/p>\n<p style=\"text-align: center;\">Bedankt voor een heerlijk verblijf op Monte Rosa. Fijne ontvangst door Laura en bedankt voor de extra bedlakens Sandra.<\/p>\n<p style=\"text-align: center;\"><strong>Hartelijke groet Irene, Arne, Jet en Lukas.<\/strong><\/p>\n<p style=\"text-align: center;\"><strong><em>***<\/em><\/strong><\/p>\n<p style=\"text-align: center;\"><em>2 mei 2024<\/em><\/p>\n<p style=\"text-align: center;\">Ondanks enkele regendagen hebben we toch genoten van de prachtige wandelingen in de mooie omgeving. Een speciale dank aan Laura die de wandelingen op een heel lieve en vriendelijke manier voorbereidde.<\/p>\n<p style=\"text-align: center;\"><strong>Jenny en Christine<\/strong><\/p>\n<p style=\"text-align: center;\"><strong><em>***<\/em><\/strong><\/p>\n<p style=\"text-align: center;\"><em>23 April , 2024<\/em><\/p>\n<p style=\"text-align: center;\">Thank you Sandra, for another week of singing. It is such a pleasure for me to bring peopleto this beautiful place. You and all your team look after us with such love and care. Much love to you,<\/p>\n<p style=\"text-align: center;\"><strong>Teresa, UK<\/strong><\/p>\n<p style=\"text-align: center;\"><em><strong>***<\/strong><\/em><\/p>\n<p style=\"text-align: center;\"><em><strong><\/strong><\/em><\/p>\n<p style=\"text-align: center;\"><em>23 April , 2024<\/em><\/p>\n<p style=\"text-align: center;\">Thank you for your amazing hospitality in welcoming usto Monte Rosa. What an absolutejoy it has beento be in this peaceful, flower-filled oasis for a few days. Hope to return one day!<\/p>\n<p style=\"text-align: center;\"><strong>Anne, London, UK<br \/><\/strong><\/p>\n<p style=\"text-align: center;\"><em><strong>***<\/strong><\/em><\/p>\n<p style=\"text-align: center;\"><em><strong><\/strong><\/em><\/p>\n<p style=\"text-align: center;\"><em>23 April , 2024<\/em><\/p>\n<p style=\"text-align: center;\">Thank you so much for a truly beautiful place, wonderful food, glorious singing and joyful company.<\/p>\n<p style=\"text-align: center;\"><strong>Maria<\/strong><\/p>\n<p style=\"text-align: center;\"><em><strong>***<\/strong><\/em><\/p>\n<p style=\"text-align: center;\"><em><br \/>23 April , 2024<\/em><\/p>\n<p style=\"text-align: center;\">A little piece of Heaven! Thank you all. A truly beautiful, restful and restorative oasis.<\/p>\n<p style=\"text-align: center;\"><strong>Valerie<\/strong><\/p>\n<p style=\"text-align: center;\"><strong>***<\/strong><\/p>\n<p style=\"text-align: center;\"><em>15 April , 2024<\/em><\/p>\n<p style=\"text-align: center;\">Een week op deze prachtige plek, met prachtige wandelingen onder begeleiding van Marieke, een Topper! Heerlijke maaltijden iedere dag, zeer afwisselend en een Top Kok!!! De week is omgevlogen, maar blijft altijd bij me.<\/p>\n<p style=\"text-align: center;\"><strong>Emmy<\/strong><strong><\/strong><\/p>\n<p style=\"text-align: center;\">***<\/p>\n<p style=\"text-align: center;\"><em>15 April , 2024<\/em><\/p>\n<p style=\"text-align: center;\">Een hele mooie wandelweek gehad. Marieke had mooie wandelingen voor ons uitgezet. Heerlijk gegeten, genoten van de zon. Iedereen is hier heel erg aardig.<br \/>Bedankt!<\/p>\n<p style=\"text-align: center;\"><strong>Charlotte<\/strong><strong><\/strong><\/p>\n<p style=\"text-align: center;\">***<br \/><em>15 April 2024<\/em><\/p>\n<p style=\"text-align: center;\">Super bedankt voor de heerlijke week in dit paradijsje.<br \/>Liefs,<\/p>\n<p style=\"text-align: center;\"><strong>Marie-Jos\u00e9<\/strong><strong><\/strong><\/p>\n<p style=\"text-align: center;\">***<br \/><em>15 april 2024<\/em><\/p>\n<p style=\"text-align: center;\">Ik heb enorm genoten van het land(schap). De begeleiding door Marieke en de lieve bediening en het heerlijke eten van Vini en Laura! Veel Dank!<\/p>\n<p style=\"text-align: center;\"><strong>Marion<\/strong><strong><\/strong><\/p>\n<p style=\"text-align: center;\">***<br \/><em>15 April 2024<\/em><\/p>\n<p style=\"text-align: center;\">Ik heb een prachtige week gehad. Enorm genoten van alles. Ik kom hier snel terug.<br \/>Veel liefs,<\/p>\n<p style=\"text-align: center;\"><strong>Klaudia<\/strong><strong><\/strong><\/p>\n<p style=\"text-align: center;\">***<br \/><em>15 april 2024<\/em><\/p>\n<p style=\"text-align: center;\">Wat een heerlijke week. Prachtige omgeving en enorm gastvrij. Voor herhaling vatbaar.<\/p>\n<p style=\"text-align: center;\"><strong>Marja<\/strong><\/p>\n<p style=\"text-align: center;\"><strong><\/strong><\/p>\n<p style=\"text-align: center;\">***<\/p>\n<p style=\"text-align: center;\"><em>15 april 2024<\/em><\/p>\n<p style=\"text-align: center;\">Het is hier fantastisch! Geweldige mooie mensen !!!<br \/>Liefs,<\/p>\n<p style=\"text-align: center;\"><strong>Karin<\/strong><\/p>\n<p style=\"text-align: center;\"><strong><\/strong><\/p>\n<p style=\"text-align: center;\">***<\/p>\n<p style=\"text-align: center;\"><em>26 February, 2024<\/em><\/p>\n<p style=\"text-align: center;\">I had a great time in Monte Rosa. It\u00b4s a nice, cosy and pleasant place with all nice people around. Traveling and biking alone here was always nice to meet the people working here and other guests. We had a very nice dinner together from the chef (hazelnut burger and sweet potato with spinach sauce). And we wnt together to The italian restaurant in Bar\u00e3o de S\u00e3o Jo\u00e3o (Ca la Mora). We even danced together. It was a great time. Biking a lot on a very nice bike and a nice surrounding. I had a great time.<br \/>Thanks,<\/p>\n<p style=\"text-align: center;\"><strong>Leo<\/strong><\/p>\n<p style=\"text-align: center;\"><strong>***<\/strong><i><span style=\"font-weight: 400;\"><\/span><\/i><\/p>\n<p style=\"text-align: center;\"><i><span style=\"font-weight: 400;\">20 February, 2024<\/span><\/i><\/p>\n<p style=\"text-align: center;\"><span style=\"font-weight: 400;\">Dear team, <\/span><span style=\"font-weight: 400;\"><br \/><\/span><span style=\"font-weight: 400;\">I only stayed for 3 nights, but it seemed like a week ; nature, birds, stillness and a wonderful massage. Not to forget the delicious breakfast. You people &amp; the top weather makes this place a resemblance of paradise. Big chance that I\u2019ll be back. Big hug to you all &amp; may our paths cross again\u00a0<\/span><\/p>\n<p style=\"text-align: center;\"><b><i>Hugo<\/i><\/b><\/p>\n<p style=\"text-align: center;\"><strong><i>***<\/i><\/strong><\/p>\n<p style=\"text-align: center;\"><i><span style=\"font-weight: 400;\">18 February, 2024<\/span><\/i><\/p>\n<p style=\"text-align: center;\"><span style=\"font-weight: 400;\">It is a wonderful, nice, quiet place to be. All the people here are nice and friendly. Thank you very much Laura, Afke, Helga, Mayatiita and Sandra.<\/span><\/p>\n<p style=\"text-align: center;\"><b>Maria<\/b><\/p>\n<p style=\"text-align: center;\"><strong><i>***<\/i><\/strong><\/p>\n<p style=\"text-align: center;\"><i><span style=\"font-weight: 400;\">17 February, 2024<\/span><\/i><\/p>\n<p style=\"text-align: center;\"><span style=\"font-weight: 400;\">My dearest Laura, Helga, Afke, Mayatiita, Vini and Sandra,<\/span><span style=\"font-weight: 400;\"><br \/><\/span><span style=\"font-weight: 400;\">It was such a great stay for 2 weeks. I felt so peaceful &amp; loved it. Thanks a lot for all!<\/span><\/p>\n<p style=\"text-align: center;\"><b>Nicole<\/b><\/p>\n<p style=\"text-align: center;\"><strong><i>***<\/i><\/strong><\/p>\n<p style=\"text-align: center;\"><i><span style=\"font-weight: 400;\">5 February, 2024<\/span><\/i><\/p>\n<p style=\"text-align: center;\"><span style=\"font-weight: 400;\">Dear dear people from Monte Rosa,<\/span><span style=\"font-weight: 400;\"><br \/><\/span><span style=\"font-weight: 400;\">For 3 mothers with 3 babies, Monte Rosa was the perfect place to take some rest, have nice conversations and to be able to enjoy Vini\u2019s delicious food. <\/span><span style=\"font-weight: 400;\"><\/span><span style=\"font-weight: 400;\">During breakfast and dinner we made a mess, we are sorry for that.<\/span><span style=\"font-weight: 400;\"><br \/><\/span><span style=\"font-weight: 400;\">And Laura is the best!!!! It was because of her that we could really enjoy the yoga, knowing that all our babies are safe and well taken care of. We will come back. Our greetings,\u00a0<\/span><\/p>\n<p style=\"text-align: center;\"><b>Gitta, Eef, Marieke, Waldemar, Nox and Otis.<\/b><\/p>\n<p style=\"text-align: center;\"><strong><i>***<\/i><\/strong><\/p>\n<p style=\"text-align: center;\"><i><span style=\"font-weight: 400;\">February 4, 2024<\/span><\/i><\/p>\n<p style=\"text-align: center;\"><span style=\"font-weight: 400;\">Dear all, I have really enjoyed staying here. the combination of the nature, stillness, I feel happy, most of all thankful for spending these 7 days with you. thanks to Laura, Afke, Helga, Vini and Sandra. You have a paradise on earth here. See you for sure,<\/span><\/p>\n<p style=\"text-align: center;\"><b>Patricia<br \/><\/b><\/p>\n<p style=\"text-align: center;\"><b>***<\/b><\/p>\n<p style=\"text-align: center;\"><i><span style=\"font-weight: 400;\">February 3, 2024<\/span><\/i><\/p>\n<p style=\"text-align: center;\"><span style=\"font-weight: 400;\">We extend a huge thank you to you all for making our visit so special. It&#8217;s difficult to sum up exactly why Monte rosa has that magic nostalgia that makes staying so unique. But the people, the garden, the soft and embracing atmosphere and the warmth &amp; the welcome is a large of it. We very much hope we will return. With our very best wishes to all of you,<br \/><\/span><\/p>\n<p style=\"text-align: center;\"><b>Nicole, Gerry &amp; Axel<br \/><\/b><\/p>\n<p style=\"text-align: center;\"><b>***<\/b><\/p>\n<p style=\"text-align: center;\"><i><span style=\"font-weight: 400;\">January 15, 2024<\/span><\/i><\/p>\n<p style=\"text-align: center;\"><span style=\"font-weight: 400;\">Dear team Monte Rosa, Thank you for this lovely stay. We appreciate the hospitality and the personal communication. It was nice to start the day with a good breakfast. Also for little James. Thank you for everything! Much love from us,<br \/><\/span><\/p>\n<p style=\"text-align: center;\"><b>Jolanda, David &amp; James<br \/><\/b><\/p>\n<p style=\"text-align: center;\"><b>***<\/b><\/p>\n<p style=\"text-align: center;\"><i><span style=\"font-weight: 400;\">December 7, 2023<\/span><\/i><\/p>\n<p style=\"text-align: center;\"><span style=\"font-weight: 400;\">Thank you for your hospitality, for letting us use the round house as we wished. We had a lovely and wonderful retreat here. We loved the space, the quiet and the spirit of this place!<br \/><\/span><\/p>\n<p style=\"text-align: center;\"><b>Judith &amp; Jessica<br \/><\/b><\/p>\n<p style=\"text-align: center;\"><b>***<\/b><\/p>\n<p style=\"text-align: center;\"><i><span style=\"font-weight: 400;\">November 26 2023<\/span><\/i><\/p>\n<p style=\"text-align: center;\"><span style=\"font-weight: 400;\">Thanks for a super quiet week, with beautiful little trips in all directions.<\/span><\/p>\n<p style=\"text-align: center;\"><b>Yolande<\/b><\/p>\n<p style=\"text-align: center;\"><b>***<\/b><\/p>\n<p style=\"text-align: center;\"><em>November 8 2023<\/em><b><br \/><\/b><\/p>\n<p style=\"text-align: center;\">We hebben een hele leuke week gehad. Het huisje is knus en gezellig. Het ontbijt is elke dag fantastisch! We hebben genoten van jullie gastvrijheid. Jullie vormen een heel leuk en divers team. Veelngeluk voor jullie allemaal!<\/p>\n<p style=\"text-align: center;\"><strong>Mireille en Dennis<\/strong><\/p>\n<p style=\"text-align: center;\"><strong><b>***<\/b><\/strong><\/p>\n<p style=\"text-align: center;\"><i><span style=\"font-weight: 400;\">November 1 2023<\/span><\/i><\/p>\n<p style=\"text-align: center;\"><span style=\"font-weight: 400;\">Thank you for this great time &#8211; wonderful place with great people!<\/span><\/p>\n<p style=\"text-align: center;\"><b>Lia Aaron<\/b><\/p>\n<p style=\"text-align: center;\"><b>***<\/b><\/p>\n<p style=\"text-align: center;\"><em>28 oktober 2023<\/em><\/p>\n<p style=\"text-align: center;\">Lieve allemaal, Wat heb ik een fijne week gehad. Het was by all means een &#8216;retreat&#8217;. Een heerlijke plek om bij te komen, dat is Monte Rosa. Fijne mensen met aandacht en fijne gesprekken. Lekkere ontbijtjes en heerlijke &#8217;treatments&#8217;, zoals de areal yoga en de massages. Het heeft me enorm goed gedaan.\u00a0 De breathwork met Jan was een mooie aanzet tot loslaten. Ontzettend bedankt allemaal. Ik kom heel graag terug voor een vervolg.<\/p>\n<p style=\"text-align: center;\">Heel veel liefs en obrigada,<\/p>\n<p style=\"text-align: center;\"><strong>Annelies<\/strong><\/p>\n<p style=\"text-align: center;\"><b>***<\/b><\/p>\n<p style=\"text-align: center;\"><i><span style=\"font-weight: 400;\">October 17, 2023<\/span><\/i><\/p>\n<p style=\"text-align: center;\"><span style=\"font-weight: 400;\">Dear Monte Rosa, we would like to thank you for your welcome, your care and hospitality. We enjoyed the sun, the place, the rest, nature, food and everything! Come back another time. With love,<\/span><\/p>\n<p style=\"text-align: center;\"><b>Sigrid and Brigitte<\/b><\/p>\n<p style=\"text-align: center;\"><b>***<\/b><\/p>\n<p style=\"text-align: center;\"><em><span>6 juni 2023<\/span><\/em><\/p>\n<p style=\"text-align: center;\">Ha\u00a0<span class=\"il\">Sandra<\/span>en collega&#8217;s,<\/p>\n<p style=\"text-align: center;\">Wij hebben ruim twee weken genoten op het heerlijke Monte Rosa. Veel<br \/>dank voor het meedenken en de uitstekende service!<\/p>\n<p style=\"text-align: center;\"><strong>Ren\u00e9e en Nico<\/strong><b><\/b><\/p>\n<p class=\"p1\" style=\"text-align: center;\"><b>***<\/b><\/p>\n<p style=\"text-align: center;\"><em>19 mei 2023<\/em><\/p>\n<p style=\"text-align: center;\">Ik vond het leuk in het zwembad en ook in de zee.<\/p>\n<p style=\"text-align: center;\"><strong>Van Ida Hoedt. Ik ben 7 jaar<\/strong><strong><\/strong><\/p>\n<p style=\"text-align: center;\"><strong><\/strong><\/p>\n<div style=\"text-align: center;\">\n<div>\n<p style=\"text-align: center;\"><strong><b>***<\/b><\/strong><\/p>\n<\/div>\n<\/div>\n<p style=\"text-align: center;\"><em>19 mei 2023<\/em><\/p>\n<p style=\"text-align: center;\">Ik vond de vakantie fantastisch. Veel leuke mensen, leuk zwembad. Ik kom<br \/>zeker terug!<\/p>\n<p style=\"text-align: center;\"><strong>Marte Hoedt, 9 jaar<\/strong><strong><\/strong><\/p>\n<div style=\"text-align: center;\">\n<div>\n<p style=\"text-align: center;\"><strong><b>***<\/b><\/strong><\/p>\n<\/div>\n<\/div>\n<p style=\"text-align: center;\"><em>19 mei 2023<\/em><\/p>\n<p style=\"text-align: center;\">De pappa kan hier weinig aan toevoegen. De Hoedtjes hebben hier een te<br \/>korte, fantastische\u00a0 ervaring gehad.<\/p>\n<p style=\"text-align: center;\"><strong>Familie Hoedt<\/strong><\/p>\n<div style=\"text-align: center;\">\n<div>\n<p style=\"text-align: center;\"><strong><b>***<\/b><\/strong><\/p>\n<\/div>\n<\/div>\n<p style=\"text-align: center;\"><strong><\/strong><em>28 mei 2023<\/em><\/p>\n<p style=\"text-align: center;\">Het was een heel fijn verblijf. Met aandacht en liefde werd er gekookt.<\/p>\n<p style=\"text-align: center;\">Dank jullie wel!<em><\/em><\/p>\n<p style=\"text-align: center;\"><strong>Tom en Heleen<\/strong><\/p>\n<div style=\"text-align: center;\">\n<div>\n<p style=\"text-align: center;\">***<\/p>\n<\/div>\n<\/div>\n<p style=\"text-align: center;\"><em>28 maart 2023<\/em><\/p>\n<p style=\"text-align: center;\">Hoezo zijn wij hier nog niet eerder geweest?! Prachtig Monte Rosa, geweldig genoten van alle vriendelijkheid en het ontbijt! Tot ziens,<\/p>\n<div style=\"text-align: center;\">\n<p style=\"text-align: left;\"><strong>Janna &amp; Erwin<br \/><\/strong><\/p>\n<\/div>\n<div style=\"text-align: center;\">\n<div>\n<p style=\"text-align: center;\"><strong><b>***<\/b><\/strong><\/p>\n<\/div>\n<\/div>\n<p style=\"text-align: center;\"><em>9 maart 2023<\/em><\/p>\n<p style=\"text-align: center;\">We kwamen hier 30 jaar geleden voor het eerst. In de jaren daarna is het door Sandra opgebouwd tot wat het nu is. En het is erg mooi geworden. Een paradijs, een oase, een plek om te genieten en tot rust te komen! We zijn hier een maand geweest en dat was geen dag te lang. De fijne mensen op Monte Rosa maken het helemaal compleet, met dank aan Ingeborg, Vinnie, Laura en Ivan.<\/p>\n<div style=\"text-align: center;\">\n<p><strong>Barbara &amp; Wouter<br \/><\/strong><\/p>\n<\/div>\n<div style=\"text-align: center;\">\n<div>\n<p style=\"text-align: center;\"><strong><b>***<\/b><\/strong><\/p>\n<\/div>\n<\/div>\n<p style=\"text-align: center;\"><em>9 maart 2023<\/em><\/p>\n<p style=\"text-align: center;\">We hadden een heerlijk verblijf voor 5 nachten. Een prachtig plek en heerlijk rustig. IJskoud water in zwembad , goede tips en heel vriendelijke mensen. We gaan het zeker aanbevelen! Dank jullie wel en wie weet tot ziens.<\/p>\n<div style=\"text-align: center;\">\n<p><strong>Fenna en Heuls<br \/><\/strong><\/p>\n<\/div>\n<div style=\"text-align: center;\">\n<div>\n<p style=\"text-align: center;\"><strong><b>***<\/b><\/strong><\/p>\n<\/div>\n<\/div>\n<p style=\"text-align: center;\"><em>6 maart 2023<\/em><\/p>\n<p style=\"text-align: center;\">Bedankt Monte Rosa! Ik was hier voor 4 nachten en heb echt een geweldige tijd gehad. Jullie hebben zo\u00b4n mooie en speciale plek hier. Ik waardeer de zorg en aandacht die werd besteed aan het perfect maken van mijn verblijf enorm. Bedankt.<\/p>\n<div style=\"text-align: center;\">\n<p><strong>Maya<br \/><\/strong><\/p>\n<\/div>\n<div style=\"text-align: center;\">\n<div>\n<p style=\"text-align: center;\"><strong><b>***<\/b><\/strong><\/p>\n<\/div>\n<\/div>\n<p style=\"text-align: center;\"><em>4 Maart 2023<\/em><\/p>\n<p style=\"text-align: center;\">Bedankt voor een erg fijn verblijf. Het was een prefecte onderbreking van de winter in het noorden. Het was een genot om wat ontspannende tijd door te brengen in the Round House. Ontbijt in de tuin, in de zon, luisterend naar het gezand van de vogels in de ochtend was een hoogtepunt. Net zoals tijd doorbrengen met het doen van yoga in de prachtig Round House, genieten van de heerlijke diners en kletsen met het personeel. Iedereen was vriendelijk en hebben veel kennis over het gebied, wandelingen en plekken om te bezoeken. Over het algemeen een geweldig verblijf.<\/p>\n<div style=\"text-align: center;\">\n<p><strong>Michaela &amp; Martin<br \/><\/strong><\/p>\n<\/div>\n<div style=\"text-align: center;\">\n<div>\n<p style=\"text-align: center;\"><strong><b>***<\/b><\/strong><\/p>\n<\/div>\n<\/div>\n<p style=\"text-align: center;\"><em>25 Februari 2023<\/em><\/p>\n<p style=\"text-align: center;\">Na jaren weer even terug op Monte Rosa. Het voelde gelijk weer vertrouwd. Heerlijk gewandeld. Hartstikke bedankt.<\/p>\n<div style=\"text-align: center;\">\n<p><strong>Piet en Jose<br \/><\/strong><\/p>\n<\/div>\n<div style=\"text-align: center;\">\n<div>\n<p style=\"text-align: center;\"><strong><b>***<\/b><\/strong><\/p>\n<\/div>\n<\/div>\n<p style=\"text-align: center;\"><em>11 Februari 2023<\/em><\/p>\n<p style=\"text-align: center;\">Beste Monte Rosa team, ik heb echt genoten van mijn mooie tijd hier en voelde me erg op mijn gemak. Iedereen hier is erg warm en behulpzaam. Het onbijt was erg lekker en uitgebreid. Ik zou graag terugkomen, misschien in het voorjaar.<\/p>\n<div style=\"text-align: center;\">\n<p><strong>Manfred<br \/><\/strong><\/p>\n<\/div>\n<div style=\"text-align: center;\">\n<div>\n<p style=\"text-align: center;\"><strong><b>***<\/b><\/strong><\/p>\n<\/div>\n<p><strong><\/strong><em>10 Februari 2023<\/em><strong><\/strong><\/p>\n<\/div>\n<p style=\"text-align: center;\">Lieve Allemaal,\u00a0We hebben heerlijk genoten in jullie prachtige paradijs met leuke en gastvrije mensen. En ontvangst was warm. De omgeving biedt heel afwisselende mogelijkheden, waar we hebben van genoten. Zelfs vandaag met de &#8220;Buuf&#8221; als vrijwilliger wandelingen gemaakt met asielhonden die \u00e9\u00e9n maal per week buiten de kemmel gelaten worden, door allerlei enthousiaste mensen. Superleuke ervaring. Wij gaan deze mooie relax plek\u00a0zeker doorvertellen aan onze vrienden.<\/p>\n<div style=\"text-align: center;\">\n<p><strong>Grace &amp; Joke<\/strong><strong><\/strong><\/p>\n<p style=\"text-align: center;\"><strong><b>***<\/b><\/strong><\/p>\n<\/div>\n<p style=\"text-align: center;\"><em>02 Februari 2023<\/em><strong><\/strong><\/p>\n<p style=\"text-align: center;\">Lieve Sandra &amp; Laura, Carole en Romy (Yogini&#8217;s), Het was heerlijk om 5 dagen in jullie, lieve hartelijke Monte Rosa te verblijven.Dank voor alles en tot ziens. Succes met je boek \u00a0lieve Sandra. Ben reuze benieuwd.<\/p>\n<div style=\"text-align: center;\">\n<p><strong><strong>Nicole Cremers<\/strong><\/strong><strong><\/strong><\/p>\n<p style=\"text-align: center;\"><strong><b>***<\/b><\/strong><\/p>\n<\/div>\n<p style=\"text-align: center;\"><em><span>24 oktober 2022<\/span><\/em><\/p>\n<p style=\"text-align: center;\"><span>Lieve Doreth en Ingeborg, Vini en Laura en de anderen (waarvan ik\u00a0 me jullie namen even niet zo herinner), heel veel dank voor de prachtige tijd hier op Monte Rosa! Deze plek heeft ons rust, plezier en moois gebracht en heeft onze eerste kennismaking met Portugal mede onvergetelijk gemaakt! We zijn verliefd geworden op de oceaan met haar prachtige kustlijn en rotsen, alle gezellige stadjes en tegelwerken. We nemen dan ook een volle koffer met Portugese dingen mee naar huis om zo nog langer in deze vakantiesferen te kunnen blijven. Dank voor alle toewijding, tips over de omgeving en het heerlijke ontbijt. Het ga jullie goed en graag nog eens tot weerziens hier op Monte Rosa en in de Algarve!\u00a0 ps. mijn 40ste verjaardag hier vieren was ultiem!<\/span><span><\/span><\/p>\n<p style=\"text-align: center;\"><strong>Linda &amp; Pjotr<\/strong><\/p>\n<p style=\"text-align: center;\"><strong><b>***<\/b><\/strong><\/p>\n<p style=\"text-align: center;\"><em><span>14 oktober 2022<\/span><\/em><\/p>\n<p style=\"text-align: center;\"><span>Lieve Doreth en Ingeborg, Vini en Laura, heerlijk was het om hier te zijn. De goede tips en de bereidheid om ons weg te brengen of op te halen voor en na een geweldige wandeling waren super. De ontbijten, op maat gemaakt, en de diners waren super. Wij hebben genoten van ons verblijf. Dank allen voor jullie goede zorgen.<\/span><\/p>\n<p style=\"text-align: center;\"><strong>Conny &amp; Maurice<\/strong><\/p>\n<p class=\"p1\" style=\"text-align: center;\"><b>***<\/b><\/p>\n<p style=\"text-align: center;\"><em><span>12 oktober 2022<\/span><\/em><\/p>\n<p style=\"text-align: center;\"><span>Lieve allemaal, het was weer heerlijk om hier te zijn, Ik heb genoten van de rust, het gezang van de vogels, de heerlijke ontbijtjes en diners! Dank voor jullie lieve aandacht en tips\u2026Het was heel bijzonder allemaal. Liefs en tot ziens?<\/span><\/p>\n<p style=\"text-align: center;\"><strong><span>Joyce<\/span><\/strong><\/p>\n<p class=\"p1\" style=\"text-align: center;\"><b>***<\/b><\/p>\n<p style=\"text-align: center;\"><em><span>30 september 2022<\/span><\/em><\/p>\n<p style=\"text-align: center;\"><span>Beste Ingeborg, Doreth, bedankt voor het heerlijke verblijf! We hebben deze dagen ontzettend genoten en zijn helemaal tot rust gekomen. We komen zeker nog een keer terug en zullen iedereen deze plek aanbevelen! Tot ziens! Liefs,<\/span><\/p>\n<p style=\"text-align: center;\"><strong><span>Jurri\u00ebn &amp; Lisanne<\/span><\/strong><\/p>\n<p class=\"p1\" style=\"text-align: center;\"><b>***<\/b><\/p>\n<p style=\"text-align: center;\"><em><span>29 september 2022<\/span><\/em><\/p>\n<p style=\"text-align: center;\"><span>Beste Ingeborg, Doreth en de anderen, Dank voor jullie ontvangst, tips, etc, We hebben het hier heerlijk gehad, vele rustige plekjes, veel ruimte en fijn huisje. Groetjes,<\/span><\/p>\n<p style=\"text-align: center;\"><strong><span>Marian en Jacqueline<\/span><\/strong><\/p>\n<p class=\"p1\" style=\"text-align: center;\"><b>***<\/b><\/p>\n<p style=\"text-align: center;\"><em><span>28 september 2022<\/span><\/em><\/p>\n<p style=\"text-align: center;\"><span>We hebben een heerlijke tijd gehad hier in Monte Rosa. Genoten van de rust, de ruimte, stilte, sterren kijken en fijn contact met de medebezoekers en iedereen van het personeel. Veel dank!<\/span><\/p>\n<p style=\"text-align: center;\"><strong><span>Tim &amp; Laura<\/span><\/strong><\/p>\n<p class=\"p1\" style=\"text-align: center;\"><b>***<\/b><\/p>\n<p style=\"text-align: center;\"><em><span>19 september 2022<\/span><\/em><\/p>\n<p style=\"text-align: center;\"><span>Doreth, Ingeborg, Vini, Laura en alle anderen, super bedankt voor jullie gastvrijheid, mooie locatie, de heerlijke ontbijtjes en de superdiners! En natuurlijk voor de geweldige wandelingen! Chapeau! Het was fantastisch om hier te mogen zijn! Lieve groetjes,<\/span><\/p>\n<p style=\"text-align: center;\"><strong><span>Jeanne &amp; Rijk<\/span><\/strong><\/p>\n<p class=\"p1\" style=\"text-align: center;\"><b>***<\/b><\/p>\n<p style=\"text-align: center;\"><em><span>11 september 2022<\/span><\/em><\/p>\n<p style=\"text-align: center;\"><span>Doreth, Ingeborg en team, we hebben een heerlijk verblijf gehad. Alles goed verzorgd, ook van het diner hebben we genoten. Het gezellige samenzijn tijdens het diner. Misschien tot een volgende keer!<\/span><\/p>\n<p style=\"text-align: center;\"><strong><span>Erick &amp; Corien<\/span><\/strong><\/p>\n<p class=\"p1\" style=\"text-align: center;\"><b>***<\/b><\/p>\n<p style=\"text-align: center;\"><em><span>10 september 2022<\/span><\/em><\/p>\n<p style=\"text-align: center;\"><span>Beste Ingeborg, Doreth, Laura, Vini, Ivan, No\u00e9mia en Sandra, dank jullie wel voor het geweldige verblijf. <\/span>Thank you so much for this amazing stay! Portugal is really beautiful, but you guys made this stay even better by being so kind and caring (and the nice food!).<\/p>\n<p style=\"text-align: center;\"><strong><span>Maxime<\/span><\/strong><\/p>\n<p class=\"p1\" style=\"text-align: center;\"><b>***<\/b><\/p>\n<p style=\"text-align: center;\"><em><span>14 augustus 2022<\/span><\/em><\/p>\n<p style=\"text-align: center;\"><span>We hebben een geweldige tijd gehad! De kids hebben genoten van de schommelbank, kippen, zwembad en het grote terrein vol avonturen. We hopen zeker weer terug te komen! Liefs,<\/span><\/p>\n<p style=\"text-align: center;\"><strong><span>Joost, No\u00e9, Tijn &amp; Nina<\/span><\/strong><\/p>\n<p class=\"p1\" style=\"text-align: center;\"><b>***<\/b><\/p>\n<p style=\"text-align: center;\"><em><span>6 Augustus 2022<\/span><\/em><\/p>\n<p style=\"text-align: center;\"><span>Liefste Ingeborg en Doreth, Monte Rosa was 100% genieten: de gemoedelijke sfeer die je onmiddellijk voelt bij ontvangst, de gezellige babbeltjes, het overheerlijke eten en de fantastische plek om te verblijven. Hartelijk bedankt voor deze mooie momenten!<\/span><\/p>\n<p style=\"text-align: center;\"><strong><span>Fanny, David, Basile &amp; Baptiste<\/span><\/strong><\/p>\n<p class=\"p1\" style=\"text-align: center;\"><b>***<\/b><i><\/i><\/p>\n<p style=\"text-align: center;\"><em><span>15 juli 2022<\/span><\/em><\/p>\n<p style=\"text-align: center;\"><span>Mama en ik vinden Monte Rosa een heel leuke plek. Ik hoop dat we nog eens komen. <\/span><\/p>\n<p style=\"text-align: center;\"><strong><span>Felice<\/span><\/strong><\/p>\n<p style=\"text-align: center;\"><span>Wat een z\u00e1lige plek! We hebben Monte Rosa in ons hart gesloten! Dank voor alle goede en hartelijke zorgen. We will be back!<\/span><\/p>\n<p style=\"text-align: center;\"><strong><span>Catelijne &amp; Felice<\/span><\/strong><\/p>\n<p class=\"p1\" style=\"text-align: center;\"><b>***<\/b><\/p>\n<p style=\"text-align: center;\"><em><span>27 juni 2022<\/span><\/em><\/p>\n<p style=\"text-align: center;\"><span>Wij hebben genoten van deze plek. Echt een toplocatie met zoveel natuur om ons heen. Het was prachtig weer met een verkoelend briesje. Bedankt en we zullen deze plek zeker aan anderen aanraden!<\/span><\/p>\n<p style=\"text-align: center;\"><strong><span>Lars &amp; Lizadine<\/span><\/strong><\/p>\n<p class=\"p1\" style=\"text-align: center;\"><b>***<\/b><i><\/i><\/p>\n<p style=\"text-align: center;\"><em><span>27 juni 2022<\/span><\/em><\/p>\n<p style=\"text-align: center;\"><span>Wat een fijne plek om helemaal tot rust te komen. Alle zorgen waaien weg met de wind. Kjell kon heerlijk spelen in de speeltuin en het zwembad en met de Duplo! Wij hebben heerlijk kunnen ontspannen met dank aan het toppersoneel en uitstekende verzorging! Bedankt en wie weet tot ziens!<\/span><\/p>\n<p style=\"text-align: center;\"><strong><span>Jordy, Ella &amp; Kjell<\/span><\/strong><\/p>\n<p class=\"p1\" style=\"text-align: center;\"><b>***<\/b><i><\/i><\/p>\n<p style=\"text-align: center;\"><em><span>18 juni 2022<\/span><\/em><\/p>\n<p style=\"text-align: center;\"><span>Wat een mooie authentieke omgeving en plek! Heeeeeerlijk! Toppersoneel! Hartelijke mensen. Dank! <\/span><span>Rustgevende en bezielende plek midden in een overweldigende natuur. Dank aan iedereen in Monte Rosa.<\/span><\/p>\n<p style=\"text-align: center;\"><strong><span>Annette &amp; Dimitry<\/span><\/strong><\/p>\n<p class=\"p1\" style=\"text-align: center;\"><b>***<\/b><\/p>\n<p style=\"text-align: center;\"><em><span>18 juni 2022<\/span><\/em><\/p>\n<p style=\"text-align: center;\"><span>Door annulering van onze vlucht begon onze vakantie slecht, maar dat werd later ruimschoots goedgemaakt. Vertrek was 1 dag later, maar wij konden ook 1 dag langer dan gepland blijven. Wij hebben hier genoten van de rust, gezelligheid en gastvrijheid. Elke dag per fiets genoten van de prachtige omgeving, zowel op de weg als de onverharde wegen. Er wordt weinig gefietst, maar de automobilisten geven alle ruimte, daar kunnen de Nederlanders wel iets van leren.<\/span><\/p>\n<p style=\"text-align: center;\"><strong><span>Jeroen en Marti<\/span><\/strong><\/p>\n<p class=\"p1\" style=\"text-align: center;\"><b>***<\/b><\/p>\n<p style=\"text-align: center;\"><em><span>14 juni 2022<\/span><\/em><\/p>\n<p style=\"text-align: center;\"><span>Een veilige haven, vol rust, eenvoud en natuur. De ideale plek om te gronden, omringd door lieve en warme mensen. Puur genieten!<\/span><\/p>\n<p style=\"text-align: center;\"><strong><span>Anoniem<\/span><\/strong><\/p>\n<p class=\"p1\" style=\"text-align: center;\"><b>***<\/b><i><\/i><\/p>\n<p style=\"text-align: center;\"><em><span>6 juni 2022<\/span><\/em><\/p>\n<p style=\"text-align: center;\"><span>Hele fijne, ontspannen tijd gehad bij jullie. Lekker ontbijt, heerlijk diner en goede tips en ontvangst. Zeker een mooie plek om terug te komen of door te geven. <\/span><\/p>\n<p style=\"text-align: center;\">p.s. super massage gehad!<\/p>\n<p style=\"text-align: center;\"><strong><span>Ruud en Bettina<\/span><\/strong><\/p>\n<p class=\"p1\" style=\"text-align: center;\"><b>***<\/b><i><\/i><\/p>\n<p class=\"p1\" style=\"text-align: center;\"><i>31 mei 2022<\/i><\/p>\n<p class=\"p1\" style=\"text-align: center;\">We hebben een prachtige vakantie gehad!<\/p>\n<p class=\"p1\" style=\"text-align: center;\"><b>Martin &amp; Stine<\/b><\/p>\n<p class=\"p1\" style=\"text-align: center;\"><b>***<\/b><\/p>\n<p class=\"p1\" style=\"text-align: center;\"><i>26 mei 2022<\/i><\/p>\n<p class=\"p1\" style=\"text-align: center;\">Aan alles komt een eind, maar we kijken terug op 7 geweldige dagen hier. Jullie zijn allemaal fantastische, bedankt!<\/p>\n<p class=\"p1\" style=\"text-align: center;\"><b>Wilma &amp; Inge<\/b><\/p>\n<p class=\"p1\" style=\"text-align: center;\"><b>***<\/b><\/p>\n<p class=\"p1\" style=\"text-align: center;\"><i>25 mei 2022<\/i><\/p>\n<p class=\"p1\" style=\"text-align: center;\">Wat heb ik mij thuis gevoeld op Monte Rosa. Een perfecte plek om te relaxen (dank ook voor de fijne massages en yogalessen van Julia en Romy), de natuur op te zoeken en de gezellige drukte op te zoeken in Lagos. Dank ook voor het heerlijke diner en de fijne ontbijtjes. Iedere ochtend na een duik in het zwembad, was het een lust om bij het ontbijt aan te schuiven. Muito, muito obrigada!<\/p>\n<p class=\"p1\" style=\"text-align: center;\"><b>Liefs, Manon<\/b><\/p>\n<p class=\"p1\" style=\"text-align: center;\"><b>***<\/b><\/p>\n<p class=\"p1\" style=\"text-align: center;\"><i>20 mei 2022<\/i><\/p>\n<p class=\"p1\" style=\"text-align: center;\">Hartelijk dank voor de gastvrijheid, niets was teveel. Een fijne week gehand.<\/p>\n<p class=\"p1\" style=\"text-align: center;\"><b>Groet<\/b><b>, Eric<\/b><\/p>\n<p class=\"p1\" style=\"text-align: center;\"><b>***<\/b><\/p>\n<p class=\"p1\" style=\"text-align: center;\"><i>17 mei 2022<\/i><\/p>\n<p class=\"p1\" style=\"text-align: center;\">Heerlijke week gehad! Dank aan Ingeborg, Vini, Doreth. Liefs,<\/p>\n<p class=\"p1\" style=\"text-align: center;\"><b>Ellen<\/b><\/p>\n<p class=\"p1\" style=\"text-align: center;\"><b>***<\/b><\/p>\n<p class=\"p1\" style=\"text-align: center;\"><i>14 mei 2022<\/i><\/p>\n<p class=\"p1\" style=\"text-align: center;\">Wat een geweldige plek qua gastvrijheid, eten, onderkomen en wandelgebied. Lieve groet,<\/p>\n<p class=\"p1\" style=\"text-align: center;\"><b>Bettina &amp; Marjolijn<\/b><\/p>\n<p class=\"p1\" style=\"text-align: center;\"><b>***<\/b><\/p>\n<p class=\"p1\" style=\"text-align: center;\"><i>6 mei 2022<\/i><\/p>\n<p class=\"p1\" style=\"text-align: center;\">Heerlijke plek, prachtige wandelingen, top service van Ingeborg. Dank!<\/p>\n<p class=\"p1\" style=\"text-align: center;\"><b>Marianne<\/b><\/p>\n<p class=\"p1\" style=\"text-align: center;\"><b>***<\/b><\/p>\n<p class=\"p1\" style=\"text-align: center;\"><i>22 april 2022<\/i><\/p>\n<p class=\"p1\" style=\"text-align: center;\">Lief team van Monte Rosa, wat heb ik genoten afgelopen week! Ik was op zoek naar een mooie plek in de natuur met ruimte voor contact en alleen zijn en flexibel van dagprogramma. En het klopte helemaal! De lieve mensen, heerlijke eten en geweldige yoga, heerlijk gewandeld. Bedankt voor alle tips. Tot ziens!<\/p>\n<p class=\"p1\" style=\"text-align: center;\"><b>Nancy R.<\/b><\/p>\n<p class=\"p1\" style=\"text-align: center;\"><b>***<\/b><\/p>\n<p class=\"p1\" style=\"text-align: center;\"><i>21 april 2022<\/i><\/p>\n<p class=\"p1\" style=\"text-align: center;\">Thank you for keeping this beautiful land so cared for. The colors, the scents, the flavors it has provided, has made our stay even richer and more memorable. From the trees, the houses to the beautiful birds. The playgrounds and climbing challenges for the kids have been most welcoming. I&#8217;m sure our stay here will live in our children&#8217;s memories (especially the pool!) for a very long time.<\/p>\n<p class=\"p1\" style=\"text-align: center;\"><b>Alia, Jahia, Jaya, Rawi &amp; Neri<\/b><\/p>\n<p class=\"p1\" style=\"text-align: center;\"><b>***<\/b><\/p>\n<p class=\"p1\" style=\"text-align: center;\"><i>19 april 2022<\/i><\/p>\n<p class=\"p1\" style=\"text-align: center;\">Wat hebben wij genoten van ons huisje nummer 8. De heerlijke plek en omgeving. Een oase om na alle uitstapjes steeds weer naar terug te keren. Mooie wandelingen, fijne strandjes, goede tips voor te bezoeken plekken. Kortom: fijne, ontspannen en fantastische plek. Wij hebben met volle teugen genoten. Warme groet,<\/p>\n<p class=\"p1\" style=\"text-align: center;\"><b>Bart &amp; Anja<\/b><\/p>\n<p class=\"p1\" style=\"text-align: center;\"><b>***<\/b><\/p>\n<p class=\"p1\" style=\"text-align: center;\"><i>18 april 2022<\/i><\/p>\n<p class=\"p1\" style=\"text-align: center;\">It was just the most magic and beautiful place we could have found! And the sounds of birds we will miss. Plus the flowers. Thank you Ingeborg, thank you Sandra.<\/p>\n<p class=\"p1\" style=\"text-align: center;\"><b>Ingrid &amp; Daniel<\/b><\/p>\n<p class=\"p1\" style=\"text-align: center;\"><b>***<\/b><\/p>\n<p class=\"p1\" style=\"text-align: center;\"><i>15 april 2022<\/i><\/p>\n<p class=\"p1\" style=\"text-align: center;\">We hebben heel erg genoten van deze prachtig plek. Heel erg bedank! Liefs,<\/p>\n<p class=\"p1\" style=\"text-align: center;\"><b>Clariska &amp; Orlando<\/b><\/p>\n<p class=\"p1\" style=\"text-align: center;\"><b>***<\/b><\/p>\n<p class=\"p1\" style=\"text-align: center;\"><i>10 april 2022<\/i><\/p>\n<p class=\"p1\" style=\"text-align: center;\">Wat hebben wij een geweldige week gehad bij jullie op Monte Rosa. Heerlijk gewandeld, heerlijk gegeten, lieve mensen. en dat alles op een prachtige plek. Hopelijk tot ziens! Liefs,<\/p>\n<p class=\"p1\" style=\"text-align: center;\"><b>Leo &amp; Corrie<\/b><\/p>\n<p class=\"p1\" style=\"text-align: center;\"><b>***<\/b><\/p>\n<p class=\"p1\" style=\"text-align: center;\"><i>9 april 2022<\/i><\/p>\n<p class=\"p1\" style=\"text-align: center;\">Lieve mensen van Monte Rosa. Wat was het heerlijk hier! We hebben zo genoten van de prachtige, vredige plek vol met bloesem, krekels, vogelgeluiden en een schitterende sterrenhemel. Wat een bijzondere plek met lieve mensen. Een plek om naar terug te komen. Liefs,<\/p>\n<p class=\"p1\" style=\"text-align: center;\"><b>Wendela &amp; Nora van Aalst<\/b><\/p>\n<p class=\"p1\" style=\"text-align: center;\"><b>***<\/b><\/p>\n<p class=\"p1\" style=\"text-align: center;\"><i>9 april 2022<\/i><\/p>\n<p class=\"p1\" style=\"text-align: center;\">Dag lieve heuvel vol bloemen, spechten, fazanten, krekels, cicaden, nog duizendtriljoen andere beestjes en ook nog heeeeele lieve mensen. Ik neem jullie allemaal mee in mijn hart, dat nog huilde toen ik aankwam, maar nu weer vol met hoop, vertrouwen en blijdschap gevuld is. Liefs e baci,<\/p>\n<p class=\"p1\" style=\"text-align: center;\"><b>Aura<\/b><\/p>\n<p class=\"p1\" style=\"text-align: center;\"><b>***<\/b><\/p>\n<p class=\"p1\" style=\"text-align: center;\"><i>4 april 2022<\/i><\/p>\n<p class=\"p1\" style=\"text-align: center;\">Beste Sandra, omdat we gisteren al om 5.00 uur moesten vertrekken en de dag ervoor pas laat thuis waren, hebben we je niet meer gezien. Wel hebben we Ingeborg nog getroffen. Bij deze willen we je graag laten weten dat we een toptijd gehad hebben op jouw mooie landgoed en in het leuke huisje nr. 6. We hebben genoten van het zwemmen in de morgen, het prachtige land, de yogales en niet te vergeten de verrukkelijke maaltijd op vrijdagavond met de leuke gasten en allermeest van de kleine Frie, ons buurmeisje van 4 jaar. We boften met het weer wat steeds beter werd. Terwijl ik je schrijf, kijk ik naar buiten naar de stromende Nederlandse regen. We verlangen alweer terug naar het mooie groen van Portugal en de heerlijke zon. We bedanken ook Ingeborg nogmaals voor haar goede adviezen waar we mooi konden wandelen en haar zorgzaamheid. We hadden dit in het gastenboek willen schrijven, misschien wil je het erin plakken? We zijn zeker van plan om terug te keren! Nogmaals dank voor de goede tijd in Monte Rosa!<\/p>\n<p class=\"p1\" style=\"text-align: center;\"><b>Floortje Vermeulen &amp; Willeke Oldenhof<\/b><\/p>\n<p class=\"p1\" style=\"text-align: center;\"><b>***<\/b><\/p>\n<p class=\"p1\" style=\"text-align: center;\"><i>3 april 2022<\/i><\/p>\n<p class=\"p1\" style=\"text-align: center;\">Bedankt voor het fijne verblijf op deze plek vol rust en verbinding. Zowel volwassenen als kinderen hebben er heerlijk van genoten.<\/p>\n<p class=\"p1\" style=\"text-align: center;\"><b>Dorien, Joris, Frie &amp; Suze<\/b><\/p>\n<p class=\"p1\" style=\"text-align: center;\"><b>***<\/b><\/p>\n<p class=\"p1\" style=\"text-align: center;\"><i>3 april 2022<\/i><\/p>\n<p class=\"p1\" style=\"text-align: center;\">Met Marion heb ik verbaasd en geraakt afgelopen week mogen genieten op en van Monte Rosa. Een wonderlijk mooie plek met een geweldig mooie energie. Niet alleen door de met zichtbaar heel veel liefde en inzicht zorgvuldig ingerichte accomodaties, de pr\u00e1chtige tuin, en de uitnodigende hangmatten, maar zeker ook door de mensen die er met veel liefde hun werkzaamheden verrichten, daarbij altijd welgemeend vriendelijk en behulpzaam naar de gasten. Ik kijk terug op een mooie en zeer inspiratievolle bezinningsweek. Ik ben geheeld door de fijne wandelingen in de mooie groene omgeving en door de wind aan wie ik gevraagd heb om alles wat mij niet meer dient van mij af te blazen. En daar kwamen ook nog twee bijzondere yogalessen van Romy bij, heel mooi opgebouwd, zorgvuldig en met mooie zachte aandacht in het eveneens energetisch prachtige Round House. Ik kwam op Monte Rosa meer mensen tegen zoals Romy, mensen met een mooi warm hart, ongeacht hun leeftijd of achtergrond. En fijn ook om nog net mee te kunnen maken hoe heerlijk en gezellig het avondeten op Monte Rosa is. Welnu Sandra, heel erg fijn en heel erg bedankt, dat ik van jouw levenswerk heb mogen genieten. Ben er stil van. Liefs,<\/p>\n<p class=\"p1\" style=\"text-align: center;\"><b>Silvy<\/b><\/p>\n<p class=\"p1\" style=\"text-align: center;\"><b>***<\/b><\/p>\n<p class=\"p1\" style=\"text-align: center;\"><i>26 maart 2022<\/i><\/p>\n<p class=\"p1\" style=\"text-align: center;\">O wat heerlijk, deze plek. Al eens eerder geweest voor een rondleiding. Zodoende nu met mijn zoontje van 3,5 jaar. Zo relaxt, vriendelijk, vrij, goede gesprekken. E\u00e9n keer heerlijke yogales gedaan en oppas van Bregje. Ook heel fijn! Zowel zon als regen gehad. Heel veel dank en liefs!<\/p>\n<p class=\"p1\" style=\"text-align: center;\"><b>Vivi &amp; Sebastiaan<\/b><\/p>\n<p class=\"p1\" style=\"text-align: center;\"><b>***<\/b><\/p>\n<p class=\"p1\" style=\"text-align: center;\"><i>6 maart 2022<\/i><\/p>\n<p class=\"p1\" style=\"text-align: center;\">I totally enjoyed Monte Rosa. The friendliness of everyone, the nature, the good food, driving and electric mountain bike (very nice!), doing a hike on the coast-path between Luz and Burgau was even better! Thanks a lot to all of you!<\/p>\n<p class=\"p1\" style=\"text-align: center;\"><b>Maitri<\/b><\/p>\n<p class=\"p1\" style=\"text-align: center;\"><b>***<\/b><\/p>\n<p class=\"p1\" style=\"text-align: center;\"><i>4 maart 2022<\/i><\/p>\n<p class=\"p1\" style=\"text-align: center;\">Wat een heerlijke plek. De stilte en de sfeer is heel fijn. Complimenten voor de mooie fietsroutes. De beschrijvingen en de plekjes waren prima te volgen.<\/p>\n<p class=\"p1\" style=\"text-align: center;\"><b>Ronald &amp; Aline<\/b><\/p>\n<p class=\"p1\" style=\"text-align: center;\"><b>***<\/b><\/p>\n<p class=\"p1\" style=\"text-align: center;\"><i>27 februari 2022<\/i><\/p>\n<p class=\"p1\" style=\"text-align: center;\">Veel dank! Het was een heerlijke plek om tot rust te komen. Er hangt een hele fijne sfeer en de mensen zijn vriendelijk en zeer gastvrij. Ik heb gesmuld van het ontbijt en de maaltijden. En het fietsuitstapje naar Luz is een aanrader. Evenals Restaurant A Tribo in Bar\u00e3o. Veel liefs,<\/p>\n<p class=\"p1\" style=\"text-align: center;\"><b>Sarah<\/b><\/p>\n<p class=\"p1\" style=\"text-align: center;\"><b>***<\/b><\/p>\n<p class=\"p1\" style=\"text-align: center;\"><i>26 februari 2022<\/i><\/p>\n<p class=\"p1\" style=\"text-align: center;\">We had a wonderful and quiet time staying at your lovely little paradise. Thank you so much!<\/p>\n<p class=\"p1\" style=\"text-align: center;\"><b>Claudia &amp; family<\/b><\/p>\n<p class=\"p1\" style=\"text-align: center;\"><b>***<\/b><\/p>\n<p class=\"p1\" style=\"text-align: center;\"><i>23 februari\u00a02022<\/i><\/p>\n<p class=\"p1\" style=\"text-align: center;\">Thank you so much for the lovely stay at your beautiful place. We had such a wonderful and relaxing time.<\/p>\n<p class=\"p1\" style=\"text-align: center;\"><b>Daniel, Angela &amp; Matti and Igor, the dog<\/b><\/p>\n<p class=\"p1\" style=\"text-align: center;\"><b>***<\/b><\/p>\n<p class=\"p1\" style=\"text-align: center;\"><i>15 februari 2022<\/i><\/p>\n<p class=\"p1\" style=\"text-align: center;\">Ik heb genoten van jullie gastvrijheid. Prachtige dagen op een prachtige plek.<\/p>\n<p class=\"p1\" style=\"text-align: center;\"><b>Albert Klok<\/b><\/p>\n<p class=\"p1\" style=\"text-align: center;\"><b>***<\/b><\/p>\n<p class=\"p1\" style=\"text-align: center;\"><i>8 februari 2022<\/i><\/p>\n<p class=\"p1\" style=\"text-align: center;\">We hebben acht fijne dagen gehad op Monte Rosa. Fijn gewandeld in deze mooie streek. We komen wellicht nog eens terug. Groet,<\/p>\n<p class=\"p1\" style=\"text-align: center;\"><b>Bram &amp; Hilda<\/b><\/p>\n<p class=\"p1\" style=\"text-align: center;\"><b>***<\/b><\/p>\n<p class=\"p1\" style=\"text-align: center;\"><i>2 februari 2022<\/i><\/p>\n<p class=\"p1\" style=\"text-align: center;\">Dear Sandra, thanks for the beautiful stay! Thank you for the nice place you build up. Take care, all the best.<\/p>\n<p class=\"p1\" style=\"text-align: center;\"><b>Gosia &amp; Johannes<\/b><\/p>\n<p class=\"p1\" style=\"text-align: center;\"><b>***<\/b><\/p>\n<p class=\"p1\" style=\"text-align: center;\"><i>23 december 2021<\/i><\/p>\n<p class=\"p1\" style=\"text-align: center;\">Sandra, ik vond het heerlijk, voelde me direct thuis en welkom. Dank voor de gastvrijheid en fijne atmosfeer en de goede vrijwilligers.<\/p>\n<p class=\"p1\" style=\"text-align: center;\"><b>Liefs van Silvia<\/b><\/p>\n<p class=\"p1\" style=\"text-align: center;\"><b>***<\/b><\/p>\n<p class=\"p1\" style=\"text-align: center;\"><i>20 november 2021<\/i><\/p>\n<p class=\"p1\" style=\"text-align: center;\">Really nice and cozy apartment surrounded by a beautiful garden. Communication was easy, welcoming and helpful. Would recommend staying there.<\/p>\n<p class=\"p1\" style=\"text-align: center;\"><b>Leonie<\/b><\/p>\n<p class=\"p1\" style=\"text-align: center;\"><b>***<\/b><\/p>\n<p class=\"p1\" style=\"text-align: center;\"><i>14 november 2021<\/i><\/p>\n<p class=\"p1\" style=\"text-align: center;\">Dank voor het heerlijke verblijf hier het was volop genieten op Monte Rosa en in de Algarve. Wie weet tot een volgende keer. Op Monte Rosa, met Sandra en Julian als gastvrouw en regelaar steeds prettig om ons heen, hebben we 14 dagen een geweldige vakantie gehad. Veel gewandeld, lekker gegeten, mooie mensen ontmoet, de heerlijke golfslagen(met en zonder plank) ondergaan; een top vakantie. We hopen elkaar weer te zien, want het was echt genieten. Ook wij gaan het doorvertellen aan een\u00a0ieder die het horen wil.\u00a0Hier moet je naar toe!<\/p>\n<p class=\"p1\" style=\"text-align: center;\"><b>Ruud Giesberts &amp; Judith Bouma<\/b><\/p>\n<p class=\"p1\" style=\"text-align: center;\"><b>***<\/b><\/p>\n<p class=\"p1\" style=\"text-align: center;\"><i>13 november 2021<\/i><\/p>\n<p class=\"p1\" style=\"text-align: center;\">Het Nederlands elftal stelde zwaar teleur vanavond, maar dat was het enige dieptepunt van 10 dagen Monte Rosa. Prachtig weer, fijne fietstochten, mooie wandelingen, plezierige gastvrijheid en zalige ontbijtjes! Veel dank voor dit heerlijke verblijf op een mooi plekje \u00a0in de Algarve. Ik zal reclame maken voor jullie in NL en verwacht zelf ook zeker eens terug te keren. Tot dan!<\/p>\n<p class=\"p1\" style=\"text-align: center;\"><b>Tjeus Holleman<\/b><\/p>\n<p class=\"p1\" style=\"text-align: center;\"><b>***<\/b><\/p>\n<p class=\"p1\" style=\"text-align: center;\"><i>28 oktober 2021<\/i><\/p>\n<p class=\"p1\" style=\"text-align: center;\">Lieve Sandra,\u00a0 Alweer zo\u2019n heerlijke 3 weken hier. Echt nodig na zo\u2019n slechte zomer. Lieve mensen, prachtige wandelingen. Het ga je goed. Liefs,<\/p>\n<p class=\"p1\" style=\"text-align: center;\"><b>Lidy<\/b><\/p>\n<p class=\"p1\" style=\"text-align: center;\"><b>***<\/b><\/p>\n<p class=\"p1\" style=\"text-align: center;\"><i>28 oktober 2021<\/i><\/p>\n<p class=\"p1\" style=\"text-align: center;\">Wat een heerlijke, veilige, mooie en verzorgde plek is Monte Rosa! Ik heb me hier heel prettig gevoeld. Ook dankzij de heel aardige en behulpzame mensen. Graag tot ziens.<\/p>\n<p class=\"p1\" style=\"text-align: center;\"><b>Jet Lindhout<\/b><\/p>\n<p class=\"p1\" style=\"text-align: center;\"><b>***<\/b><\/p>\n<p class=\"p1\" style=\"text-align: center;\"><i>26 oktober 2021<\/i><\/p>\n<p class=\"p1\" style=\"text-align: center;\">Lieve mensen van deze geweldige plek. Doordat onze zoon Julian hier werkt, zijn we hier terecht gekomen. We hebben genoten van alles hier. En allemaal lieve mensen hier. We willen heel graag een keer terugkomen. Liefs,<\/p>\n<p class=\"p1\" style=\"text-align: center;\"><b>Anja &amp; Richard<\/b><\/p>\n<p class=\"p1\" style=\"text-align: center;\"><b>***<\/b><\/p>\n<p class=\"p1\" style=\"text-align: center;\"><i>23 oktober 2021<\/i><\/p>\n<p class=\"p1\" style=\"text-align: center;\">Lieve mensen &amp; all the nice people Julian, Fabio &amp; Maris. We vonden het heel fijn hier! Het eten was heeeerlijk en we hebben gesmuld van de lekkere eitjes. Het zwembad was ook erg lekker en verfrissend. Ella vond het leuk om te helpen in de keuken en de moestuin met Luis.<\/p>\n<p class=\"p1\" style=\"text-align: center;\"><b>Liefs, Leonie &amp; Amar + Rick &amp; Ella<\/b><\/p>\n<p class=\"p1\" style=\"text-align: center;\"><b>***<\/b><\/p>\n<p class=\"p1\" style=\"text-align: center;\"><i>16 oktober 2021<\/i><\/p>\n<p class=\"p1\" style=\"text-align: center;\">Hartelijke mensen van Monte Rosa, Het heeft ons werkelijk goed gedaan hier te zijn. De rustige (op de honden na dan) en mooi aangelegde tuin, het lekkere eten en de enthousiaste behandeling. Leuk dat we met jullie ook \u201cde wereld\u201d hebben kunnen bespreken. Het ga jullie allemaal goed! Hartelijke groeten,<\/p>\n<p class=\"p1\" style=\"text-align: center;\"><b>Eppo &amp; Suzan<\/b><\/p>\n<p class=\"p1\" style=\"text-align: center;\"><b>***<\/b><\/p>\n<p class=\"p1\" style=\"text-align: center;\"><i>14 oktober 2021<\/i><\/p>\n<p class=\"p1\" style=\"text-align: center;\">Het was weer heerlijk hier! We komen zeker snel weer terug! Bedankt voor alle gastvrijheid.<\/p>\n<p class=\"p1\" style=\"text-align: center;\"><b>Anja &amp; Ria<\/b><\/p>\n<p class=\"p1\" style=\"text-align: center;\"><b>***<\/b><\/p>\n<p class=\"p1\" style=\"text-align: center;\"><i>2 oktober 2021<\/i><\/p>\n<p class=\"p1\" style=\"text-align: center;\">Nog niet eerder (op mijn toch al respectabele leeftijd) zo gastvrij ontvangen als hier op Monte Rosa. Thanks all for that!<\/p>\n<p class=\"p1\" style=\"text-align: center;\"><b>Ada Sinke<\/b><\/p>\n<p class=\"p1\" style=\"text-align: center;\"><b>***<\/b><\/p>\n<p class=\"p1\" style=\"text-align: center;\"><i>1 oktober 2021<\/i><\/p>\n<p class=\"p1\" style=\"text-align: center;\">Wij hebben een heerlijke vakantie gehad op Monte Rosa, de perfecte afwisseling van luieren aan het zwembad en sportief wandelen en fietsen. Dank alle harde werkers voor de gastvrije ontvangst en de heerlijke maaltijden. Tips: wandelen rond Carrapateira en Praia de Amado, fietstocht naar Praia da Luz en Burgau, heerlijk uit eten in Eiro do Mel in Vila do Bispo (wel reserveren!). Wie weet tot ziens,<\/p>\n<p class=\"p1\" style=\"text-align: center;\"><b>Janneke &amp; Jim<\/b><\/p>\n<p class=\"p1\" style=\"text-align: center;\"><b>***<\/b><\/p>\n<p class=\"p1\" style=\"text-align: center;\"><i>18 september 2021<\/i><\/p>\n<p class=\"p1\" style=\"text-align: center;\">Het was een fantastische (te korte) week hier op Monte Rosa. Het is mooi in zijn eenvoud. Bedankt voor de goede zorgen, het lekkere eten, maar vooral de lieve mensen hier! Zeker tot ziens.<\/p>\n<p class=\"p1\" style=\"text-align: center;\"><b>Cleo\u00a0<\/b><b><\/b><\/p>\n<p class=\"p1\" style=\"text-align: center;\"><b>***<\/b><\/p>\n<p class=\"p1\" style=\"text-align: center;\"><i>15 september 2021<\/i><\/p>\n<p class=\"p1\" style=\"text-align: center;\">We hebben 7 dagen rondgefietst, erg leuk een aanrader. Daarna nog 5 dagen met een auto. Het ontbijt was top, 2x \u2019s avonds meegegeten, hadden heel lekker voor ons gekookt. Super!! We hebben een top vakantie gehad. Heel erg bedankt voor jullie gastvrijheid en goede zorgen. Liefs,<\/p>\n<p class=\"p1\" style=\"text-align: center;\"><b>Hein &amp; Elle uit Brabant<\/b><\/p>\n<p class=\"p1\" style=\"text-align: center;\"><b>***<\/b><\/p>\n<p class=\"p1\" style=\"text-align: center;\"><i>11 september 2021<\/i><\/p>\n<p class=\"p1\" style=\"text-align: center;\">Onwijs bedankt voor het fantastische verblijf! Jullie zijn een topteam. Volgende keer blijven we langer (of we gaan niet meer weg). Veel liefs,<\/p>\n<p class=\"p1\" style=\"text-align: center;\"><b>Demi &amp; Marne<\/b><\/p>\n<p class=\"p1\" style=\"text-align: center;\"><b>***<\/b><\/p>\n<p class=\"p1\" style=\"text-align: center;\"><i>6 september 2021<\/i><\/p>\n<p class=\"p1\" style=\"text-align: center;\">Dankjewel voor de heerlijke 4 nachten op jullie mooie plek en de upgrade. Sorry voor de herrie van de 2 meisjes, ze waren erg enthousiast. Volgende keer blijven we hopelijk langer. Liefs,<\/p>\n<p class=\"p1\" style=\"text-align: center;\"><b>Lotte &amp; Jason, Pixie &amp; Isla<\/b><\/p>\n<p class=\"p1\" style=\"text-align: center;\"><b>***<\/b><\/p>\n<p class=\"p1\" style=\"text-align: center;\"><i>30 augustus 2021<\/i><\/p>\n<p class=\"p1\" style=\"text-align: center;\">Bedankt jullie allemaal voor de super fijne twee weken op Monte Rosa. We hebben echt genoten en heerlijk kunnen bijkomen met de fantastische zon en de rust en geweldige gastvrijheid van jullie. We zullen nog veel terugdenken aan de fijne vakantie hier. Liefs,<\/p>\n<p class=\"p1\" style=\"text-align: center;\"><b>Familie van Benthum (John Paul, Lauda &amp; Chiel)<\/b><\/p>\n<p class=\"p1\" style=\"text-align: center;\"><b>***<\/b><\/p>\n<p class=\"p1\" style=\"text-align: center;\"><i>19 augustus 2021<\/i><\/p>\n<p class=\"p1\" style=\"text-align: center;\">What an amazing place to stay! It couldn\u2019t be better for us, all our expectations have been fulfilled and beyond. we will keep very nice memories of our journey here, this will be useful to continue this trip in our minds for the rest of the year. We hope we will meet again.Take care of you guys. Merci beaucoup.<\/p>\n<p class=\"p1\" style=\"text-align: center;\"><b>Alexandre e Cedric<\/b><\/p>\n<p class=\"p1\" style=\"text-align: center;\"><b>***<\/b><\/p>\n<p class=\"p1\" style=\"text-align: center;\"><i>19 augustus 2021<\/i><\/p>\n<p class=\"p1\" style=\"text-align: center;\">Dear Maris, Fabio, Theo, Samy natuurlijk en alle andere medewerkers van Monte Rosa. Thank you for a very nice and beautiful \u00a0holiday. The diners were very tasteful (better than before, if i may say) Maris, you are very good runner of everything. Till we meet again.<\/p>\n<p class=\"p1\" style=\"text-align: center;\"><b>Ronald &amp; Marga Komen<\/b><\/p>\n<p class=\"p1\" style=\"text-align: center;\"><b>***<\/b><\/p>\n<p class=\"p1\" style=\"text-align: center;\"><i>14 augustus 2021<\/i><\/p>\n<p class=\"p1\" style=\"text-align: center;\">Dear Maris and Fabio, Thank you for this very nice holiday week in your lovely place. Each day began with the happy smile of Maris and your marvellous breakfast. You were always welcoming and helpful! Sadly we have to leave but we finished the holiday with your super BBQ! Big kisses,<\/p>\n<p class=\"p1\" style=\"text-align: center;\"><b>Guillaume &amp; H\u00e9laise<\/b><\/p>\n<p class=\"p1\" style=\"text-align: center;\"><b>***<\/b><\/p>\n<p class=\"p1\" style=\"text-align: center;\"><i>13 augustus 2021<\/i><\/p>\n<p class=\"p1\" style=\"text-align: center;\">Dear ones, so beautiful place, we enjoyed it so much. It was such a short stay but we tasted it and it felt so good. We meet again and again in this paradise.<\/p>\n<p class=\"p1\" style=\"text-align: center;\"><b>Antar Khirad, Meijke Jetten &amp; Amber Aruna<\/b><\/p>\n<p class=\"p1\" style=\"text-align: center;\"><b>***<\/b><\/p>\n<p class=\"p1\" style=\"text-align: center;\"><i>10 augustus 2021<\/i><\/p>\n<p class=\"p1\" style=\"text-align: center;\">Lieve mensen van Monte Rosa, Sandra, Theo, Maris en Fabio. Dank jullie wel voor al de goede zorgen, het heerlijke eten, lekker verwend steeds met de ontbijtjes; mjammie! Hele leuke en fijne gesprekken mochten we voeren en elkaar steeds beter leren kennen. Helaas vertrekken we morgenvroeg alweer naar Nederland. We hebben echt genoten van deze prachtige accommodatie en de omgeving. We komen dan ook graag nog eens terug, mogelijk eind oktober dit jaar. We houden contact. Het ga jullie goed! Thanks, thanks, thanks,<\/p>\n<p class=\"p1\" style=\"text-align: center;\"><b>Alfred &amp; Annekie<\/b><\/p>\n<p class=\"p1\" style=\"text-align: center;\"><b>***<\/b><\/p>\n<p class=\"p1\" style=\"text-align: center;\"><i>6 augustus 2021<\/i><\/p>\n<p class=\"p1\" style=\"text-align: center;\">The week went by to quickly. All 3 of us had an unforgettable time. We loved the view from the house, the breakfast and dinners, the pool, the yoga, Mo the cat and last but not least the kindness of the people here. Thank you very much.<\/p>\n<p class=\"p1\" style=\"text-align: center;\"><b>Liesbeth, Nina &amp; Dean<\/b><\/p>\n<p class=\"p1\" style=\"text-align: center;\"><b>***<\/b><\/p>\n<p class=\"p1\" style=\"text-align: center;\"><i>5 augustus 2021<\/i><\/p>\n<p class=\"p1\" style=\"text-align: center;\">Aan alle mensen van Monte Rosa! Heel erg bedankt voor alle goede zorg. We hebben genoten van ons verblijf en de hartelijke ontvangst. Een prachtige omgeving en huisjes hebben jullie hier. Het ga jullie goed! P.S. Sarah heeft genoten van de kipjes!<\/p>\n<p class=\"p1\" style=\"text-align: center;\"><b>Lennard &amp; Mieke, Roshanna, Nathan &amp; Sarah<\/b><\/p>\n<p class=\"p1\" style=\"text-align: center;\"><b>***<\/b><\/p>\n<p class=\"p1\" style=\"text-align: center;\"><i>1 augustus 2021<\/i><\/p>\n<p class=\"p1\" style=\"text-align: center;\">Lieve Sandra, Theo, Marieke, Wat was het fijn om hier te zijn! Heb me erg welkom gevoeld. Wat fijn! Dank jullie wel voor de aandacht en zorg. Ik hoop gauw weer terug te komen. Mijn verblijf was te kort! Groetjes,<\/p>\n<p class=\"p1\" style=\"text-align: center;\"><b>Renate<\/b><\/p>\n<p class=\"p1\" style=\"text-align: center;\"><b>***<\/b><\/p>\n<p class=\"p1\" style=\"text-align: center;\"><i>25 juli 2021<\/i><\/p>\n<p class=\"p1\" style=\"text-align: center;\">Beste Sandra, Samy, Maris en Fabio, bedankt voor jullie gastvrijheid. We hebben genoten van Monte Rosa en de geweldige omgeving.<\/p>\n<p class=\"p1\" style=\"text-align: center;\"><b>Quinten, Katja, Frederique, Toine &amp; Merel<\/b><\/p>\n<p class=\"p1\" style=\"text-align: center;\"><b>***<\/b><\/p>\n<p class=\"p1\" style=\"text-align: center;\"><i>24 juli 2021<\/i><\/p>\n<p class=\"p1\" style=\"text-align: center;\">Sandra, heel veel dank voor de heerlijke week. We hebben genoten! De vrijdag-BBQ was erg gezellig!<\/p>\n<p class=\"p1\" style=\"text-align: center;\"><b>Alexander &amp; Margreet<\/b><\/p>\n<p class=\"p1\" style=\"text-align: center;\"><b>***<\/b><\/p>\n<p class=\"p1\" style=\"text-align: center;\"><i>6 juli 2021<\/i><\/p>\n<p class=\"p1\" style=\"text-align: center;\">We zijn hier nu al bijna een week! Nog een week te gaan, tot nu toe vonden we het hier heeeeeeel leuk. We genieten volop van het zwembad, eten, ontbijt, de kippen \u2026..en de leuke mensen. Ik eindig ons verhaal binnen een week.<\/p>\n<p class=\"p1\" style=\"text-align: center;\"><b>Elisa, Valentine &amp; Vanessa<\/b><\/p>\n<p class=\"p1\" style=\"text-align: center;\"><b>***<\/b><\/p>\n<p class=\"p1\" style=\"text-align: center;\"><i>28 april 2021<\/i><\/p>\n<p class=\"p1\" style=\"text-align: center;\">Wat heerlijk om hier een week te kunnen vertoeven! Dank aan jullie, Sandra, Samy en Romy voor de goede zorgen en gastvrijheid!<\/p>\n<p class=\"p1\" style=\"text-align: center;\"><b>Shiva &amp; Rose<\/b><\/p>\n<p class=\"p1\" style=\"text-align: center;\"><b>***<\/b><\/p>\n<p class=\"p1\" style=\"text-align: center;\"><i>17 april 2021<\/i><\/p>\n<p class=\"p1\" style=\"text-align: center;\">Heerlijk om een weekje op Monte Rosa te zijn. Een afwisseling tussen (online) werken en vakantie vieren. Wat een heerlijke omgeving. Een wandeling op het complex met alle mooie bomen, struiken en bloemen, was een mooi begin van de dag. Ik hoop voor jullie op een goed seizoen.<\/p>\n<p class=\"p1\" style=\"text-align: center;\"><b>Anthonie Rademaker<\/b><\/p>\n<p class=\"p1\" style=\"text-align: center;\"><b>***<\/b><\/p>\n<p class=\"p1\" style=\"text-align: center;\"><i>17 april 2021<\/i><\/p>\n<p class=\"p1\" style=\"text-align: center;\">Zeven weken hier vertoeft voor een schrijfretreate. Zeven weken op een unieke plek. Zeven weken met heel mooi weer. Zeven weken in een fijne omgeving. Zeven weken om in volle rust te werken. Zeven weken met ogen toe, een heerlijk buitenetentje met volunteers en Sandra. Zeven weken genoten van het terrein. Zeven weken op fiets genoten van de omgeving en zee. Zeven weken voor reflectie. Zeven weken Monte Rosa, een plek in mijn leven om te herinneren en her te beleven.Het zal weer wennen zijn in Nederland. het was een voorrecht hier te zijn.<\/p>\n<p class=\"p1\" style=\"text-align: center;\"><b>Alard<\/b><\/p>\n<p class=\"p1\" style=\"text-align: center;\"><b>***<\/b><\/p>\n<p class=\"p1\" style=\"text-align: center;\"><i>2 november 2020<\/i><\/p>\n<p class=\"p1\" style=\"text-align: center;\">Een week ont-lockt uit Nederland\u2026 Alsof er geen problemen meer zijn! Dank voor de warme, gezellige ambiance en heerlijke maaltijden. Dank ook aan Marieke, zij was de stralende ster in een zonnige week, die ons heeft doen genieten van het boeiende zuid westelijke Portugal!<\/p>\n<p class=\"p1\" style=\"text-align: center;\"><b>Gijs<\/b><\/p>\n<p class=\"p1\" style=\"text-align: center;\"><b>***<\/b><\/p>\n<p class=\"p1\" style=\"text-align: center;\"><i>1 november 2020<\/i><\/p>\n<p class=\"p1\" style=\"text-align: center;\">Wat fijn om nu echt een week bij Monte Rosa te verblijven! Het is een heerlijke plek om tot rust te komen en met name door de mensen die veel aandacht en zorg geven aan de groep van onze wandelweek. En hoe bijzonder om in deze coronatijd echt vakantie te vieren. Ik hoop dat ik nog eens zelf terug kan komen en\/of heel veel mensen naar deze plek mag sturen.<\/p>\n<p class=\"p1\" style=\"text-align: center;\"><b>Marlies (MarLuz)<\/b><\/p>\n<p class=\"p1\" style=\"text-align: center;\"><b>***<\/b><\/p>\n<p class=\"p1\" style=\"text-align: center;\"><i>5 oktober 2020<\/i><\/p>\n<p class=\"p1\" style=\"text-align: center;\">En bedankt voor de ontzettend lieve, fantastische ontbijtjes!<\/p>\n<p class=\"p1\" style=\"text-align: center;\"><b>Joyce, Biddy &amp; Marcella<\/b><\/p>\n<p class=\"p1\" style=\"text-align: center;\"><b>***<\/b><\/p>\n<p class=\"p1\" style=\"text-align: center;\"><i>5 oktober 2020<\/i><\/p>\n<p class=\"p1\" style=\"text-align: center;\">Dank jullie wel voor opnieuw een onvergetelijke week. Jullie zorgzaamheid en heerlijke maaltijden maken, een al perfecte locatie, de meest ideale plek voor een retreat. Dank voor alles. We hopen jullie op deze plek weer terug te zien.<\/p>\n<p class=\"p1\" style=\"text-align: center;\"><b>Biddy<\/b><\/p>\n<p class=\"p1\" style=\"text-align: center;\"><b>***<\/b><\/p>\n<p class=\"p1\" style=\"text-align: center;\"><i>5 oktober 2020<\/i><\/p>\n<p class=\"p1\" style=\"text-align: center;\">Ontzettend bedankt voor al jullie goede zorgen, hulp en gezelligheid! Het eten was weer zalig, de plek blijft magische en alle hand-en spanhulp was fijn. We kijke terug op een prachtige retreatweek mede dankzij jullie.<\/p>\n<p class=\"p1\" style=\"text-align: center;\"><b>Marcella<\/b><\/p>\n<p class=\"p1\" style=\"text-align: center;\"><b>***<\/b><\/p>\n<p class=\"p1\" style=\"text-align: center;\"><i>5 oktober 2020<\/i><\/p>\n<p class=\"p1\" style=\"text-align: center;\">Lieve Sandra, beste Jim, Jolana en Kristian, wat een magisch mooie plek is Monte Rosa toch! Dit is echt de \u201cplace to be\u201d om te unpluggen en ademen. Al die prachtige bomen en planten, de lieflijke huisjes en ook de hele sfeer ademt rust uit. Jim pas goed op Troela want die is zo schattig dat iemand haar zo in de koffer zou willen meenemen (ik? haha). Succes voor de komende 5 jaar en daarna! Dankjewel Jolana voor je lieve zorg en Kristian voor je heerlijke taart. Alle goeds voor jullie allemaal. Ik ga Monte Rosa missen.<\/p>\n<p class=\"p1\" style=\"text-align: center;\"><b>Joyce (Mavayu Retreat)<\/b><\/p>\n<p class=\"p1\" style=\"text-align: center;\"><b>***<\/b><\/p>\n<p class=\"p1\" style=\"text-align: center;\"><i>4 oktober 2020<\/i><\/p>\n<p class=\"p1\" style=\"text-align: center;\">Bedankt voor je gastvrijheid en het heerlijke eten. Tot ziens! Liefs,<\/p>\n<p class=\"p1\" style=\"text-align: center;\"><b>Esra<\/b><\/p>\n<p class=\"p1\" style=\"text-align: center;\"><b>***<\/b><\/p>\n<p class=\"p1\" style=\"text-align: center;\"><i>4 oktober 2020<\/i><\/p>\n<p class=\"p1\" style=\"text-align: center;\">Bedankt voor deze heerlijke plek en het lekkere eten! Ik heb onwijs genoten van Monte Rosa en hoop snel weer een keertje terug te zijn.<\/p>\n<p class=\"p1\" style=\"text-align: center;\"><b>Evalinde<\/b><\/p>\n<p class=\"p1\" style=\"text-align: center;\"><b>***<\/b><\/p>\n<p class=\"p1\" style=\"text-align: center;\"><i>28 september 2020<\/i><\/p>\n<p class=\"p1\" style=\"text-align: center;\">We hebben een heerlijk verblijf hier gehad. Een super mooie omgeving, leuk voor de kinderen en heel rustig. De locatie is top, dichtbij leuke dorpjes en mooie stranden. Er is een mooie yogaruimte, helaas geen lessen (vanwege corona), dus hoop volgende keer daar aan te kunnen deelnemen.<\/p>\n<p class=\"p1\" style=\"text-align: center;\"><b>Stefanie, Pieter &amp; Lex<\/b><\/p>\n<p class=\"p1\" style=\"text-align: center;\"><b>***<\/b><\/p>\n<p class=\"p1\" style=\"text-align: center;\"><i>20 september 2020<\/i><\/p>\n<p class=\"p1\" style=\"text-align: center;\">Bedankt team Monte Rosa voor de goede zorgen! Thanks Caroline for the daily yoga class &amp; wonderful and relaxing massage. Keep moving around the world, dear Christian &amp; Jola!<\/p>\n<p class=\"p1\" style=\"text-align: center;\"><b>Inge<\/b><\/p>\n<p class=\"p1\" style=\"text-align: center;\"><b>***<\/b><\/p>\n<p class=\"p1\" style=\"text-align: center;\"><i>18 september 2020<\/i><\/p>\n<p class=\"p1\" style=\"text-align: center;\">Ik heb een leuke tijd gehad. Lekker eten, mooi uitzicht en vriendelijke mensen. Ik heb hier fantastische foto\u2019s gemaakt.<\/p>\n<p class=\"p1\" style=\"text-align: center;\"><b>Agu\u00e8szka<\/b><\/p>\n<p class=\"p1\" style=\"text-align: center;\"><b>***<\/b><\/p>\n<p class=\"p1\" style=\"text-align: center;\"><i>18 september 2020<\/i><\/p>\n<p class=\"p1\" style=\"text-align: center;\">Een leuke omgeving en heel leuke vriendelijke mensen. Ik zou graag terug willen komen.<\/p>\n<p class=\"p1\" style=\"text-align: center;\"><b>Kienolina<\/b><\/p>\n<p class=\"p1\" style=\"text-align: center;\"><b>***<\/b><\/p>\n<p class=\"p1\" style=\"text-align: center;\"><i>24 juli 2020<\/i><\/p>\n<p class=\"p1\" style=\"text-align: center;\">We hebben ontzettend genoten van de heerlijke week op Monte Rosa in Portugal. Het ontbijt was lekker en goed verzorgd. De diners waren heerlijk, gezond en gezellig, met name ook door de aanwezigheid van andere gezinnen. De kinderen (8, 14, en 16 jaar) hebben zich met leeftijdsgenoten prima vermaakt op Monte Rosa. In de omgeving is bovendien genoeg te doen. De yogalessen waren prettig en de docente hield rekening met het niveau en wensen van ons. Mede door de gastvrijheid van Sandra, Jim, Dina en Theo hebben we een zeer geslaagde vakantie gehad, die helaas te snel voorbij was. Bedankt en liefs,<\/p>\n<p class=\"p1\" style=\"text-align: center;\"><b>Pieter, Marian, Rianne, Bram &amp; Mira<\/b><\/p>\n<p class=\"p1\" style=\"text-align: center;\"><b>***<\/b><\/p>\n<p class=\"p1\" style=\"text-align: center;\"><i>14 juli 2020<\/i><\/p>\n<p class=\"p1\" style=\"text-align: center;\">Nu al een heerlijk verblijf, een week in huisje 7. Waarderen de eenvoud, vriendelijke en gemoedelijke sfeer. Voelde ons echt thuis en gelukkig komen we over een week nog een paar dagen terug; kijken er naar uit. Liefs,<\/p>\n<p class=\"p1\" style=\"text-align: center;\"><b>Marcel, Lobke, Joris &amp; Koos<\/b><\/p>\n<p class=\"p1\" style=\"text-align: center;\"><b>***<\/b><\/p>\n<p class=\"p1\" style=\"text-align: center;\"><i>17 maart 2020<\/i><\/p>\n<p class=\"p1\" style=\"text-align: center;\">Lieve Sandra, Marieke en Jim, Dank voor jullie zorg, enthousiasme en aanwezig zijn. Het was een verrukkelijke plek om tot rust te komen en de batterij weer op te laden. In deze bijzondere Corona-tijden voelden jullie als een safe \u201chome\u201d away from home. Obrigada!<\/p>\n<p class=\"p1\" style=\"text-align: center;\"><b>Petra<\/b><\/p>\n<p class=\"p1\" style=\"text-align: center;\"><b>***<\/b><\/p>\n<p class=\"p1\" style=\"text-align: center;\"><i>29 februari 2020<\/i><\/p>\n<p class=\"p1\" style=\"text-align: center;\">Ik vond het een avontuur om alleen op reis te gaan maar heb zeker geen spijt. En dat komt vooral door deze plek, de mensen en natuurlijk die heerlijke zon die wij in Nederland in februari niet z\u00f3 gewend zijn. Ik heb genoten van de rust, de gastvrijheid van iedereen, de yogasessies , de massages; alles was prima geregeld! Monte Rosa is een hele mooie, groene oase en een geweldige uitvalsbasis voor allerlei moois in de omgeving. Ik kom hier vast nog eens terug om dat verder te ontdekken. Take care,<\/p>\n<p class=\"p1\" style=\"text-align: center;\"><b>Sasja<\/b><\/p>\n<p class=\"p1\" style=\"text-align: center;\"><b>***<\/b><\/p>\n<p class=\"p1\" style=\"text-align: center;\"><i>16 februari 2020<\/i><\/p>\n<p class=\"p1\" style=\"text-align: center;\">Dank je wel voor een heerlijk weekje Algarve! Het was een heerlijke week; geweldig om in februari in de ochtendzon te kunnen ontbijten. Bedankt voor alles.<\/p>\n<p class=\"p1\" style=\"text-align: center;\"><b>Elleke &amp; William (Aktiva Tours)<\/b><\/p>\n<p class=\"p1\" style=\"text-align: center;\"><b>***<\/b><\/p>\n<p class=\"p1\" style=\"text-align: center;\"><i>30 november 2019<\/i><\/p>\n<p class=\"p1\" style=\"text-align: center;\">Geweldig bedankt voor al jullie goede en zorgvuldige zorgen! We hebben genoten van onze week bij jullie. Ook in november is dit een heerlijke plek om te vertoeven en prachtige wandelingen te maken. Hele hartelijke groet!<\/p>\n<p class=\"p1\" style=\"text-align: center;\"><b>Wim &amp; Marion Ellenbroek<\/b><\/p>\n<p class=\"p1\" style=\"text-align: center;\"><b>***<\/b><\/p>\n<p class=\"p1\" style=\"text-align: center;\"><i>15 november 2019<\/i><\/p>\n<p class=\"p1\" style=\"text-align: center;\">Bedankt voor jullie goede zorgen op dit paradijselijke plekje. Het was top! Groeten en mogelijk tot ziens.<\/p>\n<p class=\"p1\" style=\"text-align: center;\"><b>Jan &amp; Els ter Haar<\/b><\/p>\n<p class=\"p1\" style=\"text-align: center;\"><b>***<\/b><\/p>\n<p class=\"p1\" style=\"text-align: center;\"><i>11 november 2019<\/i><\/p>\n<p class=\"p1\" style=\"text-align: center;\">Lieve Allemaal, We hebben hier genoten van de wandelingen, van jullie gezelligheid en verwennerij. Mooi plekje hier! Misschien tot een volgende keer.<\/p>\n<p class=\"p1\" style=\"text-align: center;\"><b>Hub Ghielen &amp; Annemiek Smeets<\/b><\/p>\n<p class=\"p1\" style=\"text-align: center;\"><b>***<\/b><\/p>\n<p class=\"p1\" style=\"text-align: center;\"><i>Lissabon, oktober 2019<\/i><\/p>\n<p class=\"p1\" style=\"text-align: center;\">We hebben genoten van onze trip naar Lissabon. We komen zeker terug! Dankjewel voor je gastvrijheid! Liefs,<\/p>\n<p class=\"p1\" style=\"text-align: center;\"><b>Pascal &amp; Mellanie<\/b><\/p>\n<p class=\"p1\" style=\"text-align: center;\"><b>***<\/b><\/p>\n<p class=\"p1\" style=\"text-align: center;\"><i>9 oktober 2019<\/i><\/p>\n<p class=\"p1\" style=\"text-align: center;\">Lieve mensen van Monte Rosa! Wat een enorm fijne week hebben we gehad, met zoveel lieve aandacht en menselijke warmte. Een plek om terug te komen. In ons hart lieve vrouwen en een man (Theodorus).<\/p>\n<p class=\"p1\" style=\"text-align: center;\"><b>Maatje &amp; Bastiaantje<\/b><\/p>\n<p class=\"p1\" style=\"text-align: center;\"><b>***<\/b><\/p>\n<p class=\"p1\" style=\"text-align: center;\"><i>27 september 2019<\/i><\/p>\n<p class=\"p1\" style=\"text-align: center;\">We hebben ontzettend genoten van het schitterende huisje en fijne omgeving! Heerlijk tot rust gekomen en helemaal ontspannen. Dankjewel.<\/p>\n<p class=\"p1\" style=\"text-align: center;\"><b>Matthijs &amp; Maud<\/b><\/p>\n<p class=\"p1\" style=\"text-align: center;\"><b>***<\/b><\/p>\n<p class=\"p1\" style=\"text-align: center;\"><i>20 september 2019<\/i><\/p>\n<p class=\"p1\" style=\"text-align: center;\">We hebben genoten van het hier zijn. Wat een fijne sfeer en prachtige omgeving; heerlijk! Dank daarvoor.<\/p>\n<p class=\"p1\" style=\"text-align: center;\"><b>Elly &amp; Petra<\/b><\/p>\n<p class=\"p1\" style=\"text-align: center;\"><b>***<\/b><\/p>\n<p class=\"p1\" style=\"text-align: center;\"><i>20 september 2019<\/i><\/p>\n<p class=\"p1\" style=\"text-align: center;\">Rust, Vertrouw en Verbinding! Wat was dit voor mij een fijne week! Wordt vervolgd met de Primavera Schrijfretraite in april 2020.<\/p>\n<p class=\"p1\" style=\"text-align: center;\"><b>Ineke Hogema<\/b><\/p>\n<p class=\"p1\" style=\"text-align: center;\"><b>***<\/b><\/p>\n<p class=\"p1\" style=\"text-align: center;\"><i>14 september 2019<\/i><\/p>\n<p class=\"p1\" style=\"text-align: center;\">Lieve allemaal, Het was fantastisch om hier de Mavayu yoga retreat te mogen doen. Wat een heerlijke plek! Al die lieve mensen, die zo vriendelijk en vrolijk het iedereen zo naar de zin malen, dat ze (en ik zeker) niet weg willen. Ik zal de prachtige bomen, de lieve huisjes, de heerlijke geuren, de liefdevolle ontvangst hier, in mijn hart meenemen. Dank, dank, dank!<\/p>\n<p class=\"p1\" style=\"text-align: center;\"><b>Joyce Messchaert<\/b><\/p>\n<p class=\"p1\" style=\"text-align: center;\"><b>***<\/b><\/p>\n<p class=\"p1\" style=\"text-align: center;\"><i>25 augustus 2019<\/i><\/p>\n<p class=\"p1\" style=\"text-align: center;\">Wat een geweldige plek! We hebben enorm genoten van Monte Rosa, de mensen en de omgeving. En van Billy, een super leuke hond. Hier komen we zeker nog eens terug. Liefs!<\/p>\n<p class=\"p1\" style=\"text-align: center;\"><b>Nicole, Puck &amp; Bo<\/b><\/p>\n<p class=\"p1\" style=\"text-align: center;\"><b>***<\/b><\/p>\n<p class=\"p1\" style=\"text-align: center;\"><i>23 augustus 2019<\/i><\/p>\n<p class=\"p1\" style=\"text-align: center;\">Lieve allemaal, we waren hier voor de derde keer, dit keer als doel dat de kinderen konden surfen. We hebben weer genoten. Alleen al die geur! De warmte, de enorme \u201czen\u2019 die hier hangt, dat maak je zelden mee. Marieke dank voor de goede zorgen, de gastvrijheid. Fijn dat we je hier mochten ontmoeten. Theo, dat was kort maar krachtig. Wie weet tot ziens.<\/p>\n<p class=\"p1\" style=\"text-align: center;\"><b>Solveigh, Hadewich &amp; Jonathan<\/b><\/p>\n<p class=\"p1\" style=\"text-align: center;\"><b>***<\/b><\/p>\n<p class=\"p1\" style=\"text-align: center;\"><i>21 augustus 2019<\/i><\/p>\n<p class=\"p1\" style=\"text-align: center;\">Lieve allemaal, tijd heeft hier geen betekenis. De dag komt en vult zich met fijne energie, rust en sfeer. Het is de plek, echter zeker ook de mensen die hier zijn om je volledig je naar het zin te maken, of dat nu het ontbijt, het diner of ontelbare tips is, het is allemaal goed! We hebben onwijs genoten van ons verblijf hier en komen zeker nog eens terug. Bedankt voor alles, inclusief het nachtelijke ontvangst. Dikke kus en keep in touch.<\/p>\n<p class=\"p1\" style=\"text-align: center;\"><b>Jeroen, Kim, Miles, Fay &amp; Ace Kromwijk<\/b><\/p>\n<p class=\"p1\" style=\"text-align: center;\"><b>***<\/b><\/p>\n<p class=\"p1\" style=\"text-align: center;\"><i>20 augustus 2019<\/i><\/p>\n<p class=\"p1\" style=\"text-align: center;\">Wat hebben we genoten hier! Zulke lieve mensen en een prachtige omgeving. Het eten was ook super. Bedankt voor de goede zorgen, de gezellige gesprekken en het relaxte sfeertje!<\/p>\n<p class=\"p1\" style=\"text-align: center;\"><b>Tineke, Stijn &amp; Siep<\/b><\/p>\n<p class=\"p1\" style=\"text-align: center;\"><b>***<\/b><\/p>\n<p class=\"p1\" style=\"text-align: center;\"><i>18 augustus 2019<\/i><\/p>\n<p class=\"p1\" style=\"text-align: center;\">Wat een goede sfeer hangt erg hier! Gastvrije ontvangst en veel goede tips gehad voor de omgeving. We vonden ons verblijf te kort en komen graag nog eens terug!<\/p>\n<p class=\"p1\" style=\"text-align: center;\"><b>Damy, Charissa, Elieva &amp; Livve<\/b><\/p>\n<p class=\"p1\" style=\"text-align: center;\"><b>***<\/b><\/p>\n<p class=\"p1\" style=\"text-align: center;\"><i>16 augustus 2019<\/i><\/p>\n<p class=\"p1\" style=\"text-align: center;\">Lieve Marieke, Theo, Salom\u00e9 &amp; Sophie, Heel veel dank voor jullie gastvrijheid, kookkunsten, verhalen en gezelligheid. We hebben genoten en voelden ons helemaal thuis. We gaan jullie missen! Liefs,<\/p>\n<p class=\"p1\" style=\"text-align: center;\"><b>Bouwien, Dick, Zeger &amp; Noor<\/b><\/p>\n<p class=\"p1\" style=\"text-align: center;\"><b>***<\/b><\/p>\n<p class=\"p1\" style=\"text-align: center;\"><i>10 augustus 2019<\/i><\/p>\n<p class=\"p1\" style=\"text-align: center;\">Bedankt voor alles! We hebben erg genoten. We vinden het hier een onwijs mooie plek. Het ontbijt was lekker en de BBQ was heel gezellig! We hopen dat we nog een keer terug komen! Groetjes,<\/p>\n<p class=\"p1\" style=\"text-align: center;\"><b>Jeroen, Pauline, Tijs, Marieke &amp; Rosanne<\/b><\/p>\n<p class=\"p1\" style=\"text-align: center;\"><b>***<\/b><\/p>\n<p class=\"p1\" style=\"text-align: center;\"><i>22 juli 2019<\/i><\/p>\n<p class=\"p1\" style=\"text-align: center;\">Lieve Monte Rosa Team, wat een warm bad waar wij terecht zijn gekomen. Zo gastvrij ontspannen en gezellig. Veel dank daarvoor. We hebben het heerlijk gehad bij jullie en ook genoten van de mooie omgeving.<\/p>\n<p class=\"p1\" style=\"text-align: center;\"><b>Ard, Debby &amp; Daan<\/b><\/p>\n<p class=\"p1\" style=\"text-align: center;\"><b>***<\/b><\/p>\n<p class=\"p1\" style=\"text-align: center;\"><i>Lissabon, juli 2019<\/i><\/p>\n<p class=\"p1\" style=\"text-align: center;\">Dankjewel voor het mooie verblijf in Happy Stay in Lisbon. Het was een echte mooie super \u201cHappy Stay\u201d. De perfecte plek om richting de stad te lopen langs de Taag, of naar Belem.<\/p>\n<p class=\"p1\" style=\"text-align: center;\"><b>Donna, Ella &amp; Andha<\/b><\/p>\n<p class=\"p1\" style=\"text-align: center;\"><b>***<\/b><\/p>\n<p class=\"p1\" style=\"text-align: center;\"><i>17 juli 2019<\/i><\/p>\n<p class=\"p1\" style=\"text-align: center;\">Liefste Monte Rosa, We hebben ons hier thuis gevoeld. We hebben hier genoten van het surfen, rusten en yahtzee. Jullie hebben hier een plekje om niet snel te vergeten! Lieve groetjes,<\/p>\n<p class=\"p1\" style=\"text-align: center;\"><b>Mira &amp; Arno<\/b><\/p>\n<p class=\"p1\" style=\"text-align: center;\"><b>***<\/b><\/p>\n<p class=\"p1\" style=\"text-align: center;\"><i>30 juni 2019<\/i><\/p>\n<p class=\"p1\" style=\"text-align: center;\">Hier ben ik helemaal tot rust gekomen en opgeladen! Wat heerlijk, rustig, mooi en vreedzaam is het hier! Marieke en de vrijwilligers laten je thuis voelen en geven je de ruimte. Een fijn warm welkome en gezellig, dank jullie wel! Thank you all! Hier kom ik ook graag weer in m\u2019n eentje terug.<\/p>\n<p class=\"p1\" style=\"text-align: center;\"><b>Krista<\/b><\/p>\n<p class=\"p1\" style=\"text-align: center;\"><b>***<\/b><\/p>\n<p class=\"p1\" style=\"text-align: center;\"><i>12 juni 2019<\/i><\/p>\n<p class=\"p1\" style=\"text-align: center;\">Wat een prachtige plek. Wat zal het in eigen land en tuin weer wennen zijn. Heb deze plek meteen aan vrienden aanbevolen en hoop er zelf ook nog eens terug te komen!<\/p>\n<p class=\"p1\" style=\"text-align: center;\"><b>Monique &amp; Ton<\/b><\/p>\n<p class=\"p1\" style=\"text-align: center;\"><b>***<\/b><\/p>\n<p class=\"p1\" style=\"text-align: center;\"><i>12 april 2019<\/i><\/p>\n<p class=\"p1\" style=\"text-align: center;\">Lieve mensen, de afgelopen dagen hebben we vanuit huisje 7 de hele West Algarve kunnen bereizen. Mooie wandelingen gemaakt met behulp van de wandelmap. Dank voor jullie gastvrijheid en zorg voor de plek is voelbaar en zichtbaar.<\/p>\n<p class=\"p1\" style=\"text-align: center;\"><b>Marijke &amp; Anya<\/b><\/p>\n<p class=\"p1\" style=\"text-align: center;\"><b>***<\/b><\/p>\n<p class=\"p1\" style=\"text-align: center;\"><i>14 april 2019<\/i><\/p>\n<p class=\"p1\" style=\"text-align: center;\">Dank jullie wel voor het fijne verblijf hier! Heerlijk gewandeld in de mooie omgeving en heerlijk gegeten. Het weer en buiten eten aan de lange tafel was heel gezellig. Liefs,<\/p>\n<p class=\"p1\" style=\"text-align: center;\"><b>Liesbeth<\/b><\/p>\n<p class=\"p1\" style=\"text-align: center;\"><b>***<\/b><\/p>\n<p class=\"p1\" style=\"text-align: center;\"><i>6 april 2019<\/i><\/p>\n<p class=\"p1\" style=\"text-align: center;\">Lieve Monterosa\u2019s, bedankt weer voor de derde keer op deze mooie, inspirerende, stille plek. Weer genoten van de natuur, het eten en de zon. Liefs,<\/p>\n<p class=\"p1\" style=\"text-align: center;\"><b>Lidy<\/b><\/p>\n<p class=\"p1\" style=\"text-align: center;\"><b>***<\/b><\/p>\n<p class=\"p1\" style=\"text-align: center;\"><i>6 april 2019<\/i><\/p>\n<p class=\"p1\" style=\"text-align: center;\">Wow! Wat een geweldige tijd heb ik hier gehad. Dank jullie wel!<\/p>\n<p class=\"p1\" style=\"text-align: center;\"><b>Anne-Marie<\/b><\/p>\n<p class=\"p1\" style=\"text-align: center;\"><b>***<\/b><\/p>\n<p class=\"p1\" style=\"text-align: center;\"><i>12 maart 2019<\/i><\/p>\n<p class=\"p1\" style=\"text-align: center;\">Lieve Sandra, Marieke, anderen\u2026 Een heerlijke rustplek tijdens onze tocht \u201cVia Algarviana\u201d. Innerlijk, fysiek, en psychisch gesterkt door de heerlijke maaltijd, ontbijtjes, accommodatie en de mensen hier. Dank je wel, ik (we) komen vast eens terug.<\/p>\n<p class=\"p1\" style=\"text-align: center;\"><b>Phyl &amp; Thys<\/b><\/p>\n<p class=\"p1\" style=\"text-align: center;\"><b>***<\/b><\/p>\n<p class=\"p1\" style=\"text-align: center;\"><i>2 januari 2019<\/i><\/p>\n<p class=\"p1\" style=\"text-align: center;\">Lieve mensen, wat kan ik er nog aan toevoegen? Heb het heerlijk gehad. Mooie afsluiting van 2018 en vooral opgeladen voor nieuwe avonturen in 2019. Iedereen super bedankt voor het warme verblijf!<\/p>\n<p class=\"p1\" style=\"text-align: center;\"><b>Caroline<\/b><\/p>\n<p class=\"p1\" style=\"text-align: center;\"><b>***<\/b><\/p>\n<p class=\"p1\" style=\"text-align: center;\"><i>2 januari 2019<\/i><\/p>\n<p class=\"p1\" style=\"text-align: center;\">Monte Rosa is een warm bad op een koude regenachtige dag. Een prachtige plek, lieve mensen, fijne yoga, mooie wandelingen, schitterend weer\u2026 Sandra, Theo, Marieke, Mareille; bedankt! (En natuurlijk ook de andere leden van de \u2018bende van 5\u2019)<\/p>\n<p class=\"p1\" style=\"text-align: center;\"><b>Wilma<\/b><\/p>\n<p class=\"p1\" style=\"text-align: center;\"><b>***<\/b><\/p>\n<p class=\"p1\" style=\"text-align: center;\"><i>2 januari 2019<\/i><\/p>\n<p class=\"p1\" style=\"text-align: center;\">Met een klein groepje geboekt voor de kerstreis Portugal (via\u00a0<a href=\"https:\/\/www.earthtracks.nl\/portugal-wandelvakantie-algarve-singlereis-8-dgn\/\"><span class=\"s2\">Earth Tracks<\/span><\/a>\u00a0\/\u00a0<a href=\"https:\/\/natuurlijkreizen.nl\/tours\/portugal-wandelvakantie-in-de-zuidwestelijke-algarve\/\"><span class=\"s2\">Natuurlijk Reizen<\/span><\/a>); locatie Monte Rosa. Elkaar nooit gezien en op dag \u00e9\u00e9n al een fijne groep op een mooie plek, samen met een gevarieerd en prettig stel mensen die op Monte Rosa wonen en logeren. Mooi programma met gids en gastvrouw Marieke. Prachtige wandelingen, yogalessen, massages en lekker en gezellig gezamenlijk eten (super Sandra!). Beviel zo goed dat we besloten hebben ons verblijf te verlengen tot 2 januari! Een plek om terug te komen.<\/p>\n<p class=\"p1\" style=\"text-align: center;\"><b>Gerda<\/b><\/p>\n<p class=\"p1\" style=\"text-align: center;\"><b>***<\/b><\/p>\n<p class=\"p1\" style=\"text-align: center;\"><i>15 november 2018<\/i><\/p>\n<p class=\"p1\" style=\"text-align: center;\">Beste Arianne, Theo, Marieke en anderen, we hebben 12 heerlijke dagen op Monte Rosa doorgebracht, zonder enige wanklank. Alles was prima verzorgd. Bedankt voor alle goede zorgen. Alle goeds voor nu en de toekomst.<\/p>\n<p class=\"p1\" style=\"text-align: center;\"><b>Arend &amp; Denise<\/b><\/p>\n<p class=\"p1\" style=\"text-align: center;\"><b>***<\/b><\/p>\n<p class=\"p1\" style=\"text-align: center;\"><i>11 oktober 2018<\/i><\/p>\n<p class=\"p1\" style=\"text-align: center;\">Lieve Marieke, Sandra, Theo en alle anderen, dank voor een heerlijke week. Ik heb genoten van mijn \u2018verwen-massage-arrangement\u2019, al was het maar omdat Theo iedere dag aan mij vroeg of ik me verwend voelde. Alles was perfect: het ontbijt, de massages, gezellige etentjes en prachtige wandelingen uit de klapper. Ik kom zeker een keer terug!<\/p>\n<p class=\"p1\" style=\"text-align: center;\"><b>Patricia<\/b><\/p>\n<p class=\"p1\" style=\"text-align: center;\"><b>***<\/b><\/p>\n<p class=\"p1\" style=\"text-align: center;\"><i>23 september 2018<\/i><\/p>\n<p class=\"p1\" style=\"text-align: center;\">Lieve mensen,\u00a0Heel hartelijk dank voor de geweldig mooie vakantie hier in Portugal en met name in Monte Rosa. Vriendelijk, gezellig en lekker!<\/p>\n<p class=\"p1\" style=\"text-align: center;\"><b>Hilde &amp; Mirian<\/b><\/p>\n<p class=\"p1\" style=\"text-align: center;\"><b>***<\/b><\/p>\n<p class=\"p1\" style=\"text-align: center;\"><i>19 september 2018<\/i><\/p>\n<p class=\"p1\" style=\"text-align: center;\">Beste Sandra, Marieke, Theo en Arianne, heel erg bedankt voor de gastvrijheid! We hebben het hier erg naar ons zin gehad! Heel fijn huisje en prachtige plek.<\/p>\n<p class=\"p1\" style=\"text-align: center;\"><b>Marco &amp; Mirt<\/b><\/p>\n<p class=\"p1\" style=\"text-align: center;\"><b>***<\/b><\/p>\n<p class=\"p1\" style=\"text-align: center;\"><i>24 augustus 2018<\/i><\/p>\n<p class=\"p1\" style=\"text-align: center;\">Bedankt voor de heerlijke tijd! Wat een prachtige plek en omgeving. We zijn bevangen van de schoonheid van Portugal! De meiden hebben ook genoten (vooral van Billy). Het eten op Monte Rosa was super en leuk om zo met elkaar te eten en elkaar te ontmoeten. Marieke de gastvrouw, verzorgde ons goed! Ook vrijwilliger Toon bedankt voor de gezelligheid. Wie weet tot ziens! Alle andere mensen van Monte Rosa ook bedankt voor alles.<\/p>\n<p class=\"p1\" style=\"text-align: center;\"><b>Arjen, Demelza, Jade, Liv &amp; Philou<\/b><\/p>\n<p class=\"p1\" style=\"text-align: center;\"><b>***<\/b><\/p>\n<p class=\"p1\" style=\"text-align: center;\"><i>28 mei 2018<\/i><\/p>\n<p class=\"p1\" style=\"text-align: center;\">Wat hebben we genoten van deze prachtige plek! Heerlijk gewandeld en de prachtige omgeving verkend. Bedankt voor jullie gastvrijheid! We genoten van de fijne sfeer op het terrein!<\/p>\n<p class=\"p1\" style=\"text-align: center;\"><b>Nelleke &amp; Vigilia<\/b><\/p>\n<p class=\"p1\" style=\"text-align: center;\"><b>***<\/b><\/p>\n<p class=\"p1\" style=\"text-align: center;\"><i>20 mei 2018<\/i><\/p>\n<p class=\"p1\" style=\"text-align: center;\">Prima plek en geweldige service!\u00a0Veel gewandeld en van de mooie omgeving genoten.<\/p>\n<p class=\"p1\" style=\"text-align: center;\"><b>Aukje<\/b><\/p>\n<p class=\"p1\" style=\"text-align: center;\"><b>***<\/b><\/p>\n<p class=\"p1\" style=\"text-align: center;\"><i>24 april 2018<\/i><\/p>\n<p class=\"p1\" style=\"text-align: center;\">Heb hier een fantastische wandelweek (via\u00a0<a href=\"https:\/\/www.aktivatours.nl\/portugal\/wandelvakantie-single\/algarve-wandelen-8-dagen\/GALGARS\"><span class=\"s2\">Aktiva Tours<\/span><\/a>) gehad. Dank voor alle goede zorgen, het heerlijke eten van Yunuz en de rust en ruimte hier.\u00a0Dank!<\/p>\n<p class=\"p1\" style=\"text-align: center;\"><b>Mari\u00eblle<\/b><\/p>\n<p class=\"p1\" style=\"text-align: center;\"><b>***<\/b><\/p>\n<p class=\"p1\" style=\"text-align: center;\"><em>29 september 2017<\/em><\/p>\n<p class=\"p1\" style=\"text-align: center;\">Dank jullie wel voor de persoonlijke aandacht en toewijding. We hebben ons hier erg thuis gevoeld.<\/p>\n<p class=\"p1\" style=\"text-align: center;\"><b>Enka &amp; Robert<\/b><\/p>\n<p class=\"p1\" style=\"text-align: center;\"><b>***<\/b><\/p>\n<p class=\"p1\" style=\"text-align: center;\"><i>10 september 2017<\/i><\/p>\n<p class=\"p1\" style=\"text-align: center;\">Bedankt Monte Rosa team\u2026 Wat een fijne plek, gastvrije ontvangst en heerlijk eten. Dagje langer gebleven dan gepland. Ook omdat we maar moeilijk afscheid konden nemen van Floris en Boris. Liefs,<\/p>\n<p class=\"p1\" style=\"text-align: center;\"><b>Merle &amp; Hugo<\/b><\/p>\n<p class=\"p1\" style=\"text-align: center;\"><b>***<\/b><\/p>\n<p class=\"p1\" style=\"text-align: center;\"><i>\u00a026 april 2017<\/i><\/p>\n<p class=\"p1\" style=\"text-align: center;\">Wat een verrassing was Monte Rosa voor ons: een geweldig onderkomen, leuke huisjes, buitenkeuken en een zeer goede verzorging, heerlijk gegeten. Niets dan lof! We hebben het super gehad op onze wandelvakantie. Hartelijke groet,<\/p>\n<p class=\"p1\" style=\"text-align: center;\"><b>Hanneke &amp; Liesbeth<\/b><\/p>\n<p>[\/et_pb_testimonial][\/et_pb_column][\/et_pb_row][\/et_pb_section]<\/p>\n","protected":false},"excerpt":{"rendered":"<p> <pre class=\"ti-widget\" style=\"display: none\"><template id=\"trustindex-airbnb-widget-html\"><div class=\" ti-widget  ti-airb ti-review-text-mode-readmore ti-text-align-left\" data-no-translation=\"true\" data-plugin-version=\"13.2.9\" data-layout-id=\"5\" data-layout-category=\"slider\" data-set-id=\"light-minimal\" data-pid=\"\" data-language=\"en\" data-close-locale=\"Close\" data-review-target-width=\"275\" data-css-version=\"2\" data-reply-by-locale=\"Owner's reply\" data-only-rating-locale=\"This user only left a rating.\" data-pager-autoplay-timeout=\"6\"> <div class=\"ti-widget-container ti-col-4\"> <div class=\"ti-footer ti-footer-grid source-Airbnb\"> <div class=\"ti-fade-container\"> <div class=\"ti-rating-text\"> <strong class=\"ti-rating ti-rating-large\"> EXCELLENT <\/strong> <\/div> <span class=\"ti-stars star-lg\"><trustindex-image class=\"ti-star\" data-imgurl=\"https:\/\/cdn.trustindex.io\/assets\/platform\/Airbnb\/star\/f.svg\" alt=\"Airbnb star 1\" width=\"17\" height=\"17\" loading=\"lazy\"><\/trustindex-image><trustindex-image class=\"ti-star\" data-imgurl=\"https:\/\/cdn.trustindex.io\/assets\/platform\/Airbnb\/star\/f.svg\" alt=\"Airbnb star 2\" width=\"17\" height=\"17\" loading=\"lazy\"><\/trustindex-image><trustindex-image class=\"ti-star\" data-imgurl=\"https:\/\/cdn.trustindex.io\/assets\/platform\/Airbnb\/star\/f.svg\" alt=\"Airbnb star 3\" width=\"17\" height=\"17\" loading=\"lazy\"><\/trustindex-image><trustindex-image class=\"ti-star\" data-imgurl=\"https:\/\/cdn.trustindex.io\/assets\/platform\/Airbnb\/star\/f.svg\" alt=\"Airbnb star 4\" width=\"17\" height=\"17\" loading=\"lazy\"><\/trustindex-image><trustindex-image class=\"ti-star\" data-imgurl=\"https:\/\/cdn.trustindex.io\/assets\/platform\/Airbnb\/star\/h.svg\" alt=\"Airbnb star 5.0.73\" width=\"17\" height=\"17\" loading=\"lazy\"><\/trustindex-image><\/span> <div class=\"ti-rating-text\"> <span class=\"nowrap\">Based on <strong>55 reviews<\/strong><\/span> <\/div> <div class=\"ti-large-logo\"> <div class=\"ti-v-center\"> <trustindex-image class=\"ti-logo-fb\" data-imgurl=\"https:\/\/cdn.trustindex.io\/assets\/platform\/Airbnb\/logo.svg\" width=\"150\" height=\"25\" loading=\"lazy\" alt=\"Airbnb\"><\/trustindex-image> <\/div> <\/div> <\/div> <\/div> <div class=\"ti-reviews-container\"> <div class=\"ti-controls\"> <div class=\"ti-next\" aria-label=\"Next review\" role=\"button\" tabindex=\"0\"><\/div> <div class=\"ti-prev\" aria-label=\"Previous review\" role=\"button\" tabindex=\"0\"><\/div> <\/div> <div class=\"ti-reviews-container-wrapper\">  <div data-empty=\"0\" class=\"ti-review-item source-Airbnb ti-image-layout-thumbnail\" data-id=\"cfcd208495d565ef66e7dff9f98764da\"> <div class=\"ti-inner\"> <div class=\"ti-review-header\"> <div class=\"ti-platform-icon ti-with-tooltip\"> <span class=\"ti-tooltip\">Posted on <\/span> <trustindex-image data-imgurl=\"https:\/\/cdn.trustindex.io\/assets\/platform\/Airbnb\/icon.svg\" alt=\"\" width=\"20\" height=\"20\" loading=\"lazy\"><\/trustindex-image> <\/div> <div class=\"ti-profile-img\"> <trustindex-image data-imgurl=\"https:\/\/a0.muscache.com\/im\/pictures\/user\/54d19863-1b83-491e-aaf3-660262be88d5.jpg\" alt=\"Larissa profile picture\" loading=\"lazy\"><\/trustindex-image> <\/div> <div class=\"ti-profile-details\"> <div class=\"ti-name\"> Larissa <\/div> <div class=\"ti-date\">11 October 2025<\/div> <\/div> <\/div> <span class=\"ti-stars\"><trustindex-image class=\"ti-star\" data-imgurl=\"https:\/\/cdn.trustindex.io\/assets\/platform\/Airbnb\/star\/f.svg\" alt=\"Airbnb star 1\" width=\"17\" height=\"17\" loading=\"lazy\"><\/trustindex-image><trustindex-image class=\"ti-star\" data-imgurl=\"https:\/\/cdn.trustindex.io\/assets\/platform\/Airbnb\/star\/f.svg\" alt=\"Airbnb star 2\" width=\"17\" height=\"17\" loading=\"lazy\"><\/trustindex-image><trustindex-image class=\"ti-star\" data-imgurl=\"https:\/\/cdn.trustindex.io\/assets\/platform\/Airbnb\/star\/f.svg\" alt=\"Airbnb star 3\" width=\"17\" height=\"17\" loading=\"lazy\"><\/trustindex-image><trustindex-image class=\"ti-star\" data-imgurl=\"https:\/\/cdn.trustindex.io\/assets\/platform\/Airbnb\/star\/f.svg\" alt=\"Airbnb star 4\" width=\"17\" height=\"17\" loading=\"lazy\"><\/trustindex-image><trustindex-image class=\"ti-star\" data-imgurl=\"https:\/\/cdn.trustindex.io\/assets\/platform\/Airbnb\/star\/f.svg\" alt=\"Airbnb star 5\" width=\"17\" height=\"17\" loading=\"lazy\"><\/trustindex-image><span class=\"ti-verified-review\"><span class=\"ti-verified-tooltip\">Verified<\/span><\/span><\/span> <div class=\"ti-review-text-container ti-review-content\"><!-- R-CONTENT -->Sehr sch\u00f6ne Unterkunft in der Mitte der Natur.Wir sind zufrieden geblieben.<!-- R-CONTENT --><\/div> <span class=\"ti-read-more\" data-container=\".ti-review-content\" data-collapse-text=\"Hide\" data-open-text=\"Read more\"><\/span> <\/div> <\/div>  <div data-empty=\"0\" class=\"ti-review-item source-Airbnb ti-image-layout-thumbnail\" data-id=\"cfcd208495d565ef66e7dff9f98764da\"> <div class=\"ti-inner\"> <div class=\"ti-review-header\"> <div class=\"ti-platform-icon ti-with-tooltip\"> <span class=\"ti-tooltip\">Posted on <\/span> <trustindex-image data-imgurl=\"https:\/\/cdn.trustindex.io\/assets\/platform\/Airbnb\/icon.svg\" alt=\"\" width=\"20\" height=\"20\" loading=\"lazy\"><\/trustindex-image> <\/div> <div class=\"ti-profile-img\"> <trustindex-image data-imgurl=\"https:\/\/a0.muscache.com\/im\/pictures\/user\/a412663d-9149-42a5-81c6-f8afc65ee750.jpg\" alt=\"Colin profile picture\" loading=\"lazy\"><\/trustindex-image> <\/div> <div class=\"ti-profile-details\"> <div class=\"ti-name\"> Colin <\/div> <div class=\"ti-date\">17 August 2025<\/div> <\/div> <\/div> <span class=\"ti-stars\"><trustindex-image class=\"ti-star\" data-imgurl=\"https:\/\/cdn.trustindex.io\/assets\/platform\/Airbnb\/star\/f.svg\" alt=\"Airbnb star 1\" width=\"17\" height=\"17\" loading=\"lazy\"><\/trustindex-image><trustindex-image class=\"ti-star\" data-imgurl=\"https:\/\/cdn.trustindex.io\/assets\/platform\/Airbnb\/star\/f.svg\" alt=\"Airbnb star 2\" width=\"17\" height=\"17\" loading=\"lazy\"><\/trustindex-image><trustindex-image class=\"ti-star\" data-imgurl=\"https:\/\/cdn.trustindex.io\/assets\/platform\/Airbnb\/star\/f.svg\" alt=\"Airbnb star 3\" width=\"17\" height=\"17\" loading=\"lazy\"><\/trustindex-image><trustindex-image class=\"ti-star\" data-imgurl=\"https:\/\/cdn.trustindex.io\/assets\/platform\/Airbnb\/star\/f.svg\" alt=\"Airbnb star 4\" width=\"17\" height=\"17\" loading=\"lazy\"><\/trustindex-image><trustindex-image class=\"ti-star\" data-imgurl=\"https:\/\/cdn.trustindex.io\/assets\/platform\/Airbnb\/star\/f.svg\" alt=\"Airbnb star 5\" width=\"17\" height=\"17\" loading=\"lazy\"><\/trustindex-image><span class=\"ti-verified-review\"><span class=\"ti-verified-tooltip\">Verified<\/span><\/span><\/span> <div class=\"ti-review-text-container ti-review-content\"><!-- R-CONTENT -->We really enjoyed our 5-day stay in this Airbnb. The place is set in a beautiful and peaceful environment, with a very pleasant swimming pool. The hosts were very welcoming and created a warm, friendly and family-like atmosphere. The bed on the first floor was a little small for two people, but apart from that everything was perfect. We would definitely recommend staying here!<!-- R-CONTENT --><\/div> <span class=\"ti-read-more\" data-container=\".ti-review-content\" data-collapse-text=\"Hide\" data-open-text=\"Read more\"><\/span> <\/div> <\/div>  <div data-empty=\"0\" class=\"ti-review-item source-Airbnb ti-image-layout-thumbnail\" data-id=\"cfcd208495d565ef66e7dff9f98764da\"> <div class=\"ti-inner\"> <div class=\"ti-review-header\"> <div class=\"ti-platform-icon ti-with-tooltip\"> <span class=\"ti-tooltip\">Posted on <\/span> <trustindex-image data-imgurl=\"https:\/\/cdn.trustindex.io\/assets\/platform\/Airbnb\/icon.svg\" alt=\"\" width=\"20\" height=\"20\" loading=\"lazy\"><\/trustindex-image> <\/div> <div class=\"ti-profile-img\"> <trustindex-image data-imgurl=\"https:\/\/a0.muscache.com\/im\/pictures\/user\/de6f858f-c0a5-4ed3-a0bd-097bd6e17653.jpg\" alt=\"Emmanuel profile picture\" loading=\"lazy\"><\/trustindex-image> <\/div> <div class=\"ti-profile-details\"> <div class=\"ti-name\"> Emmanuel <\/div> <div class=\"ti-date\">29 July 2025<\/div> <\/div> <\/div> <span class=\"ti-stars\"><trustindex-image class=\"ti-star\" data-imgurl=\"https:\/\/cdn.trustindex.io\/assets\/platform\/Airbnb\/star\/f.svg\" alt=\"Airbnb star 1\" width=\"17\" height=\"17\" loading=\"lazy\"><\/trustindex-image><trustindex-image class=\"ti-star\" data-imgurl=\"https:\/\/cdn.trustindex.io\/assets\/platform\/Airbnb\/star\/f.svg\" alt=\"Airbnb star 2\" width=\"17\" height=\"17\" loading=\"lazy\"><\/trustindex-image><trustindex-image class=\"ti-star\" data-imgurl=\"https:\/\/cdn.trustindex.io\/assets\/platform\/Airbnb\/star\/f.svg\" alt=\"Airbnb star 3\" width=\"17\" height=\"17\" loading=\"lazy\"><\/trustindex-image><trustindex-image class=\"ti-star\" data-imgurl=\"https:\/\/cdn.trustindex.io\/assets\/platform\/Airbnb\/star\/f.svg\" alt=\"Airbnb star 4\" width=\"17\" height=\"17\" loading=\"lazy\"><\/trustindex-image><trustindex-image class=\"ti-star\" data-imgurl=\"https:\/\/cdn.trustindex.io\/assets\/platform\/Airbnb\/star\/f.svg\" alt=\"Airbnb star 5\" width=\"17\" height=\"17\" loading=\"lazy\"><\/trustindex-image><span class=\"ti-verified-review\"><span class=\"ti-verified-tooltip\">Verified<\/span><\/span><\/span> <div class=\"ti-review-text-container ti-review-content\"><!-- R-CONTENT -->Un super s\u00e9jour \u00e0 Monte Rosa dans un cadre exceptionnel : une grande terrasse super agr\u00e9able qui permet de manger sur place gr\u00e2ce \u00e0 la cuisine d'ext\u00e9rieur, des espaces communs tr\u00e8s sympas dont une grande piscine tr\u00e8s agr\u00e9able dans un tr\u00e8s beau cadre. On a ador\u00e9 ! Beaucoup de flexibilit\u00e9 sur les horaires, arrivant en pleine nuit, nous avons re\u00e7u une vid\u00e9o d'explication pour nous diriger jusqu'\u00e0 notre logement.<!-- R-CONTENT --><\/div> <span class=\"ti-read-more\" data-container=\".ti-review-content\" data-collapse-text=\"Hide\" data-open-text=\"Read more\"><\/span> <\/div> <\/div>  <div data-empty=\"0\" class=\"ti-review-item source-Airbnb ti-image-layout-thumbnail\" data-id=\"cfcd208495d565ef66e7dff9f98764da\"> <div class=\"ti-inner\"> <div class=\"ti-review-header\"> <div class=\"ti-platform-icon ti-with-tooltip\"> <span class=\"ti-tooltip\">Posted on <\/span> <trustindex-image data-imgurl=\"https:\/\/cdn.trustindex.io\/assets\/platform\/Airbnb\/icon.svg\" alt=\"\" width=\"20\" height=\"20\" loading=\"lazy\"><\/trustindex-image> <\/div> <div class=\"ti-profile-img\"> <trustindex-image data-imgurl=\"https:\/\/a0.muscache.com\/im\/pictures\/user\/User-505914391\/original\/08b14d4f-ebca-4528-8ebc-2966a7114737.jpeg\" alt=\"Jenna profile picture\" loading=\"lazy\"><\/trustindex-image> <\/div> <div class=\"ti-profile-details\"> <div class=\"ti-name\"> Jenna <\/div> <div class=\"ti-date\">14 July 2025<\/div> <\/div> <\/div> <span class=\"ti-stars\"><trustindex-image class=\"ti-star\" data-imgurl=\"https:\/\/cdn.trustindex.io\/assets\/platform\/Airbnb\/star\/f.svg\" alt=\"Airbnb star 1\" width=\"17\" height=\"17\" loading=\"lazy\"><\/trustindex-image><trustindex-image class=\"ti-star\" data-imgurl=\"https:\/\/cdn.trustindex.io\/assets\/platform\/Airbnb\/star\/f.svg\" alt=\"Airbnb star 2\" width=\"17\" height=\"17\" loading=\"lazy\"><\/trustindex-image><trustindex-image class=\"ti-star\" data-imgurl=\"https:\/\/cdn.trustindex.io\/assets\/platform\/Airbnb\/star\/f.svg\" alt=\"Airbnb star 3\" width=\"17\" height=\"17\" loading=\"lazy\"><\/trustindex-image><trustindex-image class=\"ti-star\" data-imgurl=\"https:\/\/cdn.trustindex.io\/assets\/platform\/Airbnb\/star\/f.svg\" alt=\"Airbnb star 4\" width=\"17\" height=\"17\" loading=\"lazy\"><\/trustindex-image><trustindex-image class=\"ti-star\" data-imgurl=\"https:\/\/cdn.trustindex.io\/assets\/platform\/Airbnb\/star\/f.svg\" alt=\"Airbnb star 5\" width=\"17\" height=\"17\" loading=\"lazy\"><\/trustindex-image><span class=\"ti-verified-review\"><span class=\"ti-verified-tooltip\">Verified<\/span><\/span><\/span> <div class=\"ti-review-text-container ti-review-content\"><!-- R-CONTENT -->Le s\u00e9jour s\u2019est tr\u00e8s bien pass\u00e9, l\u2019environnement \u00e9tait calme et reposant. L\u2019h\u00f4te \u00e9tait tr\u00e8s accueillante, je recommande !<!-- R-CONTENT --><\/div> <span class=\"ti-read-more\" data-container=\".ti-review-content\" data-collapse-text=\"Hide\" data-open-text=\"Read more\"><\/span> <\/div> <\/div>  <div data-empty=\"0\" class=\"ti-review-item source-Airbnb ti-image-layout-thumbnail\" data-id=\"cfcd208495d565ef66e7dff9f98764da\"> <div class=\"ti-inner\"> <div class=\"ti-review-header\"> <div class=\"ti-platform-icon ti-with-tooltip\"> <span class=\"ti-tooltip\">Posted on <\/span> <trustindex-image data-imgurl=\"https:\/\/cdn.trustindex.io\/assets\/platform\/Airbnb\/icon.svg\" alt=\"\" width=\"20\" height=\"20\" loading=\"lazy\"><\/trustindex-image> <\/div> <div class=\"ti-profile-img\"> <trustindex-image data-imgurl=\"https:\/\/a0.muscache.com\/im\/pictures\/user\/1b86bb08-69d3-405b-bafe-5f1a5663d4b3.jpg\" alt=\"Thibaut profile picture\" loading=\"lazy\"><\/trustindex-image> <\/div> <div class=\"ti-profile-details\"> <div class=\"ti-name\"> Thibaut <\/div> <div class=\"ti-date\">16 February 2025<\/div> <\/div> <\/div> <span class=\"ti-stars\"><trustindex-image class=\"ti-star\" data-imgurl=\"https:\/\/cdn.trustindex.io\/assets\/platform\/Airbnb\/star\/f.svg\" alt=\"Airbnb star 1\" width=\"17\" height=\"17\" loading=\"lazy\"><\/trustindex-image><trustindex-image class=\"ti-star\" data-imgurl=\"https:\/\/cdn.trustindex.io\/assets\/platform\/Airbnb\/star\/f.svg\" alt=\"Airbnb star 2\" width=\"17\" height=\"17\" loading=\"lazy\"><\/trustindex-image><trustindex-image class=\"ti-star\" data-imgurl=\"https:\/\/cdn.trustindex.io\/assets\/platform\/Airbnb\/star\/f.svg\" alt=\"Airbnb star 3\" width=\"17\" height=\"17\" loading=\"lazy\"><\/trustindex-image><trustindex-image class=\"ti-star\" data-imgurl=\"https:\/\/cdn.trustindex.io\/assets\/platform\/Airbnb\/star\/f.svg\" alt=\"Airbnb star 4\" width=\"17\" height=\"17\" loading=\"lazy\"><\/trustindex-image><trustindex-image class=\"ti-star\" data-imgurl=\"https:\/\/cdn.trustindex.io\/assets\/platform\/Airbnb\/star\/f.svg\" alt=\"Airbnb star 5\" width=\"17\" height=\"17\" loading=\"lazy\"><\/trustindex-image><span class=\"ti-verified-review\"><span class=\"ti-verified-tooltip\">Verified<\/span><\/span><\/span> <div class=\"ti-review-text-container ti-review-content\"><!-- R-CONTENT -->Everything was perfect !<!-- R-CONTENT --><\/div> <span class=\"ti-read-more\" data-container=\".ti-review-content\" data-collapse-text=\"Hide\" data-open-text=\"Read more\"><\/span> <\/div> <\/div>  <div data-empty=\"0\" class=\"ti-review-item source-Airbnb ti-image-layout-thumbnail\" data-id=\"cfcd208495d565ef66e7dff9f98764da\"> <div class=\"ti-inner\"> <div class=\"ti-review-header\"> <div class=\"ti-platform-icon ti-with-tooltip\"> <span class=\"ti-tooltip\">Posted on <\/span> <trustindex-image data-imgurl=\"https:\/\/cdn.trustindex.io\/assets\/platform\/Airbnb\/icon.svg\" alt=\"\" width=\"20\" height=\"20\" loading=\"lazy\"><\/trustindex-image> <\/div> <div class=\"ti-profile-img\"> <trustindex-image data-imgurl=\"https:\/\/a0.muscache.com\/im\/pictures\/user\/User-147557641\/original\/de278340-7433-4810-8b82-15e38bb0c6ef.jpeg\" alt=\"Ani profile picture\" loading=\"lazy\"><\/trustindex-image> <\/div> <div class=\"ti-profile-details\"> <div class=\"ti-name\"> Ani <\/div> <div class=\"ti-date\">15 September 2024<\/div> <\/div> <\/div> <span class=\"ti-stars\"><trustindex-image class=\"ti-star\" data-imgurl=\"https:\/\/cdn.trustindex.io\/assets\/platform\/Airbnb\/star\/f.svg\" alt=\"Airbnb star 1\" width=\"17\" height=\"17\" loading=\"lazy\"><\/trustindex-image><trustindex-image class=\"ti-star\" data-imgurl=\"https:\/\/cdn.trustindex.io\/assets\/platform\/Airbnb\/star\/f.svg\" alt=\"Airbnb star 2\" width=\"17\" height=\"17\" loading=\"lazy\"><\/trustindex-image><trustindex-image class=\"ti-star\" data-imgurl=\"https:\/\/cdn.trustindex.io\/assets\/platform\/Airbnb\/star\/f.svg\" alt=\"Airbnb star 3\" width=\"17\" height=\"17\" loading=\"lazy\"><\/trustindex-image><trustindex-image class=\"ti-star\" data-imgurl=\"https:\/\/cdn.trustindex.io\/assets\/platform\/Airbnb\/star\/f.svg\" alt=\"Airbnb star 4\" width=\"17\" height=\"17\" loading=\"lazy\"><\/trustindex-image><trustindex-image class=\"ti-star\" data-imgurl=\"https:\/\/cdn.trustindex.io\/assets\/platform\/Airbnb\/star\/f.svg\" alt=\"Airbnb star 5\" width=\"17\" height=\"17\" loading=\"lazy\"><\/trustindex-image><span class=\"ti-verified-review\"><span class=\"ti-verified-tooltip\">Verified<\/span><\/span><\/span> <div class=\"ti-review-text-container ti-review-content\"><!-- R-CONTENT -->Monte Rosa e perfeito para relaxar, muito limpo, pessoas muitos simpaticos, tem um jardim enorme com piscina que pode relaxar e os animais correr livres! Com setreza vou voltar com minha familia.Obrigada por tudo!\ud83d\ude4f<!-- R-CONTENT --><\/div> <span class=\"ti-read-more\" data-container=\".ti-review-content\" data-collapse-text=\"Hide\" data-open-text=\"Read more\"><\/span> <\/div> <\/div>  <div data-empty=\"0\" class=\"ti-review-item source-Airbnb ti-image-layout-thumbnail\" data-id=\"cfcd208495d565ef66e7dff9f98764da\"> <div class=\"ti-inner\"> <div class=\"ti-review-header\"> <div class=\"ti-platform-icon ti-with-tooltip\"> <span class=\"ti-tooltip\">Posted on <\/span> <trustindex-image data-imgurl=\"https:\/\/cdn.trustindex.io\/assets\/platform\/Airbnb\/icon.svg\" alt=\"\" width=\"20\" height=\"20\" loading=\"lazy\"><\/trustindex-image> <\/div> <div class=\"ti-profile-img\"> <trustindex-image data-imgurl=\"https:\/\/a0.muscache.com\/im\/pictures\/user\/User\/original\/3f75a590-949f-4752-baf2-c92f239b2490.jpeg\" alt=\"Catarina profile picture\" loading=\"lazy\"><\/trustindex-image> <\/div> <div class=\"ti-profile-details\"> <div class=\"ti-name\"> Catarina <\/div> <div class=\"ti-date\">1 September 2024<\/div> <\/div> <\/div> <span class=\"ti-stars\"><trustindex-image class=\"ti-star\" data-imgurl=\"https:\/\/cdn.trustindex.io\/assets\/platform\/Airbnb\/star\/f.svg\" alt=\"Airbnb star 1\" width=\"17\" height=\"17\" loading=\"lazy\"><\/trustindex-image><trustindex-image class=\"ti-star\" data-imgurl=\"https:\/\/cdn.trustindex.io\/assets\/platform\/Airbnb\/star\/f.svg\" alt=\"Airbnb star 2\" width=\"17\" height=\"17\" loading=\"lazy\"><\/trustindex-image><trustindex-image class=\"ti-star\" data-imgurl=\"https:\/\/cdn.trustindex.io\/assets\/platform\/Airbnb\/star\/f.svg\" alt=\"Airbnb star 3\" width=\"17\" height=\"17\" loading=\"lazy\"><\/trustindex-image><trustindex-image class=\"ti-star\" data-imgurl=\"https:\/\/cdn.trustindex.io\/assets\/platform\/Airbnb\/star\/f.svg\" alt=\"Airbnb star 4\" width=\"17\" height=\"17\" loading=\"lazy\"><\/trustindex-image><trustindex-image class=\"ti-star\" data-imgurl=\"https:\/\/cdn.trustindex.io\/assets\/platform\/Airbnb\/star\/f.svg\" alt=\"Airbnb star 5\" width=\"17\" height=\"17\" loading=\"lazy\"><\/trustindex-image><span class=\"ti-verified-review\"><span class=\"ti-verified-tooltip\">Verified<\/span><\/span><\/span> <div class=\"ti-review-text-container ti-review-content\"><!-- R-CONTENT -->Espa\u00e7o magn\u00edfico para quem quer descansar relaxar apanhar sol e usufruir da natureza. adorei poder levar a minha cadela e poder estar em todos os sitios sem restri\u00e7\u00f5es. Obrigada por tudo!<!-- R-CONTENT --><\/div> <span class=\"ti-read-more\" data-container=\".ti-review-content\" data-collapse-text=\"Hide\" data-open-text=\"Read more\"><\/span> <\/div> <\/div>  <div data-empty=\"0\" class=\"ti-review-item source-Airbnb ti-image-layout-thumbnail\" data-id=\"cfcd208495d565ef66e7dff9f98764da\"> <div class=\"ti-inner\"> <div class=\"ti-review-header\"> <div class=\"ti-platform-icon ti-with-tooltip\"> <span class=\"ti-tooltip\">Posted on <\/span> <trustindex-image data-imgurl=\"https:\/\/cdn.trustindex.io\/assets\/platform\/Airbnb\/icon.svg\" alt=\"\" width=\"20\" height=\"20\" loading=\"lazy\"><\/trustindex-image> <\/div> <div class=\"ti-profile-img\"> <trustindex-image data-imgurl=\"https:\/\/a0.muscache.com\/im\/pictures\/user\/e7e540c1-7ad1-4f48-92cc-d62d11884eac.jpg\" alt=\"Flavie profile picture\" loading=\"lazy\"><\/trustindex-image> <\/div> <div class=\"ti-profile-details\"> <div class=\"ti-name\"> Flavie <\/div> <div class=\"ti-date\">26 August 2024<\/div> <\/div> <\/div> <span class=\"ti-stars\"><trustindex-image class=\"ti-star\" data-imgurl=\"https:\/\/cdn.trustindex.io\/assets\/platform\/Airbnb\/star\/f.svg\" alt=\"Airbnb star 1\" width=\"17\" height=\"17\" loading=\"lazy\"><\/trustindex-image><trustindex-image class=\"ti-star\" data-imgurl=\"https:\/\/cdn.trustindex.io\/assets\/platform\/Airbnb\/star\/f.svg\" alt=\"Airbnb star 2\" width=\"17\" height=\"17\" loading=\"lazy\"><\/trustindex-image><trustindex-image class=\"ti-star\" data-imgurl=\"https:\/\/cdn.trustindex.io\/assets\/platform\/Airbnb\/star\/f.svg\" alt=\"Airbnb star 3\" width=\"17\" height=\"17\" loading=\"lazy\"><\/trustindex-image><trustindex-image class=\"ti-star\" data-imgurl=\"https:\/\/cdn.trustindex.io\/assets\/platform\/Airbnb\/star\/f.svg\" alt=\"Airbnb star 4\" width=\"17\" height=\"17\" loading=\"lazy\"><\/trustindex-image><trustindex-image class=\"ti-star\" data-imgurl=\"https:\/\/cdn.trustindex.io\/assets\/platform\/Airbnb\/star\/f.svg\" alt=\"Airbnb star 5\" width=\"17\" height=\"17\" loading=\"lazy\"><\/trustindex-image><span class=\"ti-verified-review\"><span class=\"ti-verified-tooltip\">Verified<\/span><\/span><\/span> <div class=\"ti-review-text-container ti-review-content\"><!-- R-CONTENT -->Superbe endroit, nous y avons s\u00e9journ\u00e9 qu'une seule nuit car tout \u00e9tait complet mais nous aurions aim\u00e9 y rester plus ltps. Accueil parfait, logement impeccable, tr\u00e8s bon petit d\u00e9jeuner. Nature, calme, et les chiens sont accept\u00e9s ! Nous reviendrons \ud83d\ude09Merci \u00e0 Patricia et Stefanie pour leur accueil.<!-- R-CONTENT --><\/div> <span class=\"ti-read-more\" data-container=\".ti-review-content\" data-collapse-text=\"Hide\" data-open-text=\"Read more\"><\/span> <\/div> <\/div>  <\/div> <div class=\"ti-controls-line\"> <div class=\"dot\"><\/div> <\/div>   <\/div> <\/div> <\/div> <\/template><\/pre><div data-src=\"https:\/\/cdn.trustindex.io\/loader.js?wp-widget\" data-template-id=\"trustindex-airbnb-widget-html\" data-css-url=\"https:\/\/www.monterosaportugal.com\/wp-content\/uploads\/trustindex-airbnb-widget.css?1774440672\"><\/div>ReviewsDe reviews op deze website zijn Nederlandstalige berichten die onze gasten in het papieren gastenboek van Monte Rosa hebben achtergelaten. Engelstalige kunt u vinden op de Engelstalige pagina en Franstalige, Spaanstalige en Portugeestalige op de Portugese pagina.12 december 2024 Maar een weekje hier en ver weg van alle drukte thuis, best even stevig [&hellip;]<\/p>\n","protected":false},"author":1,"featured_media":0,"parent":0,"menu_order":0,"comment_status":"closed","ping_status":"closed","template":"","meta":{"_et_pb_use_builder":"on","_et_pb_old_content":"","_et_gb_content_width":"","ngg_post_thumbnail":0,"footnotes":""},"class_list":["post-254","page","type-page","status-publish","hentry"],"yoast_head":"<!-- This site is optimized with the Yoast SEO plugin v27.5 - https:\/\/yoast.com\/product\/yoast-seo-wordpress\/ -->\n<title>Reviews uit ons Gastenboek - Monte Rosa Portugal<\/title>\n<meta name=\"description\" content=\"De reviews op deze website zijn berichten die onze gasten in het papieren gastenboek van Monte Rosa hebben achtergelaten.\" \/>\n<meta name=\"robots\" content=\"index, follow, max-snippet:-1, max-image-preview:large, max-video-preview:-1\" \/>\n<link rel=\"canonical\" href=\"https:\/\/www.monterosaportugal.com\/nl\/gastenboek\/\" \/>\n<meta property=\"og:locale\" content=\"nl_NL\" \/>\n<meta property=\"og:type\" content=\"article\" \/>\n<meta property=\"og:title\" content=\"Reviews uit ons Gastenboek - Monte Rosa Portugal\" \/>\n<meta property=\"og:description\" content=\"De reviews op deze website zijn berichten die onze gasten in het papieren gastenboek van Monte Rosa hebben achtergelaten.\" \/>\n<meta property=\"og:url\" content=\"https:\/\/www.monterosaportugal.com\/nl\/gastenboek\/\" \/>\n<meta property=\"og:site_name\" content=\"Monte Rosa Portugal\" \/>\n<meta property=\"article:modified_time\" content=\"2024-12-14T12:42:23+00:00\" \/>\n<meta name=\"twitter:card\" content=\"summary_large_image\" \/>\n<meta name=\"twitter:label1\" content=\"Geschatte leestijd\" \/>\n\t<meta name=\"twitter:data1\" content=\"34 minuten\" \/>\n<script type=\"application\/ld+json\" class=\"yoast-schema-graph\">{\"@context\":\"https:\\\/\\\/schema.org\",\"@graph\":[{\"@type\":\"WebPage\",\"@id\":\"https:\\\/\\\/www.monterosaportugal.com\\\/nl\\\/gastenboek\\\/\",\"url\":\"https:\\\/\\\/www.monterosaportugal.com\\\/nl\\\/gastenboek\\\/\",\"name\":\"Reviews uit ons Gastenboek - Monte Rosa Portugal\",\"isPartOf\":{\"@id\":\"https:\\\/\\\/www.monterosaportugal.com\\\/nl\\\/#website\"},\"datePublished\":\"2018-06-15T13:31:58+00:00\",\"dateModified\":\"2024-12-14T12:42:23+00:00\",\"description\":\"De reviews op deze website zijn berichten die onze gasten in het papieren gastenboek van Monte Rosa hebben achtergelaten.\",\"breadcrumb\":{\"@id\":\"https:\\\/\\\/www.monterosaportugal.com\\\/nl\\\/gastenboek\\\/#breadcrumb\"},\"inLanguage\":\"nl-NL\",\"potentialAction\":[{\"@type\":\"ReadAction\",\"target\":[\"https:\\\/\\\/www.monterosaportugal.com\\\/nl\\\/gastenboek\\\/\"]}]},{\"@type\":\"BreadcrumbList\",\"@id\":\"https:\\\/\\\/www.monterosaportugal.com\\\/nl\\\/gastenboek\\\/#breadcrumb\",\"itemListElement\":[{\"@type\":\"ListItem\",\"position\":1,\"name\":\"Home\",\"item\":\"https:\\\/\\\/www.monterosaportugal.com\\\/nl\\\/\"},{\"@type\":\"ListItem\",\"position\":2,\"name\":\"Reviews\"}]},{\"@type\":\"WebSite\",\"@id\":\"https:\\\/\\\/www.monterosaportugal.com\\\/nl\\\/#website\",\"url\":\"https:\\\/\\\/www.monterosaportugal.com\\\/nl\\\/\",\"name\":\"Monte Rosa Portugal\",\"description\":\"Landelijk gelegen gastenaccommodatie met cursusruimte in Portugal\",\"potentialAction\":[{\"@type\":\"SearchAction\",\"target\":{\"@type\":\"EntryPoint\",\"urlTemplate\":\"https:\\\/\\\/www.monterosaportugal.com\\\/nl\\\/?s={search_term_string}\"},\"query-input\":{\"@type\":\"PropertyValueSpecification\",\"valueRequired\":true,\"valueName\":\"search_term_string\"}}],\"inLanguage\":\"nl-NL\"}]}<\/script>\n<!-- \/ Yoast SEO plugin. -->","yoast_head_json":{"title":"Reviews uit ons Gastenboek - Monte Rosa Portugal","description":"De reviews op deze website zijn berichten die onze gasten in het papieren gastenboek van Monte Rosa hebben achtergelaten.","robots":{"index":"index","follow":"follow","max-snippet":"max-snippet:-1","max-image-preview":"max-image-preview:large","max-video-preview":"max-video-preview:-1"},"canonical":"https:\/\/www.monterosaportugal.com\/nl\/gastenboek\/","og_locale":"nl_NL","og_type":"article","og_title":"Reviews uit ons Gastenboek - Monte Rosa Portugal","og_description":"De reviews op deze website zijn berichten die onze gasten in het papieren gastenboek van Monte Rosa hebben achtergelaten.","og_url":"https:\/\/www.monterosaportugal.com\/nl\/gastenboek\/","og_site_name":"Monte Rosa Portugal","article_modified_time":"2024-12-14T12:42:23+00:00","twitter_card":"summary_large_image","twitter_misc":{"Geschatte leestijd":"34 minuten"},"schema":{"@context":"https:\/\/schema.org","@graph":[{"@type":"WebPage","@id":"https:\/\/www.monterosaportugal.com\/nl\/gastenboek\/","url":"https:\/\/www.monterosaportugal.com\/nl\/gastenboek\/","name":"Reviews uit ons Gastenboek - Monte Rosa Portugal","isPartOf":{"@id":"https:\/\/www.monterosaportugal.com\/nl\/#website"},"datePublished":"2018-06-15T13:31:58+00:00","dateModified":"2024-12-14T12:42:23+00:00","description":"De reviews op deze website zijn berichten die onze gasten in het papieren gastenboek van Monte Rosa hebben achtergelaten.","breadcrumb":{"@id":"https:\/\/www.monterosaportugal.com\/nl\/gastenboek\/#breadcrumb"},"inLanguage":"nl-NL","potentialAction":[{"@type":"ReadAction","target":["https:\/\/www.monterosaportugal.com\/nl\/gastenboek\/"]}]},{"@type":"BreadcrumbList","@id":"https:\/\/www.monterosaportugal.com\/nl\/gastenboek\/#breadcrumb","itemListElement":[{"@type":"ListItem","position":1,"name":"Home","item":"https:\/\/www.monterosaportugal.com\/nl\/"},{"@type":"ListItem","position":2,"name":"Reviews"}]},{"@type":"WebSite","@id":"https:\/\/www.monterosaportugal.com\/nl\/#website","url":"https:\/\/www.monterosaportugal.com\/nl\/","name":"Monte Rosa Portugal","description":"Landelijk gelegen gastenaccommodatie met cursusruimte in Portugal","potentialAction":[{"@type":"SearchAction","target":{"@type":"EntryPoint","urlTemplate":"https:\/\/www.monterosaportugal.com\/nl\/?s={search_term_string}"},"query-input":{"@type":"PropertyValueSpecification","valueRequired":true,"valueName":"search_term_string"}}],"inLanguage":"nl-NL"}]}},"jetpack_sharing_enabled":true,"jetpack-related-posts":[],"_links":{"self":[{"href":"https:\/\/www.monterosaportugal.com\/nl\/wp-json\/wp\/v2\/pages\/254","targetHints":{"allow":["GET"]}}],"collection":[{"href":"https:\/\/www.monterosaportugal.com\/nl\/wp-json\/wp\/v2\/pages"}],"about":[{"href":"https:\/\/www.monterosaportugal.com\/nl\/wp-json\/wp\/v2\/types\/page"}],"author":[{"embeddable":true,"href":"https:\/\/www.monterosaportugal.com\/nl\/wp-json\/wp\/v2\/users\/1"}],"replies":[{"embeddable":true,"href":"https:\/\/www.monterosaportugal.com\/nl\/wp-json\/wp\/v2\/comments?post=254"}],"version-history":[{"count":0,"href":"https:\/\/www.monterosaportugal.com\/nl\/wp-json\/wp\/v2\/pages\/254\/revisions"}],"wp:attachment":[{"href":"https:\/\/www.monterosaportugal.com\/nl\/wp-json\/wp\/v2\/media?parent=254"}],"curies":[{"name":"wp","href":"https:\/\/api.w.org\/{rel}","templated":true}]}}